{"id":17204,"date":"2025-07-02T18:03:41","date_gmt":"2025-07-02T16:03:41","guid":{"rendered":"https:\/\/www.slovklima.sk\/?post_type=product&#038;p=17204"},"modified":"2026-03-25T09:30:10","modified_gmt":"2026-03-25T08:30:10","slug":"kompresor-embraco-gemini","status":"publish","type":"product","link":"https:\/\/www.slovklima.sk\/hu\/produkt\/kompresor-embraco-gemini\/","title":{"rendered":"Kompresor Embraco Gemini"},"content":{"rendered":"","protected":false},"excerpt":{"rendered":"<p>Embraco Gemini je \u0161peci\u00e1lny typ hermetick\u00e9ho kompresora s dvojit\u00fdm piestom, vyvinut\u00fd pre aplik\u00e1cie, kde je k\u013e\u00fa\u010dov\u00e1 maxim\u00e1lna \u00fa\u010dinnos\u0165 a n\u00edzka spotreba energie. V\u010faka inovat\u00edvnemu syst\u00e9mu dvoch motorov v jednom tele dok\u00e1\u017ee pracova\u0165 v dvoch v\u00fdkonov\u00fdch re\u017eimoch, \u010d\u00edm zni\u017euje spotrebu pri \u010diasto\u010dnom za\u0165a\u017een\u00ed a zlep\u0161uje tepeln\u00fa stabilitu syst\u00e9mu. Tento dizajn prispieva k zn\u00ed\u017eeniu vibr\u00e1ci\u00ed, hlu\u010dnosti a z\u00e1rove\u0148 zvy\u0161uje \u017eivotnos\u0165 zariadenia. Gemini sa vyu\u017e\u00edva v komer\u010dn\u00fdch chladiacich syst\u00e9moch, kde je potrebn\u00e9 flexibiln\u00e9 a \u00fasporn\u00e9 rie\u0161enie bez kompromisov v chladiacom v\u00fdkone.<\/p>\n<p><strong>Pou\u017eitie:<\/strong> Komer\u010dn\u00e9 chladenie s premenliv\u00fdm v\u00fdkonom \u2013 inteligentn\u00e9 vitr\u00edny, chladiace pulty, zariadenia s premenlivou z\u00e1\u0165a\u017eou<\/p>\n","protected":false},"featured_media":17165,"template":"","meta":[],"product_brand":[],"product_cat":[431,422,353,370],"product_tag":[],"class_list":{"0":"post-17204","1":"product","2":"type-product","3":"status-publish","4":"has-post-thumbnail","6":"product_cat-hermetikus-ketdugattyus-kompresszorok","7":"product_cat-kompresszorok","8":"product_cat-legkondicionalas","9":"product_cat-professzionalis-hutes","11":"first","12":"instock","13":"shipping-taxable","14":"product-type-simple"},"yoast_head":"<!-- This site is optimized with the Yoast SEO plugin v24.3 - https:\/\/yoast.com\/wordpress\/plugins\/seo\/ -->\n<title>Kompresor Embraco Gemini | SLOVKLIMA DEIMOS group, s.r.o.<\/title>\n<meta name=\"robots\" content=\"index, follow, max-snippet:-1, max-image-preview:large, max-video-preview:-1\" \/>\n<link rel=\"canonical\" href=\"https:\/\/www.slovklima.sk\/hu\/produkt\/kompresor-embraco-gemini\/\" \/>\n<meta property=\"og:locale\" content=\"hu_HU\" \/>\n<meta property=\"og:type\" content=\"article\" \/>\n<meta property=\"og:title\" content=\"Kompresor Embraco Gemini | SLOVKLIMA DEIMOS group, s.r.o.\" \/>\n<meta property=\"og:description\" content=\"Embraco Gemini je \u0161peci\u00e1lny typ hermetick\u00e9ho kompresora s dvojit\u00fdm piestom, vyvinut\u00fd pre aplik\u00e1cie, kde je k\u013e\u00fa\u010dov\u00e1 maxim\u00e1lna \u00fa\u010dinnos\u0165 a n\u00edzka spotreba energie. V\u010faka inovat\u00edvnemu syst\u00e9mu dvoch motorov v jednom tele dok\u00e1\u017ee pracova\u0165 v dvoch v\u00fdkonov\u00fdch re\u017eimoch, \u010d\u00edm zni\u017euje spotrebu pri \u010diasto\u010dnom za\u0165a\u017een\u00ed a zlep\u0161uje tepeln\u00fa stabilitu syst\u00e9mu. Tento dizajn prispieva k zn\u00ed\u017eeniu vibr\u00e1ci\u00ed, hlu\u010dnosti a z\u00e1rove\u0148 zvy\u0161uje \u017eivotnos\u0165 zariadenia. Gemini sa vyu\u017e\u00edva v komer\u010dn\u00fdch chladiacich syst\u00e9moch, kde je potrebn\u00e9 flexibiln\u00e9 a \u00fasporn\u00e9 rie\u0161enie bez kompromisov v chladiacom v\u00fdkone.  Pou\u017eitie: Komer\u010dn\u00e9 chladenie s premenliv\u00fdm v\u00fdkonom \u2013 inteligentn\u00e9 vitr\u00edny, chladiace pulty, zariadenia s premenlivou z\u00e1\u0165a\u017eou\" \/>\n<meta property=\"og:url\" content=\"https:\/\/www.slovklima.sk\/hu\/produkt\/kompresor-embraco-gemini\/\" \/>\n<meta property=\"og:site_name\" content=\"SLOVKLIMA DEIMOS group, s.r.o.\" \/>\n<meta property=\"article:modified_time\" content=\"2026-03-25T08:30:10+00:00\" \/>\n<meta property=\"og:image\" content=\"https:\/\/www.slovklima.sk\/wp-content\/uploads\/2025\/07\/kompresor_Embraco_Gemini.jpg\" \/>\n\t<meta property=\"og:image:width\" content=\"800\" \/>\n\t<meta property=\"og:image:height\" content=\"1000\" \/>\n\t<meta property=\"og:image:type\" content=\"image\/jpeg\" \/>\n<meta name=\"twitter:card\" content=\"summary_large_image\" \/>\n<script type=\"application\/ld+json\" class=\"yoast-schema-graph\">{\"@context\":\"https:\/\/schema.org\",\"@graph\":[{\"@type\":\"WebPage\",\"@id\":\"https:\/\/www.slovklima.sk\/hu\/produkt\/kompresor-embraco-gemini\/\",\"url\":\"https:\/\/www.slovklima.sk\/hu\/produkt\/kompresor-embraco-gemini\/\",\"name\":\"Kompresor Embraco Gemini | SLOVKLIMA DEIMOS group, s.r.o.\",\"isPartOf\":{\"@id\":\"https:\/\/www.slovklima.sk\/#website\"},\"primaryImageOfPage\":{\"@id\":\"https:\/\/www.slovklima.sk\/hu\/produkt\/kompresor-embraco-gemini\/#primaryimage\"},\"image\":{\"@id\":\"https:\/\/www.slovklima.sk\/hu\/produkt\/kompresor-embraco-gemini\/#primaryimage\"},\"thumbnailUrl\":\"https:\/\/www.slovklima.sk\/wp-content\/uploads\/2025\/07\/kompresor_Embraco_Gemini.jpg\",\"datePublished\":\"2025-07-02T16:03:41+00:00\",\"dateModified\":\"2026-03-25T08:30:10+00:00\",\"breadcrumb\":{\"@id\":\"https:\/\/www.slovklima.sk\/hu\/produkt\/kompresor-embraco-gemini\/#breadcrumb\"},\"inLanguage\":\"hu\",\"potentialAction\":[{\"@type\":\"ReadAction\",\"target\":[\"https:\/\/www.slovklima.sk\/hu\/produkt\/kompresor-embraco-gemini\/\"]}]},{\"@type\":\"ImageObject\",\"inLanguage\":\"hu\",\"@id\":\"https:\/\/www.slovklima.sk\/hu\/produkt\/kompresor-embraco-gemini\/#primaryimage\",\"url\":\"https:\/\/www.slovklima.sk\/wp-content\/uploads\/2025\/07\/kompresor_Embraco_Gemini.jpg\",\"contentUrl\":\"https:\/\/www.slovklima.sk\/wp-content\/uploads\/2025\/07\/kompresor_Embraco_Gemini.jpg\",\"width\":800,\"height\":1000},{\"@type\":\"BreadcrumbList\",\"@id\":\"https:\/\/www.slovklima.sk\/hu\/produkt\/kompresor-embraco-gemini\/#breadcrumb\",\"itemListElement\":[{\"@type\":\"ListItem\",\"position\":1,\"name\":\"Domovsk\u00e1 str\u00e1nka\",\"item\":\"https:\/\/www.slovklima.sk\/hu\/\"},{\"@type\":\"ListItem\",\"position\":2,\"name\":\"Term\u00e9kek\",\"item\":\"https:\/\/www.slovklima.sk\/termekek\/\"},{\"@type\":\"ListItem\",\"position\":3,\"name\":\"Kompresor Embraco Gemini\"}]},{\"@type\":\"WebSite\",\"@id\":\"https:\/\/www.slovklima.sk\/#website\",\"url\":\"https:\/\/www.slovklima.sk\/\",\"name\":\"SLOVKLIMA DEIMOS group, s.r.o.\",\"description\":\"\",\"publisher\":{\"@id\":\"https:\/\/www.slovklima.sk\/#organization\"},\"alternateName\":\"SLOVKLIMA\",\"potentialAction\":[{\"@type\":\"SearchAction\",\"target\":{\"@type\":\"EntryPoint\",\"urlTemplate\":\"https:\/\/www.slovklima.sk\/?s={search_term_string}\"},\"query-input\":{\"@type\":\"PropertyValueSpecification\",\"valueRequired\":true,\"valueName\":\"search_term_string\"}}],\"inLanguage\":\"hu\"},{\"@type\":\"Organization\",\"@id\":\"https:\/\/www.slovklima.sk\/#organization\",\"name\":\"SLOVKLIMA DEIMOS group, s.r.o.\",\"alternateName\":\"SLOVKLIMA\",\"url\":\"https:\/\/www.slovklima.sk\/\",\"logo\":{\"@type\":\"ImageObject\",\"inLanguage\":\"hu\",\"@id\":\"https:\/\/www.slovklima.sk\/#\/schema\/logo\/image\/\",\"url\":\"https:\/\/www.slovklima.sk\/wp-content\/uploads\/2022\/12\/slovklima-logo-black.svg\",\"contentUrl\":\"https:\/\/www.slovklima.sk\/wp-content\/uploads\/2022\/12\/slovklima-logo-black.svg\",\"width\":3218,\"height\":698,\"caption\":\"SLOVKLIMA DEIMOS group, s.r.o.\"},\"image\":{\"@id\":\"https:\/\/www.slovklima.sk\/#\/schema\/logo\/image\/\"}}]}<\/script>\n<!-- \/ Yoast SEO plugin. -->","yoast_head_json":{"title":"Kompresor Embraco Gemini | SLOVKLIMA DEIMOS group, s.r.o.","robots":{"index":"index","follow":"follow","max-snippet":"max-snippet:-1","max-image-preview":"max-image-preview:large","max-video-preview":"max-video-preview:-1"},"canonical":"https:\/\/www.slovklima.sk\/hu\/produkt\/kompresor-embraco-gemini\/","og_locale":"hu_HU","og_type":"article","og_title":"Kompresor Embraco Gemini | SLOVKLIMA DEIMOS group, s.r.o.","og_description":"Embraco Gemini je \u0161peci\u00e1lny typ hermetick\u00e9ho kompresora s dvojit\u00fdm piestom, vyvinut\u00fd pre aplik\u00e1cie, kde je k\u013e\u00fa\u010dov\u00e1 maxim\u00e1lna \u00fa\u010dinnos\u0165 a n\u00edzka spotreba energie. V\u010faka inovat\u00edvnemu syst\u00e9mu dvoch motorov v jednom tele dok\u00e1\u017ee pracova\u0165 v dvoch v\u00fdkonov\u00fdch re\u017eimoch, \u010d\u00edm zni\u017euje spotrebu pri \u010diasto\u010dnom za\u0165a\u017een\u00ed a zlep\u0161uje tepeln\u00fa stabilitu syst\u00e9mu. Tento dizajn prispieva k zn\u00ed\u017eeniu vibr\u00e1ci\u00ed, hlu\u010dnosti a z\u00e1rove\u0148 zvy\u0161uje \u017eivotnos\u0165 zariadenia. Gemini sa vyu\u017e\u00edva v komer\u010dn\u00fdch chladiacich syst\u00e9moch, kde je potrebn\u00e9 flexibiln\u00e9 a \u00fasporn\u00e9 rie\u0161enie bez kompromisov v chladiacom v\u00fdkone.  Pou\u017eitie: Komer\u010dn\u00e9 chladenie s premenliv\u00fdm v\u00fdkonom \u2013 inteligentn\u00e9 vitr\u00edny, chladiace pulty, zariadenia s premenlivou z\u00e1\u0165a\u017eou","og_url":"https:\/\/www.slovklima.sk\/hu\/produkt\/kompresor-embraco-gemini\/","og_site_name":"SLOVKLIMA DEIMOS group, s.r.o.","article_modified_time":"2026-03-25T08:30:10+00:00","og_image":[{"width":800,"height":1000,"url":"https:\/\/www.slovklima.sk\/wp-content\/uploads\/2025\/07\/kompresor_Embraco_Gemini.jpg","type":"image\/jpeg"}],"twitter_card":"summary_large_image","schema":{"@context":"https:\/\/schema.org","@graph":[{"@type":"WebPage","@id":"https:\/\/www.slovklima.sk\/hu\/produkt\/kompresor-embraco-gemini\/","url":"https:\/\/www.slovklima.sk\/hu\/produkt\/kompresor-embraco-gemini\/","name":"Kompresor Embraco Gemini | SLOVKLIMA DEIMOS group, s.r.o.","isPartOf":{"@id":"https:\/\/www.slovklima.sk\/#website"},"primaryImageOfPage":{"@id":"https:\/\/www.slovklima.sk\/hu\/produkt\/kompresor-embraco-gemini\/#primaryimage"},"image":{"@id":"https:\/\/www.slovklima.sk\/hu\/produkt\/kompresor-embraco-gemini\/#primaryimage"},"thumbnailUrl":"https:\/\/www.slovklima.sk\/wp-content\/uploads\/2025\/07\/kompresor_Embraco_Gemini.jpg","datePublished":"2025-07-02T16:03:41+00:00","dateModified":"2026-03-25T08:30:10+00:00","breadcrumb":{"@id":"https:\/\/www.slovklima.sk\/hu\/produkt\/kompresor-embraco-gemini\/#breadcrumb"},"inLanguage":"hu","potentialAction":[{"@type":"ReadAction","target":["https:\/\/www.slovklima.sk\/hu\/produkt\/kompresor-embraco-gemini\/"]}]},{"@type":"ImageObject","inLanguage":"hu","@id":"https:\/\/www.slovklima.sk\/hu\/produkt\/kompresor-embraco-gemini\/#primaryimage","url":"https:\/\/www.slovklima.sk\/wp-content\/uploads\/2025\/07\/kompresor_Embraco_Gemini.jpg","contentUrl":"https:\/\/www.slovklima.sk\/wp-content\/uploads\/2025\/07\/kompresor_Embraco_Gemini.jpg","width":800,"height":1000},{"@type":"BreadcrumbList","@id":"https:\/\/www.slovklima.sk\/hu\/produkt\/kompresor-embraco-gemini\/#breadcrumb","itemListElement":[{"@type":"ListItem","position":1,"name":"Domovsk\u00e1 str\u00e1nka","item":"https:\/\/www.slovklima.sk\/hu\/"},{"@type":"ListItem","position":2,"name":"Term\u00e9kek","item":"https:\/\/www.slovklima.sk\/termekek\/"},{"@type":"ListItem","position":3,"name":"Kompresor Embraco Gemini"}]},{"@type":"WebSite","@id":"https:\/\/www.slovklima.sk\/#website","url":"https:\/\/www.slovklima.sk\/","name":"SLOVKLIMA DEIMOS group, s.r.o.","description":"","publisher":{"@id":"https:\/\/www.slovklima.sk\/#organization"},"alternateName":"SLOVKLIMA","potentialAction":[{"@type":"SearchAction","target":{"@type":"EntryPoint","urlTemplate":"https:\/\/www.slovklima.sk\/?s={search_term_string}"},"query-input":{"@type":"PropertyValueSpecification","valueRequired":true,"valueName":"search_term_string"}}],"inLanguage":"hu"},{"@type":"Organization","@id":"https:\/\/www.slovklima.sk\/#organization","name":"SLOVKLIMA DEIMOS group, s.r.o.","alternateName":"SLOVKLIMA","url":"https:\/\/www.slovklima.sk\/","logo":{"@type":"ImageObject","inLanguage":"hu","@id":"https:\/\/www.slovklima.sk\/#\/schema\/logo\/image\/","url":"https:\/\/www.slovklima.sk\/wp-content\/uploads\/2022\/12\/slovklima-logo-black.svg","contentUrl":"https:\/\/www.slovklima.sk\/wp-content\/uploads\/2022\/12\/slovklima-logo-black.svg","width":3218,"height":698,"caption":"SLOVKLIMA DEIMOS group, s.r.o."},"image":{"@id":"https:\/\/www.slovklima.sk\/#\/schema\/logo\/image\/"}}]}},"_links":{"self":[{"href":"https:\/\/www.slovklima.sk\/hu\/wp-json\/wp\/v2\/product\/17204","targetHints":{"allow":["GET"]}}],"collection":[{"href":"https:\/\/www.slovklima.sk\/hu\/wp-json\/wp\/v2\/product"}],"about":[{"href":"https:\/\/www.slovklima.sk\/hu\/wp-json\/wp\/v2\/types\/product"}],"wp:featuredmedia":[{"embeddable":true,"href":"https:\/\/www.slovklima.sk\/hu\/wp-json\/wp\/v2\/media\/17165"}],"wp:attachment":[{"href":"https:\/\/www.slovklima.sk\/hu\/wp-json\/wp\/v2\/media?parent=17204"}],"wp:term":[{"taxonomy":"product_brand","embeddable":true,"href":"https:\/\/www.slovklima.sk\/hu\/wp-json\/wp\/v2\/product_brand?post=17204"},{"taxonomy":"product_cat","embeddable":true,"href":"https:\/\/www.slovklima.sk\/hu\/wp-json\/wp\/v2\/product_cat?post=17204"},{"taxonomy":"product_tag","embeddable":true,"href":"https:\/\/www.slovklima.sk\/hu\/wp-json\/wp\/v2\/product_tag?post=17204"}],"curies":[{"name":"wp","href":"https:\/\/api.w.org\/{rel}","templated":true}]}}