{"id":12095,"date":"2024-03-15T13:03:11","date_gmt":"2024-03-15T12:03:11","guid":{"rendered":"https:\/\/www.slovklima.sk\/produkt\/embraco-kondenzacios-egysegek-bioma\/"},"modified":"2024-03-15T13:03:11","modified_gmt":"2024-03-15T12:03:11","slug":"embraco-kondenzacios-egysegek-bioma","status":"publish","type":"product","link":"https:\/\/www.slovklima.sk\/hu\/produkt\/embraco-kondenzacios-egysegek-bioma\/","title":{"rendered":"EMBRACO Kondenz\u00e1ci\u00f3s egys\u00e9gek BIOMA"},"content":{"rendered":"<p>Az Embraco multinacion\u00e1lis gy\u00e1rt\u00f3ja a h\u00e1ztart\u00e1si \u00e9s kereskedelmi h\u0171t\u00e9s h\u0171t\u0151kompresszorainak \u00e9s kondenz\u00e1ci\u00f3s egys\u00e9geinek. Egyik \u00fczem\u00fck Szlov\u00e1ki\u00e1ban tal\u00e1lhat\u00f3, \u00e9s ez a gy\u00e1rt\u00f3 egyetlen olyan \u00fczeme, ahol kondenz\u00e1ci\u00f3s egys\u00e9geket gy\u00e1rtanak. \u00daj, csendes m\u0171k\u00f6d\u00e9s\u0171, a k\u00f6rnyezetv\u00e9delmi k\u00f6vetelm\u00e9nyeknek megfelel\u0151, innovat\u00edv kialak\u00edt\u00e1s\u00fa \u00e9s k\u00f6nnyen karbantarthat\u00f3 kondenz\u00e1ci\u00f3s egys\u00e9g h\u0171t\u0151g\u00e9pekhez. K\u00fclt\u00e9ri alkalmaz\u00e1sokhoz, p\u00e9ld\u00e1ul benzinkutakhoz, \u00e9ttermekhez, gyors\u00e9ttermekhez \u00e9s kisboltokhoz (\u00e9lelmiszer-kiskereskedelem) tervezt\u00e9k. K\u00f6z\u00e9ph\u0151m\u00e9rs\u00e9klet\u0171 alkalmaz\u00e1sokhoz (MBP) 10 kW-ig \u00e9s alacsony h\u0151m\u00e9rs\u00e9klet\u0171 alkalmaz\u00e1sokhoz (LBP) 4 kW-ig kaphat\u00f3, \u00e9s alkalmas a leg\u00fajabb, alacsony GWP \u00e9rt\u00e9k\u0171 h\u0171t\u0151k\u00f6zegekhez (R449A, R452A, R513A). Az egym\u00e1sra helyezhet\u0151 kialak\u00edt\u00e1snak k\u00f6sz\u00f6nhet\u0151en a k\u00e9sz\u00fcl\u00e9k hozz\u00e1f\u00e9rhet\u0151s\u00e9g, haszn\u00e1lhat\u00f3s\u00e1g \u00e9s t\u00f6m\u00f6rs\u00e9g jellemzi. A BIOMA sorozat\u00fa kondenz\u00e1ci\u00f3s egys\u00e9gek csendesek, eszt\u00e9tikusak az ig\u00e9nyes \u00fcgyfelek sz\u00e1m\u00e1ra.<\/p>\n<p>Tov\u00e1bbi inform\u00e1ci\u00f3 az egyes term\u00e9kekr\u0151l \u00e9s el\u00e9rhet\u0151s\u00e9g\u00fckr\u0151l k\u00e9r\u00e9sre \u00e1ll rendelkez\u00e9sre. Vegye fel vel\u00fcnk vagy a legk\u00f6zelebbi DTN group, s.r.o. fi\u00f3kkal a kapcsolatot.<\/p>\n","protected":false},"excerpt":{"rendered":"<p>Az Embraco multinacion\u00e1lis gy\u00e1rt\u00f3ja a h\u00e1ztart\u00e1si \u00e9s kereskedelmi h\u0171t\u00e9s h\u0171t\u0151kompresszorainak \u00e9s kondenz\u00e1ci\u00f3s egys\u00e9geinek. Egyik \u00fczem\u00fck Szlov\u00e1ki\u00e1ban tal\u00e1lhat\u00f3, \u00e9s ez a gy\u00e1rt\u00f3 egyetlen olyan \u00fczeme, ahol kondenz\u00e1ci\u00f3s egys\u00e9geket gy\u00e1rtanak. \u00daj, csendes m\u0171k\u00f6d\u00e9s\u0171, a k\u00f6rnyezetv\u00e9delmi k\u00f6vetelm\u00e9nyeknek megfelel\u0151, innovat\u00edv kialak\u00edt\u00e1s\u00fa \u00e9s k\u00f6nnyen karbantarthat\u00f3 kondenz\u00e1ci\u00f3s egys\u00e9g h\u0171t\u0151g\u00e9pekhez. K\u00fclt\u00e9ri alkalmaz\u00e1sokhoz, p\u00e9ld\u00e1ul benzinkutakhoz, \u00e9ttermekhez, gyors\u00e9ttermekhez \u00e9s kisboltokhoz (\u00e9lelmiszer-kiskereskedelem) tervezt\u00e9k. K\u00f6z\u00e9ph\u0151m\u00e9rs\u00e9klet\u0171 alkalmaz\u00e1sokhoz (MBP) 10 kW-ig \u00e9s alacsony h\u0151m\u00e9rs\u00e9klet\u0171 alkalmaz\u00e1sokhoz (LBP) 4 kW-ig kaphat\u00f3, \u00e9s alkalmas a leg\u00fajabb, alacsony GWP \u00e9rt\u00e9k\u0171 h\u0171t\u0151k\u00f6zegekhez (R449A, R452A, R513A). Az egym\u00e1sra helyezhet\u0151 kialak\u00edt\u00e1snak k\u00f6sz\u00f6nhet\u0151en a k\u00e9sz\u00fcl\u00e9k hozz\u00e1f\u00e9rhet\u0151s\u00e9g, haszn\u00e1lhat\u00f3s\u00e1g \u00e9s t\u00f6m\u00f6rs\u00e9g jellemzi. A BIOMA sorozat\u00fa kondenz\u00e1ci\u00f3s egys\u00e9gek csendesek, eszt\u00e9tikusak az ig\u00e9nyes \u00fcgyfelek sz\u00e1m\u00e1ra.<\/p>\n","protected":false},"featured_media":17241,"template":"","meta":[],"product_brand":[],"product_cat":[437,432,370],"product_tag":[],"class_list":{"0":"post-12095","1":"product","2":"type-product","3":"status-publish","4":"has-post-thumbnail","6":"product_cat-embraco-bioma-kondenzacios-egysegek","7":"product_cat-kondenzacios-egysegek","8":"product_cat-professzionalis-hutes","10":"first","11":"instock","12":"shipping-taxable","13":"product-type-simple"},"yoast_head":"<!-- This site is optimized with the Yoast SEO plugin v24.3 - https:\/\/yoast.com\/wordpress\/plugins\/seo\/ -->\n<title>EMBRACO Kondenz\u00e1ci\u00f3s egys\u00e9gek BIOMA | SLOVKLIMA DEIMOS group, s.r.o.<\/title>\n<meta name=\"robots\" content=\"index, follow, max-snippet:-1, max-image-preview:large, max-video-preview:-1\" \/>\n<link rel=\"canonical\" href=\"https:\/\/www.slovklima.sk\/hu\/produkt\/embraco-kondenzacios-egysegek-bioma\/\" \/>\n<meta property=\"og:locale\" content=\"hu_HU\" \/>\n<meta property=\"og:type\" content=\"article\" \/>\n<meta property=\"og:title\" content=\"EMBRACO Kondenz\u00e1ci\u00f3s egys\u00e9gek BIOMA | SLOVKLIMA DEIMOS group, s.r.o.\" \/>\n<meta property=\"og:description\" content=\"Az Embraco multinacion\u00e1lis gy\u00e1rt\u00f3ja a h\u00e1ztart\u00e1si \u00e9s kereskedelmi h\u0171t\u00e9s h\u0171t\u0151kompresszorainak \u00e9s kondenz\u00e1ci\u00f3s egys\u00e9geinek. Egyik \u00fczem\u00fck Szlov\u00e1ki\u00e1ban tal\u00e1lhat\u00f3, \u00e9s ez a gy\u00e1rt\u00f3 egyetlen olyan \u00fczeme, ahol kondenz\u00e1ci\u00f3s egys\u00e9geket gy\u00e1rtanak. \u00daj, csendes m\u0171k\u00f6d\u00e9s\u0171, a k\u00f6rnyezetv\u00e9delmi k\u00f6vetelm\u00e9nyeknek megfelel\u0151, innovat\u00edv kialak\u00edt\u00e1s\u00fa \u00e9s k\u00f6nnyen karbantarthat\u00f3 kondenz\u00e1ci\u00f3s egys\u00e9g h\u0171t\u0151g\u00e9pekhez. K\u00fclt\u00e9ri alkalmaz\u00e1sokhoz, p\u00e9ld\u00e1ul benzinkutakhoz, \u00e9ttermekhez, gyors\u00e9ttermekhez \u00e9s kisboltokhoz (\u00e9lelmiszer-kiskereskedelem) tervezt\u00e9k. K\u00f6z\u00e9ph\u0151m\u00e9rs\u00e9klet\u0171 alkalmaz\u00e1sokhoz (MBP) 10 kW-ig \u00e9s alacsony h\u0151m\u00e9rs\u00e9klet\u0171 alkalmaz\u00e1sokhoz (LBP) 4 kW-ig kaphat\u00f3, \u00e9s alkalmas a leg\u00fajabb, alacsony GWP \u00e9rt\u00e9k\u0171 h\u0171t\u0151k\u00f6zegekhez (R449A, R452A, R513A). Az egym\u00e1sra helyezhet\u0151 kialak\u00edt\u00e1snak k\u00f6sz\u00f6nhet\u0151en a k\u00e9sz\u00fcl\u00e9k hozz\u00e1f\u00e9rhet\u0151s\u00e9g, haszn\u00e1lhat\u00f3s\u00e1g \u00e9s t\u00f6m\u00f6rs\u00e9g jellemzi. A BIOMA sorozat\u00fa kondenz\u00e1ci\u00f3s egys\u00e9gek csendesek, eszt\u00e9tikusak az ig\u00e9nyes \u00fcgyfelek sz\u00e1m\u00e1ra.\" \/>\n<meta property=\"og:url\" content=\"https:\/\/www.slovklima.sk\/hu\/produkt\/embraco-kondenzacios-egysegek-bioma\/\" \/>\n<meta property=\"og:site_name\" content=\"SLOVKLIMA DEIMOS group, s.r.o.\" \/>\n<meta property=\"og:image\" content=\"https:\/\/www.slovklima.sk\/wp-content\/uploads\/2024\/03\/embraco-kondenzacne-jednotky-bioma.jpg\" \/>\n\t<meta property=\"og:image:width\" content=\"800\" \/>\n\t<meta property=\"og:image:height\" content=\"1000\" \/>\n\t<meta property=\"og:image:type\" content=\"image\/jpeg\" \/>\n<meta name=\"twitter:card\" content=\"summary_large_image\" \/>\n<meta name=\"twitter:label1\" content=\"Becs\u00fclt olvas\u00e1si id\u0151\" \/>\n\t<meta name=\"twitter:data1\" content=\"1 perc\" \/>\n<script type=\"application\/ld+json\" class=\"yoast-schema-graph\">{\"@context\":\"https:\/\/schema.org\",\"@graph\":[{\"@type\":\"WebPage\",\"@id\":\"https:\/\/www.slovklima.sk\/hu\/produkt\/embraco-kondenzacios-egysegek-bioma\/\",\"url\":\"https:\/\/www.slovklima.sk\/hu\/produkt\/embraco-kondenzacios-egysegek-bioma\/\",\"name\":\"EMBRACO Kondenz\u00e1ci\u00f3s egys\u00e9gek BIOMA | SLOVKLIMA DEIMOS group, s.r.o.\",\"isPartOf\":{\"@id\":\"https:\/\/www.slovklima.sk\/#website\"},\"primaryImageOfPage\":{\"@id\":\"https:\/\/www.slovklima.sk\/hu\/produkt\/embraco-kondenzacios-egysegek-bioma\/#primaryimage\"},\"image\":{\"@id\":\"https:\/\/www.slovklima.sk\/hu\/produkt\/embraco-kondenzacios-egysegek-bioma\/#primaryimage\"},\"thumbnailUrl\":\"https:\/\/www.slovklima.sk\/wp-content\/uploads\/2025\/07\/Kondenzacne-jednotky-Embraco-BIOMA.jpg\",\"datePublished\":\"2024-03-15T12:03:11+00:00\",\"dateModified\":\"2024-03-15T12:03:11+00:00\",\"breadcrumb\":{\"@id\":\"https:\/\/www.slovklima.sk\/hu\/produkt\/embraco-kondenzacios-egysegek-bioma\/#breadcrumb\"},\"inLanguage\":\"hu\",\"potentialAction\":[{\"@type\":\"ReadAction\",\"target\":[\"https:\/\/www.slovklima.sk\/hu\/produkt\/embraco-kondenzacios-egysegek-bioma\/\"]}]},{\"@type\":\"ImageObject\",\"inLanguage\":\"hu\",\"@id\":\"https:\/\/www.slovklima.sk\/hu\/produkt\/embraco-kondenzacios-egysegek-bioma\/#primaryimage\",\"url\":\"https:\/\/www.slovklima.sk\/wp-content\/uploads\/2025\/07\/Kondenzacne-jednotky-Embraco-BIOMA.jpg\",\"contentUrl\":\"https:\/\/www.slovklima.sk\/wp-content\/uploads\/2025\/07\/Kondenzacne-jednotky-Embraco-BIOMA.jpg\",\"width\":800,\"height\":1000},{\"@type\":\"BreadcrumbList\",\"@id\":\"https:\/\/www.slovklima.sk\/hu\/produkt\/embraco-kondenzacios-egysegek-bioma\/#breadcrumb\",\"itemListElement\":[{\"@type\":\"ListItem\",\"position\":1,\"name\":\"Domovsk\u00e1 str\u00e1nka\",\"item\":\"https:\/\/www.slovklima.sk\/hu\/\"},{\"@type\":\"ListItem\",\"position\":2,\"name\":\"Term\u00e9kek\",\"item\":\"https:\/\/www.slovklima.sk\/termekek\/\"},{\"@type\":\"ListItem\",\"position\":3,\"name\":\"EMBRACO Kondenz\u00e1ci\u00f3s egys\u00e9gek BIOMA\"}]},{\"@type\":\"WebSite\",\"@id\":\"https:\/\/www.slovklima.sk\/#website\",\"url\":\"https:\/\/www.slovklima.sk\/\",\"name\":\"SLOVKLIMA DEIMOS group, s.r.o.\",\"description\":\"\",\"publisher\":{\"@id\":\"https:\/\/www.slovklima.sk\/#organization\"},\"alternateName\":\"SLOVKLIMA\",\"potentialAction\":[{\"@type\":\"SearchAction\",\"target\":{\"@type\":\"EntryPoint\",\"urlTemplate\":\"https:\/\/www.slovklima.sk\/?s={search_term_string}\"},\"query-input\":{\"@type\":\"PropertyValueSpecification\",\"valueRequired\":true,\"valueName\":\"search_term_string\"}}],\"inLanguage\":\"hu\"},{\"@type\":\"Organization\",\"@id\":\"https:\/\/www.slovklima.sk\/#organization\",\"name\":\"SLOVKLIMA DEIMOS group, s.r.o.\",\"alternateName\":\"SLOVKLIMA\",\"url\":\"https:\/\/www.slovklima.sk\/\",\"logo\":{\"@type\":\"ImageObject\",\"inLanguage\":\"hu\",\"@id\":\"https:\/\/www.slovklima.sk\/#\/schema\/logo\/image\/\",\"url\":\"https:\/\/www.slovklima.sk\/wp-content\/uploads\/2022\/12\/slovklima-logo-black.svg\",\"contentUrl\":\"https:\/\/www.slovklima.sk\/wp-content\/uploads\/2022\/12\/slovklima-logo-black.svg\",\"width\":3218,\"height\":698,\"caption\":\"SLOVKLIMA DEIMOS group, s.r.o.\"},\"image\":{\"@id\":\"https:\/\/www.slovklima.sk\/#\/schema\/logo\/image\/\"}}]}<\/script>\n<!-- \/ Yoast SEO plugin. -->","yoast_head_json":{"title":"EMBRACO Kondenz\u00e1ci\u00f3s egys\u00e9gek BIOMA | SLOVKLIMA DEIMOS group, s.r.o.","robots":{"index":"index","follow":"follow","max-snippet":"max-snippet:-1","max-image-preview":"max-image-preview:large","max-video-preview":"max-video-preview:-1"},"canonical":"https:\/\/www.slovklima.sk\/hu\/produkt\/embraco-kondenzacios-egysegek-bioma\/","og_locale":"hu_HU","og_type":"article","og_title":"EMBRACO Kondenz\u00e1ci\u00f3s egys\u00e9gek BIOMA | SLOVKLIMA DEIMOS group, s.r.o.","og_description":"Az Embraco multinacion\u00e1lis gy\u00e1rt\u00f3ja a h\u00e1ztart\u00e1si \u00e9s kereskedelmi h\u0171t\u00e9s h\u0171t\u0151kompresszorainak \u00e9s kondenz\u00e1ci\u00f3s egys\u00e9geinek. Egyik \u00fczem\u00fck Szlov\u00e1ki\u00e1ban tal\u00e1lhat\u00f3, \u00e9s ez a gy\u00e1rt\u00f3 egyetlen olyan \u00fczeme, ahol kondenz\u00e1ci\u00f3s egys\u00e9geket gy\u00e1rtanak. \u00daj, csendes m\u0171k\u00f6d\u00e9s\u0171, a k\u00f6rnyezetv\u00e9delmi k\u00f6vetelm\u00e9nyeknek megfelel\u0151, innovat\u00edv kialak\u00edt\u00e1s\u00fa \u00e9s k\u00f6nnyen karbantarthat\u00f3 kondenz\u00e1ci\u00f3s egys\u00e9g h\u0171t\u0151g\u00e9pekhez. K\u00fclt\u00e9ri alkalmaz\u00e1sokhoz, p\u00e9ld\u00e1ul benzinkutakhoz, \u00e9ttermekhez, gyors\u00e9ttermekhez \u00e9s kisboltokhoz (\u00e9lelmiszer-kiskereskedelem) tervezt\u00e9k. K\u00f6z\u00e9ph\u0151m\u00e9rs\u00e9klet\u0171 alkalmaz\u00e1sokhoz (MBP) 10 kW-ig \u00e9s alacsony h\u0151m\u00e9rs\u00e9klet\u0171 alkalmaz\u00e1sokhoz (LBP) 4 kW-ig kaphat\u00f3, \u00e9s alkalmas a leg\u00fajabb, alacsony GWP \u00e9rt\u00e9k\u0171 h\u0171t\u0151k\u00f6zegekhez (R449A, R452A, R513A). Az egym\u00e1sra helyezhet\u0151 kialak\u00edt\u00e1snak k\u00f6sz\u00f6nhet\u0151en a k\u00e9sz\u00fcl\u00e9k hozz\u00e1f\u00e9rhet\u0151s\u00e9g, haszn\u00e1lhat\u00f3s\u00e1g \u00e9s t\u00f6m\u00f6rs\u00e9g jellemzi. A BIOMA sorozat\u00fa kondenz\u00e1ci\u00f3s egys\u00e9gek csendesek, eszt\u00e9tikusak az ig\u00e9nyes \u00fcgyfelek sz\u00e1m\u00e1ra.","og_url":"https:\/\/www.slovklima.sk\/hu\/produkt\/embraco-kondenzacios-egysegek-bioma\/","og_site_name":"SLOVKLIMA DEIMOS group, s.r.o.","og_image":[{"width":800,"height":1000,"url":"https:\/\/www.slovklima.sk\/wp-content\/uploads\/2024\/03\/embraco-kondenzacne-jednotky-bioma.jpg","type":"image\/jpeg"}],"twitter_card":"summary_large_image","twitter_misc":{"Becs\u00fclt olvas\u00e1si id\u0151":"1 perc"},"schema":{"@context":"https:\/\/schema.org","@graph":[{"@type":"WebPage","@id":"https:\/\/www.slovklima.sk\/hu\/produkt\/embraco-kondenzacios-egysegek-bioma\/","url":"https:\/\/www.slovklima.sk\/hu\/produkt\/embraco-kondenzacios-egysegek-bioma\/","name":"EMBRACO Kondenz\u00e1ci\u00f3s egys\u00e9gek BIOMA | SLOVKLIMA DEIMOS group, s.r.o.","isPartOf":{"@id":"https:\/\/www.slovklima.sk\/#website"},"primaryImageOfPage":{"@id":"https:\/\/www.slovklima.sk\/hu\/produkt\/embraco-kondenzacios-egysegek-bioma\/#primaryimage"},"image":{"@id":"https:\/\/www.slovklima.sk\/hu\/produkt\/embraco-kondenzacios-egysegek-bioma\/#primaryimage"},"thumbnailUrl":"https:\/\/www.slovklima.sk\/wp-content\/uploads\/2025\/07\/Kondenzacne-jednotky-Embraco-BIOMA.jpg","datePublished":"2024-03-15T12:03:11+00:00","dateModified":"2024-03-15T12:03:11+00:00","breadcrumb":{"@id":"https:\/\/www.slovklima.sk\/hu\/produkt\/embraco-kondenzacios-egysegek-bioma\/#breadcrumb"},"inLanguage":"hu","potentialAction":[{"@type":"ReadAction","target":["https:\/\/www.slovklima.sk\/hu\/produkt\/embraco-kondenzacios-egysegek-bioma\/"]}]},{"@type":"ImageObject","inLanguage":"hu","@id":"https:\/\/www.slovklima.sk\/hu\/produkt\/embraco-kondenzacios-egysegek-bioma\/#primaryimage","url":"https:\/\/www.slovklima.sk\/wp-content\/uploads\/2025\/07\/Kondenzacne-jednotky-Embraco-BIOMA.jpg","contentUrl":"https:\/\/www.slovklima.sk\/wp-content\/uploads\/2025\/07\/Kondenzacne-jednotky-Embraco-BIOMA.jpg","width":800,"height":1000},{"@type":"BreadcrumbList","@id":"https:\/\/www.slovklima.sk\/hu\/produkt\/embraco-kondenzacios-egysegek-bioma\/#breadcrumb","itemListElement":[{"@type":"ListItem","position":1,"name":"Domovsk\u00e1 str\u00e1nka","item":"https:\/\/www.slovklima.sk\/hu\/"},{"@type":"ListItem","position":2,"name":"Term\u00e9kek","item":"https:\/\/www.slovklima.sk\/termekek\/"},{"@type":"ListItem","position":3,"name":"EMBRACO Kondenz\u00e1ci\u00f3s egys\u00e9gek BIOMA"}]},{"@type":"WebSite","@id":"https:\/\/www.slovklima.sk\/#website","url":"https:\/\/www.slovklima.sk\/","name":"SLOVKLIMA DEIMOS group, s.r.o.","description":"","publisher":{"@id":"https:\/\/www.slovklima.sk\/#organization"},"alternateName":"SLOVKLIMA","potentialAction":[{"@type":"SearchAction","target":{"@type":"EntryPoint","urlTemplate":"https:\/\/www.slovklima.sk\/?s={search_term_string}"},"query-input":{"@type":"PropertyValueSpecification","valueRequired":true,"valueName":"search_term_string"}}],"inLanguage":"hu"},{"@type":"Organization","@id":"https:\/\/www.slovklima.sk\/#organization","name":"SLOVKLIMA DEIMOS group, s.r.o.","alternateName":"SLOVKLIMA","url":"https:\/\/www.slovklima.sk\/","logo":{"@type":"ImageObject","inLanguage":"hu","@id":"https:\/\/www.slovklima.sk\/#\/schema\/logo\/image\/","url":"https:\/\/www.slovklima.sk\/wp-content\/uploads\/2022\/12\/slovklima-logo-black.svg","contentUrl":"https:\/\/www.slovklima.sk\/wp-content\/uploads\/2022\/12\/slovklima-logo-black.svg","width":3218,"height":698,"caption":"SLOVKLIMA DEIMOS group, s.r.o."},"image":{"@id":"https:\/\/www.slovklima.sk\/#\/schema\/logo\/image\/"}}]}},"_links":{"self":[{"href":"https:\/\/www.slovklima.sk\/hu\/wp-json\/wp\/v2\/product\/12095","targetHints":{"allow":["GET"]}}],"collection":[{"href":"https:\/\/www.slovklima.sk\/hu\/wp-json\/wp\/v2\/product"}],"about":[{"href":"https:\/\/www.slovklima.sk\/hu\/wp-json\/wp\/v2\/types\/product"}],"wp:featuredmedia":[{"embeddable":true,"href":"https:\/\/www.slovklima.sk\/hu\/wp-json\/wp\/v2\/media\/17241"}],"wp:attachment":[{"href":"https:\/\/www.slovklima.sk\/hu\/wp-json\/wp\/v2\/media?parent=12095"}],"wp:term":[{"taxonomy":"product_brand","embeddable":true,"href":"https:\/\/www.slovklima.sk\/hu\/wp-json\/wp\/v2\/product_brand?post=12095"},{"taxonomy":"product_cat","embeddable":true,"href":"https:\/\/www.slovklima.sk\/hu\/wp-json\/wp\/v2\/product_cat?post=12095"},{"taxonomy":"product_tag","embeddable":true,"href":"https:\/\/www.slovklima.sk\/hu\/wp-json\/wp\/v2\/product_tag?post=12095"}],"curies":[{"name":"wp","href":"https:\/\/api.w.org\/{rel}","templated":true}]}}