{"id":11759,"date":"2024-04-12T14:14:17","date_gmt":"2024-04-12T12:14:17","guid":{"rendered":"https:\/\/www.slovklima.sk\/produkt\/toshiba-vrf-smmsu-kulteri-egyseg-r410a\/"},"modified":"2024-04-12T14:14:17","modified_gmt":"2024-04-12T12:14:17","slug":"toshiba-vrf-smmsu-kulteri-egyseg-r410a","status":"publish","type":"product","link":"https:\/\/www.slovklima.sk\/hu\/produkt\/toshiba-vrf-smmsu-kulteri-egyseg-r410a\/","title":{"rendered":"TOSHIBA VRF SMMSu k\u00fclt\u00e9ri egys\u00e9g R410A"},"content":{"rendered":"","protected":false},"excerpt":{"rendered":"<p><strong>\u00daJ GENER\u00c1CI\u00d3S 2 CS\u00d6VES RENDSZER<\/strong><\/p>\n<p>2 cs\u00f6ves k\u00fclt\u00e9ri VRF-egys\u00e9g h\u0171t\u00e9si vagy f\u0171t\u00e9si \u00fczemhez, sz\u00e9les teljes\u00edtm\u00e9nytartom\u00e1nyban. A Selection-Tool tervez\u0151szoftver seg\u00edts\u00e9g\u00e9vel kombin\u00e1lhat\u00f3 belt\u00e9ri VRF-egys\u00e9gekkel, egys\u00e9gek szell\u0151z\u0151k\u00e9szleteivel, melegv\u00edzmodulokkal \u00e9s HV h\u0151cser\u00e9l\u0151kkel.<\/p>\n<p><strong>El\u0151ny\u00f6k:<\/strong><\/p>\n<ul>\n<li>\u00daj ir\u00e1nyt mutat a csatlakoztathat\u00f3s\u00e1g, a hat\u00e9konys\u00e1g, a megb\u00edzhat\u00f3s\u00e1g \u00e9s a k\u00f6nny\u0171 kiszolg\u00e1l\u00e1s ter\u00e9n<\/li>\n<li>Egyedi modulok 24 LE\/67 kW h\u0171t\u0151teljes\u00edtm\u00e9nyig kaphat\u00f3k<\/li>\n<li>Kombin\u00e1ci\u00f3k 335 kW-ig terjed\u0151 h\u0171t\u0151teljes\u00edtm\u00e9nnyel \u00e9s 345 kW-ig terjed\u0151 f\u0171t\u00e9si teljes\u00edtm\u00e9nnyel<\/li>\n<li>Egyed\u00fcl\u00e1ll\u00f3 h\u00e1rmas rot\u00e1ci\u00f3s kompresszor (16 &#8211; 20 LE)<\/li>\n<li>VRF-egys\u00e9gek jelenlegi gener\u00e1ci\u00f3ja 2 cs\u00f6ves rendszerrel \u00e9s f\u0171t\u00e9si\/h\u0171t\u00e9si funkci\u00f3val<\/li>\n<li>\u00daj ir\u00e1nyt mutat a csatlakoztathat\u00f3s\u00e1g, a hat\u00e9konys\u00e1g, a megb\u00edzhat\u00f3s\u00e1g \u00e9s a k\u00f6nny\u0171 szervizel\u00e9s ter\u00e9n<\/li>\n<li>K\u00fclt\u00e9ri egys\u00e9gkombin\u00e1ci\u00f3k 335 kW-ig h\u0171t\u00e9shez \u00e9s 345 kW-ig f\u0171t\u00e9shez<\/li>\n<li>Egyed\u00fcl\u00e1ll\u00f3 h\u00e1rmas rot\u00e1ci\u00f3s kompresszor (16 &#8211; 20 LE)<\/li>\n<li>Rendszerenk\u00e9nt legfeljebb 128 belt\u00e9ri egys\u00e9g csatlakoztathat\u00f3<\/li>\n<\/ul>\n<div class=\"product-icons\"><img decoding=\"async\" class=\"alignnone size-full wp-image-8538\" title=\"H\u0171t\u0151teljes\u00edtm\u00e9ny 22,40 - 335,00 kW\" src=\"https:\/\/www.slovklima.sk\/wp-content\/uploads\/2024\/03\/chladiaci-vykon.jpg\" alt=\"H\u0171t\u00e9si teljes\u00edtm\u00e9ny\" width=\"151\" height=\"151\"><img decoding=\"async\" class=\"alignnone size-full wp-image-8534\" title=\"F\u0171t\u00e9si teljes\u00edtm\u00e9ny 22,40 - 335,00 kW\" src=\"https:\/\/www.slovklima.sk\/wp-content\/uploads\/2024\/03\/vykurovaci-vykon.jpg\" alt=\"f\u0171t\u00e9si teljes\u00edtm\u00e9ny\" width=\"151\" height=\"151\"><img decoding=\"async\" class=\"alignnone size-full wp-image-9024\" title=\"ESEER 6,87 - 7,73 T\u00d6MEGSZ\u00c1ZAL\u00c9K\" src=\"https:\/\/www.slovklima.sk\/wp-content\/uploads\/2023\/11\/icon-energeticka-trieda-ch.jpg\" alt=\"\" width=\"151\" height=\"151\"><img decoding=\"async\" class=\"alignnone size-full wp-image-9023\" title=\"SCOP hat\u00e1sfok 4,17 - 4,79 W\/W\" src=\"https:\/\/www.slovklima.sk\/wp-content\/uploads\/2023\/11\/icon-energeticka-trieda-ku.jpg\" alt=\"\" width=\"151\" height=\"151\"><img decoding=\"async\" class=\"alignnone size-full wp-image-9085\" title=\"Fesz\u00fclts\u00e9gell\u00e1t\u00e1s 380-415\/3\/50 V\/Ph+N\/Hz\" src=\"https:\/\/www.slovklima.sk\/wp-content\/uploads\/2024\/04\/icon-napajnie-napatim.jpg\" alt=\"\" width=\"151\" height=\"151\"><img decoding=\"async\" class=\"alignnone size-full wp-image-8539\" title=\"M\u00e9retek (magass\u00e1g \u00d7 sz\u00e9less\u00e9g \u00d7 m\u00e9lys\u00e9g) 1690 x 990 x 780 - 1690 x 6530 x 780 mm\" src=\"https:\/\/www.slovklima.sk\/wp-content\/uploads\/2024\/03\/rozmery.jpg\" alt=\"M\u00e9retek\" width=\"151\" height=\"151\"><img decoding=\"async\" class=\"alignnone size-full wp-image-8536\" title=\"Hangnyom\u00e1sszint (alacsony\/k\u00f6zepes\/magas) 53,00 - 89,50 dB(A)\" src=\"https:\/\/www.slovklima.sk\/wp-content\/uploads\/2024\/03\/akusticky-tlak.jpg\" alt=\"Hangnyom\u00e1sszint\" width=\"151\" height=\"151\"><img decoding=\"async\" class=\"alignnone size-full wp-image-9178\" title=\"Max. csatlakoztathat\u00f3 belt\u00e9ri egys\u00e9gek 18 - 128 egys\u00e9g\" src=\"https:\/\/www.slovklima.sk\/wp-content\/uploads\/2024\/04\/icon-pripojitelne-jednotky.jpg\" alt=\"\" width=\"151\" height=\"151\"><\/div>\n","protected":false},"featured_media":11761,"template":"","meta":[],"product_brand":[],"product_cat":[367,353,369],"product_tag":[],"class_list":{"0":"post-11759","1":"product","2":"type-product","3":"status-publish","4":"has-post-thumbnail","6":"product_cat-ipari-egysegek","7":"product_cat-legkondicionalas","8":"product_cat-toshiba-hu-3","10":"first","11":"instock","12":"sold-individually","13":"shipping-taxable","14":"product-type-simple"},"yoast_head":"<!-- This site is optimized with the Yoast SEO plugin v24.3 - https:\/\/yoast.com\/wordpress\/plugins\/seo\/ -->\n<title>TOSHIBA VRF SMMSu k\u00fclt\u00e9ri egys\u00e9g R410A | SLOVKLIMA DEIMOS group, s.r.o.<\/title>\n<meta name=\"robots\" content=\"index, follow, max-snippet:-1, max-image-preview:large, max-video-preview:-1\" \/>\n<link rel=\"canonical\" href=\"https:\/\/www.slovklima.sk\/produkt\/toshiba-vrf-smmsu-kulteri-egyseg-r410a\/\" \/>\n<meta property=\"og:locale\" content=\"hu_HU\" \/>\n<meta property=\"og:type\" content=\"article\" \/>\n<meta property=\"og:title\" content=\"TOSHIBA VRF SMMSu k\u00fclt\u00e9ri egys\u00e9g R410A | SLOVKLIMA DEIMOS group, s.r.o.\" \/>\n<meta property=\"og:description\" content=\"\u00daJ GENER\u00c1CI\u00d3S 2 CS\u00d6VES RENDSZER 2 cs\u00f6ves k\u00fclt\u00e9ri VRF-egys\u00e9g h\u0171t\u00e9si vagy f\u0171t\u00e9si \u00fczemhez, sz\u00e9les teljes\u00edtm\u00e9nytartom\u00e1nyban. A Selection-Tool tervez\u0151szoftver seg\u00edts\u00e9g\u00e9vel kombin\u00e1lhat\u00f3 belt\u00e9ri VRF-egys\u00e9gekkel, egys\u00e9gek szell\u0151z\u0151k\u00e9szleteivel, melegv\u00edzmodulokkal \u00e9s HV h\u0151cser\u00e9l\u0151kkel. El\u0151ny\u00f6k:  \u00daj ir\u00e1nyt mutat a csatlakoztathat\u00f3s\u00e1g, a hat\u00e9konys\u00e1g, a megb\u00edzhat\u00f3s\u00e1g \u00e9s a k\u00f6nny\u0171 kiszolg\u00e1l\u00e1s ter\u00e9n  Egyedi modulok 24 LE\/67 kW h\u0171t\u0151teljes\u00edtm\u00e9nyig kaphat\u00f3k  Kombin\u00e1ci\u00f3k 335 kW-ig terjed\u0151 h\u0171t\u0151teljes\u00edtm\u00e9nnyel \u00e9s 345 kW-ig terjed\u0151 f\u0171t\u00e9si teljes\u00edtm\u00e9nnyel  Egyed\u00fcl\u00e1ll\u00f3 h\u00e1rmas rot\u00e1ci\u00f3s kompresszor (16 - 20 LE)  VRF-egys\u00e9gek jelenlegi gener\u00e1ci\u00f3ja 2 cs\u00f6ves rendszerrel \u00e9s f\u0171t\u00e9si\/h\u0171t\u00e9si funkci\u00f3val  \u00daj ir\u00e1nyt mutat a csatlakoztathat\u00f3s\u00e1g, a hat\u00e9konys\u00e1g, a megb\u00edzhat\u00f3s\u00e1g \u00e9s a k\u00f6nny\u0171 szervizel\u00e9s ter\u00e9n  K\u00fclt\u00e9ri egys\u00e9gkombin\u00e1ci\u00f3k 335 kW-ig h\u0171t\u00e9shez \u00e9s 345 kW-ig f\u0171t\u00e9shez  Egyed\u00fcl\u00e1ll\u00f3 h\u00e1rmas rot\u00e1ci\u00f3s kompresszor (16 - 20 LE)  Rendszerenk\u00e9nt legfeljebb 128 belt\u00e9ri egys\u00e9g csatlakoztathat\u00f3\" \/>\n<meta property=\"og:url\" content=\"https:\/\/www.slovklima.sk\/produkt\/toshiba-vrf-smmsu-kulteri-egyseg-r410a\/\" \/>\n<meta property=\"og:site_name\" content=\"SLOVKLIMA DEIMOS group, s.r.o.\" \/>\n<meta property=\"og:image\" content=\"https:\/\/www.slovklima.sk\/wp-content\/uploads\/2025\/03\/slovklima-logo-sk.jpg\" \/>\n\t<meta property=\"og:image:width\" content=\"500\" \/>\n\t<meta property=\"og:image:height\" content=\"230\" \/>\n\t<meta property=\"og:image:type\" content=\"image\/jpeg\" \/>\n<meta name=\"twitter:card\" content=\"summary_large_image\" \/>\n<script type=\"application\/ld+json\" class=\"yoast-schema-graph\">{\"@context\":\"https:\/\/schema.org\",\"@graph\":[{\"@type\":\"WebPage\",\"@id\":\"https:\/\/www.slovklima.sk\/produkt\/toshiba-vrf-smmsu-kulteri-egyseg-r410a\/\",\"url\":\"https:\/\/www.slovklima.sk\/produkt\/toshiba-vrf-smmsu-kulteri-egyseg-r410a\/\",\"name\":\"TOSHIBA VRF SMMSu k\u00fclt\u00e9ri egys\u00e9g R410A | SLOVKLIMA DEIMOS group, s.r.o.\",\"isPartOf\":{\"@id\":\"https:\/\/www.slovklima.sk\/#website\"},\"primaryImageOfPage\":{\"@id\":\"https:\/\/www.slovklima.sk\/produkt\/toshiba-vrf-smmsu-kulteri-egyseg-r410a\/#primaryimage\"},\"image\":{\"@id\":\"https:\/\/www.slovklima.sk\/produkt\/toshiba-vrf-smmsu-kulteri-egyseg-r410a\/#primaryimage\"},\"thumbnailUrl\":\"https:\/\/www.slovklima.sk\/wp-content\/uploads\/2024\/04\/toshiba-vrf-vonkajsia-smmsu-jednotka-r410a.jpg\",\"datePublished\":\"2024-04-12T12:14:17+00:00\",\"dateModified\":\"2024-04-12T12:14:17+00:00\",\"breadcrumb\":{\"@id\":\"https:\/\/www.slovklima.sk\/produkt\/toshiba-vrf-smmsu-kulteri-egyseg-r410a\/#breadcrumb\"},\"inLanguage\":\"hu\",\"potentialAction\":[{\"@type\":\"ReadAction\",\"target\":[\"https:\/\/www.slovklima.sk\/produkt\/toshiba-vrf-smmsu-kulteri-egyseg-r410a\/\"]}]},{\"@type\":\"ImageObject\",\"inLanguage\":\"hu\",\"@id\":\"https:\/\/www.slovklima.sk\/produkt\/toshiba-vrf-smmsu-kulteri-egyseg-r410a\/#primaryimage\",\"url\":\"https:\/\/www.slovklima.sk\/wp-content\/uploads\/2024\/04\/toshiba-vrf-vonkajsia-smmsu-jednotka-r410a.jpg\",\"contentUrl\":\"https:\/\/www.slovklima.sk\/wp-content\/uploads\/2024\/04\/toshiba-vrf-vonkajsia-smmsu-jednotka-r410a.jpg\",\"width\":800,\"height\":1000},{\"@type\":\"BreadcrumbList\",\"@id\":\"https:\/\/www.slovklima.sk\/produkt\/toshiba-vrf-smmsu-kulteri-egyseg-r410a\/#breadcrumb\",\"itemListElement\":[{\"@type\":\"ListItem\",\"position\":1,\"name\":\"Domovsk\u00e1 str\u00e1nka\",\"item\":\"https:\/\/www.slovklima.sk\/hu\/\"},{\"@type\":\"ListItem\",\"position\":2,\"name\":\"Term\u00e9kek\",\"item\":\"https:\/\/www.slovklima.sk\/termekek\/\"},{\"@type\":\"ListItem\",\"position\":3,\"name\":\"TOSHIBA VRF SMMSu k\u00fclt\u00e9ri egys\u00e9g R410A\"}]},{\"@type\":\"WebSite\",\"@id\":\"https:\/\/www.slovklima.sk\/#website\",\"url\":\"https:\/\/www.slovklima.sk\/\",\"name\":\"SLOVKLIMA DEIMOS group, s.r.o.\",\"description\":\"\",\"publisher\":{\"@id\":\"https:\/\/www.slovklima.sk\/#organization\"},\"alternateName\":\"SLOVKLIMA\",\"potentialAction\":[{\"@type\":\"SearchAction\",\"target\":{\"@type\":\"EntryPoint\",\"urlTemplate\":\"https:\/\/www.slovklima.sk\/?s={search_term_string}\"},\"query-input\":{\"@type\":\"PropertyValueSpecification\",\"valueRequired\":true,\"valueName\":\"search_term_string\"}}],\"inLanguage\":\"hu\"},{\"@type\":\"Organization\",\"@id\":\"https:\/\/www.slovklima.sk\/#organization\",\"name\":\"SLOVKLIMA DEIMOS group, s.r.o.\",\"alternateName\":\"SLOVKLIMA\",\"url\":\"https:\/\/www.slovklima.sk\/\",\"logo\":{\"@type\":\"ImageObject\",\"inLanguage\":\"hu\",\"@id\":\"https:\/\/www.slovklima.sk\/#\/schema\/logo\/image\/\",\"url\":\"https:\/\/www.slovklima.sk\/wp-content\/uploads\/2022\/12\/slovklima-logo-black.svg\",\"contentUrl\":\"https:\/\/www.slovklima.sk\/wp-content\/uploads\/2022\/12\/slovklima-logo-black.svg\",\"width\":3218,\"height\":698,\"caption\":\"SLOVKLIMA DEIMOS group, s.r.o.\"},\"image\":{\"@id\":\"https:\/\/www.slovklima.sk\/#\/schema\/logo\/image\/\"}}]}<\/script>\n<!-- \/ Yoast SEO plugin. -->","yoast_head_json":{"title":"TOSHIBA VRF SMMSu k\u00fclt\u00e9ri egys\u00e9g R410A | SLOVKLIMA DEIMOS group, s.r.o.","robots":{"index":"index","follow":"follow","max-snippet":"max-snippet:-1","max-image-preview":"max-image-preview:large","max-video-preview":"max-video-preview:-1"},"canonical":"https:\/\/www.slovklima.sk\/produkt\/toshiba-vrf-smmsu-kulteri-egyseg-r410a\/","og_locale":"hu_HU","og_type":"article","og_title":"TOSHIBA VRF SMMSu k\u00fclt\u00e9ri egys\u00e9g R410A | SLOVKLIMA DEIMOS group, s.r.o.","og_description":"\u00daJ GENER\u00c1CI\u00d3S 2 CS\u00d6VES RENDSZER 2 cs\u00f6ves k\u00fclt\u00e9ri VRF-egys\u00e9g h\u0171t\u00e9si vagy f\u0171t\u00e9si \u00fczemhez, sz\u00e9les teljes\u00edtm\u00e9nytartom\u00e1nyban. A Selection-Tool tervez\u0151szoftver seg\u00edts\u00e9g\u00e9vel kombin\u00e1lhat\u00f3 belt\u00e9ri VRF-egys\u00e9gekkel, egys\u00e9gek szell\u0151z\u0151k\u00e9szleteivel, melegv\u00edzmodulokkal \u00e9s HV h\u0151cser\u00e9l\u0151kkel. El\u0151ny\u00f6k:  \u00daj ir\u00e1nyt mutat a csatlakoztathat\u00f3s\u00e1g, a hat\u00e9konys\u00e1g, a megb\u00edzhat\u00f3s\u00e1g \u00e9s a k\u00f6nny\u0171 kiszolg\u00e1l\u00e1s ter\u00e9n  Egyedi modulok 24 LE\/67 kW h\u0171t\u0151teljes\u00edtm\u00e9nyig kaphat\u00f3k  Kombin\u00e1ci\u00f3k 335 kW-ig terjed\u0151 h\u0171t\u0151teljes\u00edtm\u00e9nnyel \u00e9s 345 kW-ig terjed\u0151 f\u0171t\u00e9si teljes\u00edtm\u00e9nnyel  Egyed\u00fcl\u00e1ll\u00f3 h\u00e1rmas rot\u00e1ci\u00f3s kompresszor (16 - 20 LE)  VRF-egys\u00e9gek jelenlegi gener\u00e1ci\u00f3ja 2 cs\u00f6ves rendszerrel \u00e9s f\u0171t\u00e9si\/h\u0171t\u00e9si funkci\u00f3val  \u00daj ir\u00e1nyt mutat a csatlakoztathat\u00f3s\u00e1g, a hat\u00e9konys\u00e1g, a megb\u00edzhat\u00f3s\u00e1g \u00e9s a k\u00f6nny\u0171 szervizel\u00e9s ter\u00e9n  K\u00fclt\u00e9ri egys\u00e9gkombin\u00e1ci\u00f3k 335 kW-ig h\u0171t\u00e9shez \u00e9s 345 kW-ig f\u0171t\u00e9shez  Egyed\u00fcl\u00e1ll\u00f3 h\u00e1rmas rot\u00e1ci\u00f3s kompresszor (16 - 20 LE)  Rendszerenk\u00e9nt legfeljebb 128 belt\u00e9ri egys\u00e9g csatlakoztathat\u00f3","og_url":"https:\/\/www.slovklima.sk\/produkt\/toshiba-vrf-smmsu-kulteri-egyseg-r410a\/","og_site_name":"SLOVKLIMA DEIMOS group, s.r.o.","og_image":[{"width":500,"height":230,"url":"https:\/\/www.slovklima.sk\/wp-content\/uploads\/2025\/03\/slovklima-logo-sk.jpg","type":"image\/jpeg"}],"twitter_card":"summary_large_image","schema":{"@context":"https:\/\/schema.org","@graph":[{"@type":"WebPage","@id":"https:\/\/www.slovklima.sk\/produkt\/toshiba-vrf-smmsu-kulteri-egyseg-r410a\/","url":"https:\/\/www.slovklima.sk\/produkt\/toshiba-vrf-smmsu-kulteri-egyseg-r410a\/","name":"TOSHIBA VRF SMMSu k\u00fclt\u00e9ri egys\u00e9g R410A | SLOVKLIMA DEIMOS group, s.r.o.","isPartOf":{"@id":"https:\/\/www.slovklima.sk\/#website"},"primaryImageOfPage":{"@id":"https:\/\/www.slovklima.sk\/produkt\/toshiba-vrf-smmsu-kulteri-egyseg-r410a\/#primaryimage"},"image":{"@id":"https:\/\/www.slovklima.sk\/produkt\/toshiba-vrf-smmsu-kulteri-egyseg-r410a\/#primaryimage"},"thumbnailUrl":"https:\/\/www.slovklima.sk\/wp-content\/uploads\/2024\/04\/toshiba-vrf-vonkajsia-smmsu-jednotka-r410a.jpg","datePublished":"2024-04-12T12:14:17+00:00","dateModified":"2024-04-12T12:14:17+00:00","breadcrumb":{"@id":"https:\/\/www.slovklima.sk\/produkt\/toshiba-vrf-smmsu-kulteri-egyseg-r410a\/#breadcrumb"},"inLanguage":"hu","potentialAction":[{"@type":"ReadAction","target":["https:\/\/www.slovklima.sk\/produkt\/toshiba-vrf-smmsu-kulteri-egyseg-r410a\/"]}]},{"@type":"ImageObject","inLanguage":"hu","@id":"https:\/\/www.slovklima.sk\/produkt\/toshiba-vrf-smmsu-kulteri-egyseg-r410a\/#primaryimage","url":"https:\/\/www.slovklima.sk\/wp-content\/uploads\/2024\/04\/toshiba-vrf-vonkajsia-smmsu-jednotka-r410a.jpg","contentUrl":"https:\/\/www.slovklima.sk\/wp-content\/uploads\/2024\/04\/toshiba-vrf-vonkajsia-smmsu-jednotka-r410a.jpg","width":800,"height":1000},{"@type":"BreadcrumbList","@id":"https:\/\/www.slovklima.sk\/produkt\/toshiba-vrf-smmsu-kulteri-egyseg-r410a\/#breadcrumb","itemListElement":[{"@type":"ListItem","position":1,"name":"Domovsk\u00e1 str\u00e1nka","item":"https:\/\/www.slovklima.sk\/hu\/"},{"@type":"ListItem","position":2,"name":"Term\u00e9kek","item":"https:\/\/www.slovklima.sk\/termekek\/"},{"@type":"ListItem","position":3,"name":"TOSHIBA VRF SMMSu k\u00fclt\u00e9ri egys\u00e9g R410A"}]},{"@type":"WebSite","@id":"https:\/\/www.slovklima.sk\/#website","url":"https:\/\/www.slovklima.sk\/","name":"SLOVKLIMA DEIMOS group, s.r.o.","description":"","publisher":{"@id":"https:\/\/www.slovklima.sk\/#organization"},"alternateName":"SLOVKLIMA","potentialAction":[{"@type":"SearchAction","target":{"@type":"EntryPoint","urlTemplate":"https:\/\/www.slovklima.sk\/?s={search_term_string}"},"query-input":{"@type":"PropertyValueSpecification","valueRequired":true,"valueName":"search_term_string"}}],"inLanguage":"hu"},{"@type":"Organization","@id":"https:\/\/www.slovklima.sk\/#organization","name":"SLOVKLIMA DEIMOS group, s.r.o.","alternateName":"SLOVKLIMA","url":"https:\/\/www.slovklima.sk\/","logo":{"@type":"ImageObject","inLanguage":"hu","@id":"https:\/\/www.slovklima.sk\/#\/schema\/logo\/image\/","url":"https:\/\/www.slovklima.sk\/wp-content\/uploads\/2022\/12\/slovklima-logo-black.svg","contentUrl":"https:\/\/www.slovklima.sk\/wp-content\/uploads\/2022\/12\/slovklima-logo-black.svg","width":3218,"height":698,"caption":"SLOVKLIMA DEIMOS group, s.r.o."},"image":{"@id":"https:\/\/www.slovklima.sk\/#\/schema\/logo\/image\/"}}]}},"_links":{"self":[{"href":"https:\/\/www.slovklima.sk\/hu\/wp-json\/wp\/v2\/product\/11759","targetHints":{"allow":["GET"]}}],"collection":[{"href":"https:\/\/www.slovklima.sk\/hu\/wp-json\/wp\/v2\/product"}],"about":[{"href":"https:\/\/www.slovklima.sk\/hu\/wp-json\/wp\/v2\/types\/product"}],"wp:featuredmedia":[{"embeddable":true,"href":"https:\/\/www.slovklima.sk\/hu\/wp-json\/wp\/v2\/media\/11761"}],"wp:attachment":[{"href":"https:\/\/www.slovklima.sk\/hu\/wp-json\/wp\/v2\/media?parent=11759"}],"wp:term":[{"taxonomy":"product_brand","embeddable":true,"href":"https:\/\/www.slovklima.sk\/hu\/wp-json\/wp\/v2\/product_brand?post=11759"},{"taxonomy":"product_cat","embeddable":true,"href":"https:\/\/www.slovklima.sk\/hu\/wp-json\/wp\/v2\/product_cat?post=11759"},{"taxonomy":"product_tag","embeddable":true,"href":"https:\/\/www.slovklima.sk\/hu\/wp-json\/wp\/v2\/product_tag?post=11759"}],"curies":[{"name":"wp","href":"https:\/\/api.w.org\/{rel}","templated":true}]}}