{"id":11530,"date":"2022-12-08T15:46:02","date_gmt":"2022-12-08T14:46:02","guid":{"rendered":"https:\/\/www.slovklima.sk\/szemelyes-adatok-feldolgozasa\/"},"modified":"2024-06-07T12:31:08","modified_gmt":"2024-06-07T10:31:08","slug":"szemelyes-adatok-feldolgozasa","status":"publish","type":"page","link":"https:\/\/www.slovklima.sk\/hu\/szemelyes-adatok-feldolgozasa\/","title":{"rendered":"Szem\u00e9lyes adatok feldolgoz\u00e1sa"},"content":{"rendered":"<section class=\"wpb-content-wrapper\"><p>[vc_row][vc_column][vc_column_text woodmart_inline=&#8221;no&#8221; text_larger=&#8221;no&#8221;]<\/p>\n<h2>Szem\u00e9lyes adatok feldolgoz\u00e1sa az Eur\u00f3pai Parlament \u00e9s a Tan\u00e1cs rendelet\u00e9nek megfelel\u0151en<\/h2>\n<p>a 13-22. cikk \u00e9rtelm\u00e9ben vett, az Eur\u00f3pai Uni\u00f3s rendelet 13-22. cikke \u00e9rtelm\u00e9ben. 2016\/679 a term\u00e9szetes szem\u00e9lyeknek a szem\u00e9lyes adatok kezel\u00e9se tekintet\u00e9ben t\u00f6rt\u00e9n\u0151 v\u00e9delm\u00e9r\u0151l \u00e9s az ilyen adatok szabad \u00e1raml\u00e1s\u00e1r\u00f3l (a tov\u00e1bbiakban: \u00e1ltal\u00e1nos adatv\u00e9delmi rendelet vagy GDPR) \u00e9s a 19. \u00a7 \u00e9s azt k\u00f6vet\u0151 \u00a7-ok rendelkez\u00e9sei. T\u00f6rv\u00e9ny sz. 18\/2018 Coll. a szem\u00e9lyes adatok v\u00e9delm\u00e9r\u0151l, valamint egyes t\u00f6rv\u00e9nyek m\u00f3dos\u00edt\u00e1s\u00e1r\u00f3l \u00e9s kieg\u00e9sz\u00edt\u00e9s\u00e9r\u0151l (a tov\u00e1bbiakban: a szem\u00e9lyes adatok v\u00e9delm\u00e9r\u0151l sz\u00f3l\u00f3 t\u00f6rv\u00e9ny). Az \u00e1ltal\u00e1nos adatv\u00e9delmi rendelet 13. cikke \u00e9rtelm\u00e9ben. a szem\u00e9lyes adatok v\u00e9delm\u00e9r\u0151l sz\u00f3l\u00f3 t\u00f6rv\u00e9ny 19. \u00a7-\u00e1nak rendelkez\u00e9sei alapj\u00e1n a https:\/\/www.slovklima.sk\/ weboldal \u00fczemeltet\u0151je (a tov\u00e1bbiakban: &#8222;adatkezel\u0151&#8221;) k\u00f6teles az al\u00e1bbi t\u00e1j\u00e9koztat\u00e1st ny\u00fajtani az \u00e9rintettnek abban az esetben, ha szem\u00e9lyes adatokat szerez meg r\u00f3la:<\/p>\n<h3>I. Az \u00fczemeltet\u0151 el\u00e9rhet\u0151s\u00e9gei<\/h3>\n<ul>\n<li>N\u00e9v: SLOVKLIMA DEIMOS group, s.r.o.<\/li>\n<li>Sz\u00e9khely: P. P\u00e1zma\u0148a 49\/3, 92701 \u0160a\u013ea, Szlov\u00e1kia<\/li>\n<li>Kapcsolat: info@slovklima.sk<\/li>\n<li>ID: 51036941<\/li>\n<\/ul>\n<h3>II. Az \u00e9rintett szem\u00e9lyes adatainak feldolgoz\u00e1s\u00e1nak c\u00e9lja<\/h3>\n<p>Az \u00e9rintett szem\u00e9lyes adatait az adatkezel\u0151 e c\u00e9lb\u00f3l kezeli:<\/p>\n<ol type=\"I\">\n<li>Tov\u00e1bbi kapcsolatfelv\u00e9telhez k\u00e9rj\u00fck, k\u00fcldj\u00f6n e-mailt a kapcsolatfelv\u00e9teli \u0171rlapon megadott e-mail c\u00edmre.<\/li>\n<li>nem k\u00f6telez\u0151 \u00e9rv\u00e9ny\u0171 \u00e1raj\u00e1nlat elk\u00e9sz\u00edt\u00e9se<\/li>\n<\/ol>\n<h3>III. Az \u00e9rintett szem\u00e9lyes adatainak feldolgoz\u00e1s\u00e1nak terjedelme<\/h3>\n<p>A fenti c\u00e9lb\u00f3l az adatkezel\u0151 az \u00e9rintett\u0151l tudatosan kezeli a k\u00f6vetkez\u0151 szem\u00e9lyes adatokat:<\/p>\n<ul>\n<li>N\u00e9v<\/li>\n<li>Vezet\u00e9kn\u00e9v<\/li>\n<li>E-mail c\u00edm<\/li>\n<li>Telefonsz\u00e1m<\/li>\n<\/ul>\n<p>Olyan szem\u00e9lyes adatok, amelyeket az adatkezel\u0151 az \u00e9rintett\u0151l tudt\u00e1n k\u00edv\u00fcl kezel:<\/p>\n<ul>\n<li>IP-c\u00edm<\/li>\n<\/ul>\n<h3>IV. Az \u00e9rintett szem\u00e9lyes adatainak meg\u0151rz\u00e9si ideje<\/h3>\n<p>Az \u00e9rintett szem\u00e9lyes adatait addig kezelj\u00fck, gy\u0171jtj\u00fck, archiv\u00e1ljuk \u00e9s t\u00e1roljuk biztons\u00e1gosan, ameddig az sz\u00fcks\u00e9ges a szem\u00e9lyes adatok feldolgoz\u00e1s\u00e1nak vagy gy\u0171jt\u00e9s\u00e9nek c\u00e9ljaihoz, \u00e9s az esetleges archiv\u00e1l\u00e1suk t\u00f6rv\u00e9nyes oka lej\u00e1rt, vagy am\u00edg az \u00e9rintett szem\u00e9lyes adatainak feldolgoz\u00e1s\u00e1hoz adott hozz\u00e1j\u00e1rul\u00e1sa \u00e9rv\u00e9nyben van. Az \u00e9rintettnek az adatok t\u00f6rl\u00e9s\u00e9re ir\u00e1nyul\u00f3 k\u00e9r\u00e9s\u00e9re az \u00f6sszes szem\u00e9lyes adatot visszavonhatatlanul t\u00f6rlik, \u00e9s a kapcsol\u00f3d\u00f3 megb\u00edz\u00e1sokat (ha vannak) anonimiz\u00e1lj\u00e1k.<\/p>\n<h3>V. Az \u00e9rintett szem\u00e9lyes adatainak megszerz\u00e9s\u00e9nek, r\u00f6gz\u00edt\u00e9s\u00e9nek \u00e9s biztos\u00edt\u00e1s\u00e1nak m\u00f3dja<\/h3>\n<p>Szem\u00e9lyes adatokat leggyakrabban k\u00f6zvetlen\u00fcl az \u00e9rintett\u0151l kapunk, p\u00e9ld\u00e1ul egy kapcsolatfelv\u00e9teli \u0171rlap kit\u00f6lt\u00e9s\u00e9vel. Ebben az esetben a szem\u00e9lyes adatok gy\u0171jt\u00e9se \u00f6nk\u00e9ntes, \u00e9s nem jelent semmilyen szerz\u0151d\u00e9ses vagy jogi k\u00f6telezetts\u00e9get. A weboldal \u00fczemeltet\u0151je k\u00f6teles nyilv\u00e1ntartani a felhaszn\u00e1l\u00f3k minden olyan k\u00e9r\u00e9s\u00e9t, amely az \u00e9rintett szem\u00e9lyes adatainak let\u00f6lt\u00e9s\u00e9re, helyesb\u00edt\u00e9s\u00e9re \u00e9s t\u00f6rl\u00e9s\u00e9re vonatkozik. Az \u00e9rintett szem\u00e9lyes adatainak v\u00e9delme sor\u00e1n az adatkezel\u0151nek korszer\u0171 technikai \u00e9s biztons\u00e1gi mechanizmusokkal kell rendelkeznie annak \u00e9rdek\u00e9ben, hogy biztos\u00edtsa a feldolgozott szem\u00e9lyes adatok v\u00e9delm\u00e9t a jogosulatlan hozz\u00e1f\u00e9r\u00e9s vagy tov\u00e1bb\u00edt\u00e1s, elveszt\u00e9s vagy megsemmis\u00edt\u00e9s vagy egy\u00e9b lehets\u00e9ges vissza\u00e9l\u00e9s ellen. Az adatkezel\u0151 nem tov\u00e1bb\u00edtja \u00e9s nem is k\u00edv\u00e1nja tov\u00e1bb\u00edtani az \u00e9rintett szem\u00e9lyes adatait harmadik orsz\u00e1gba vagy nemzetk\u00f6zi szervezetnek.<\/p>\n<h3>VI. Az \u00e9rintettnek a szem\u00e9lyes adatainak feldolgoz\u00e1s\u00e1val kapcsolatos jogai<\/h3>\n<p>Az \u00e1ltal\u00e1nos adatv\u00e9delmi rendelet \u00e9s az adatv\u00e9delmi t\u00f6rv\u00e9ny meghat\u00e1rozza az \u00e9rintettek egy\u00e9ni jogainak gyakorl\u00e1s\u00e1ra vonatkoz\u00f3 \u00e1ltal\u00e1nos felt\u00e9teleket. Ez azonban nem jelenti automatikusan azt, hogy az adatkezel\u0151 megadja az egy\u00e9ni jogok gyakorl\u00e1s\u00e1t, mivel adott esetben kiv\u00e9telek vagy mentess\u00e9gek alkalmazhat\u00f3k. egyes jogok meghat\u00e1rozott felt\u00e9telekhez vannak k\u00f6tve, amelyek nem minden esetben teljes\u00fclnek. A konkr\u00e9t joggal kapcsolatos k\u00e9relmet az adatkezel\u0151 mindig a jogszab\u00e1lyok \u00e9s az alkalmazand\u00f3 kiv\u00e9telek f\u00e9ny\u00e9ben kezeli \u00e9s vizsg\u00e1lja meg.<\/p>\n<ol type=\"I\">\n<li>Az adatkezel\u0151 az \u00e9rintett hozz\u00e1j\u00e1rul\u00e1s\u00e1val az \u00e9rintett m\u00e1s szem\u00e9lyes adatait is kezelheti a II. pontban eml\u00edtett c\u00e9lokt\u00f3l elt\u00e9r\u0151 c\u00e9lb\u00f3l, vagy a III. pont szerinti meghat\u00e1rozott c\u00e9l el\u00e9r\u00e9s\u00e9hez sz\u00fcks\u00e9ges szem\u00e9lyes adatokon k\u00edv\u00fcl m\u00e1s szem\u00e9lyes adatokat is. Amennyiben a szem\u00e9lyes adatok kezel\u00e9se az \u00e9rintett hozz\u00e1j\u00e1rul\u00e1s\u00e1t\u00f3l f\u00fcgg, az \u00e9rintett jogosult arra, hogy a szem\u00e9lyes adatok kezel\u00e9s\u00e9hez adott hozz\u00e1j\u00e1rul\u00e1s\u00e1t b\u00e1rmikor visszavonja. Az \u00e9rintett adhat vagy nem adhat hozz\u00e1j\u00e1rul\u00e1st az adatkezel\u0151nek a szem\u00e9lyes adatok feldolgoz\u00e1s\u00e1hoz &#8211; a hozz\u00e1j\u00e1rul\u00e1s meg nem ad\u00e1sa nem j\u00e1r semmilyen negat\u00edv hat\u00e1ssal az \u00e9rintettre. Az \u00e9rintettnek a r\u00e1 vonatkoz\u00f3 szem\u00e9lyes adatok feldolgoz\u00e1s\u00e1hoz adott hozz\u00e1j\u00e1rul\u00e1s\u00e1nak visszavon\u00e1sa nem \u00e9rinti a szem\u00e9lyes adatoknak a visszavon\u00e1s el\u0151tti hozz\u00e1j\u00e1rul\u00e1son alapul\u00f3 feldolgoz\u00e1s\u00e1nak jogszer\u0171s\u00e9g\u00e9t. Az \u00e9rintett a szem\u00e9lyes adatok feldolgoz\u00e1s\u00e1hoz adott hozz\u00e1j\u00e1rul\u00e1s\u00e1t ugyan\u00fagy visszavonhatja, mint ahogyan azt megadta.<\/li>\n<li>Az \u00e9rintett jogosult megk\u00e9rdezni az adatkezel\u0151t\u0151l, hogy szem\u00e9lyes adatainak kezel\u00e9se folyamatban van-e vagy sem. Az \u00e9rintett jogosult arra, hogy az adatkezel\u0151t\u0151l hozz\u00e1f\u00e9r\u00e9st k\u00e9rjen a r\u00e1 vonatkoz\u00f3 szem\u00e9lyes adatokhoz. E k\u00e9relem alapj\u00e1n az adatkezel\u0151 az \u00e9rintettnek visszaigazol\u00e1st \u00e1ll\u00edt ki, amely t\u00e1j\u00e9koztat\u00e1st tartalmaz szem\u00e9lyes adatainak feldolgoz\u00e1s\u00e1r\u00f3l. Az adatkezel\u0151 k\u00f6teles megadni az \u00e9rintettnek az \u00e1ltala kezelt szem\u00e9lyes adatait. Az adatkezel\u0151 az \u00e9rintett \u00e1ltal k\u00e9rt szem\u00e9lyes adatok ism\u00e9telt rendelkez\u00e9sre bocs\u00e1t\u00e1s\u00e1\u00e9rt az adminisztrat\u00edv k\u00f6lts\u00e9geknek megfelel\u0151 \u00e9sszer\u0171 d\u00edjat sz\u00e1m\u00edthat fel. Az adatkezel\u0151 k\u00f6teles a szem\u00e9lyes adatokat az \u00e9rintett \u00e1ltal k\u00e9rt m\u00f3don az \u00e9rintett rendelkez\u00e9s\u00e9re bocs\u00e1tani.<\/li>\n<li>Az \u00e9rintettnek joga van ahhoz, hogy szem\u00e9lyes adatait pontos, naprak\u00e9sz \u00e9s teljes k\u00f6r\u0171 m\u00f3don dolgozz\u00e1k fel. Ha az \u00e9rintett szem\u00e9lyes adatai elavultak, az \u00e9rintett jogosult arra, hogy k\u00e9rje az adatkezel\u0151t\u0151l azok helyesb\u00edt\u00e9s\u00e9t vagy kieg\u00e9sz\u00edt\u00e9s\u00e9t. Az \u00e9rintett jogosult arra, hogy az adatkezel\u0151 indokolatlan k\u00e9sedelem n\u00e9lk\u00fcl helyesb\u00edtse a r\u00e1 vonatkoz\u00f3 pontatlan szem\u00e9lyes adatokat. A szem\u00e9lyes adatok feldolgoz\u00e1s\u00e1nak c\u00e9lja tekintet\u00e9ben az \u00e9rintettnek joga van a hi\u00e1nyos szem\u00e9lyes adatok kieg\u00e9sz\u00edt\u00e9s\u00e9hez.<\/li>\n<li>Az \u00e9rintett jogosult tiltakozni szem\u00e9lyes adatainak kezel\u00e9se ellen, valamint jogosult arra, hogy k\u00e9rje az adatkezel\u0151t\u0151l a jogellenesen vagy a c\u00e9lhoz k\u00e9pest elt\u00e9r\u0151 m\u00f3don kezelt szem\u00e9lyes adatok t\u00f6rl\u00e9s\u00e9t, vagy ha az \u00e9rintett visszavonja hozz\u00e1j\u00e1rul\u00e1s\u00e1t.<\/li>\n<li>Az \u00e9rintett jogosult arra, hogy tiltakozzon szem\u00e9lyes adatainak k\u00f6z\u00e9rdekb\u0151l vagy az adatkezel\u0151 vagy egy harmadik f\u00e9l jogos \u00e9rdekei alapj\u00e1n t\u00f6rt\u00e9n\u0151 kezel\u00e9se ellen, ide\u00e9rtve a profilalkot\u00e1st is. Az adatkezel\u0151 nem kezelheti tov\u00e1bb a szem\u00e9lyes adatokat, kiv\u00e9ve, ha a szem\u00e9lyes adatok feldolgoz\u00e1s\u00e1hoz olyan k\u00e9nyszer\u00edt\u0151 erej\u0171 jogos \u00e9rdekeket igazol, amelyek els\u0151bbs\u00e9get \u00e9lveznek az \u00e9rintett jogaival vagy \u00e9rdekeivel szemben, vagy amelyek jogi ig\u00e9nyek \u00e9rv\u00e9nyes\u00edt\u00e9s\u00e9hez sz\u00fcks\u00e9gesek.<\/li>\n<li>Az \u00e9rintett jogosult arra, hogy tiltakozzon a r\u00e1 vonatkoz\u00f3 szem\u00e9lyes adatok k\u00f6zvetlen \u00fczletszerz\u00e9s c\u00e9lj\u00e1b\u00f3l t\u00f6rt\u00e9n\u0151 feldolgoz\u00e1sa ellen, ide\u00e9rtve a profilalkot\u00e1st is, amennyiben az k\u00f6zvetlen \u00fczletszerz\u00e9shez kapcsol\u00f3dik. Ha az \u00e9rintett tiltakozik a szem\u00e9lyes adatok k\u00f6zvetlen \u00fczletszerz\u00e9s c\u00e9lj\u00e1b\u00f3l t\u00f6rt\u00e9n\u0151 feldolgoz\u00e1sa ellen, az adatkezel\u0151 a tov\u00e1bbiakban nem kezelheti a szem\u00e9lyes adatokat k\u00f6zvetlen \u00fczletszerz\u00e9s c\u00e9lj\u00e1b\u00f3l.<\/li>\n<li>Az \u00e9rintettnek joga van ahhoz, hogy ne terjedjen ki r\u00e1 vonatkoz\u00f3 vagy \u0151t hasonl\u00f3an jelent\u0151s m\u00e9rt\u00e9kben \u00e9rint\u0151, kiz\u00e1r\u00f3lag szem\u00e9lyes adatok automatiz\u00e1lt feldolgoz\u00e1s\u00e1n alapul\u00f3 d\u00f6nt\u00e9s, ide\u00e9rtve a profilalkot\u00e1st is.<\/li>\n<li>Az \u00e9rintett jogosult arra, hogy az adatkezel\u0151 indokolatlan k\u00e9sedelem n\u00e9lk\u00fcl t\u00f6r\u00f6lje a r\u00e1 vonatkoz\u00f3 szem\u00e9lyes adatokat. Az \u00e9rintett jogosult arra, hogy k\u00e9rje az adatkezel\u0151t\u0151l a szem\u00e9lyes adatok kezel\u00e9s\u00e9nek korl\u00e1toz\u00e1s\u00e1t, ha az \u00e9rintett kifog\u00e1solja a szem\u00e9lyes adatok pontoss\u00e1g\u00e1t egy olyan id\u0151tartam alatt, amely lehet\u0151v\u00e9 teszi az adatkezel\u0151 sz\u00e1m\u00e1ra, hogy ellen\u0151rizze a szem\u00e9lyes adatok pontoss\u00e1g\u00e1t, a szem\u00e9lyes adatok kezel\u00e9se jogellenes, \u00e9s az \u00e9rintett kifog\u00e1solja a szem\u00e9lyes adatok t\u00f6rl\u00e9s\u00e9t, \u00e9s ehelyett k\u00e9ri azok felhaszn\u00e1l\u00e1s\u00e1nak korl\u00e1toz\u00e1s\u00e1t, az adatkezel\u0151nek m\u00e1r nincs sz\u00fcks\u00e9ge a szem\u00e9lyes adatokra a szem\u00e9lyes adatok feldolgoz\u00e1s\u00e1nak c\u00e9lj\u00e1ra, de az \u00e9rintettnek sz\u00fcks\u00e9ge van a szem\u00e9lyes adatokra jogi ig\u00e9ny \u00e9rv\u00e9nyes\u00edt\u00e9s\u00e9hez, vagy az \u00e9rintett k\u00f6z\u00e9rdekb\u0151l vagy az adatkezel\u0151 vagy egy harmadik f\u00e9l jogos \u00e9rdekeire hivatkozva tiltakozik a szem\u00e9lyes adatok feldolgoz\u00e1sa ellen, am\u00edg nem ellen\u0151rzik, hogy az adatkezel\u0151 jogos indokai els\u0151bbs\u00e9get \u00e9lveznek-e az \u00e9rintett jogos indokaival szemben.<\/li>\n<li>Ha a szem\u00e9lyes adatok kezel\u00e9s\u00e9t &#8211; a t\u00e1rol\u00e1s kiv\u00e9tel\u00e9vel &#8211; korl\u00e1tozt\u00e1k, az adatkezel\u0151 a szem\u00e9lyes adatokat csak az \u00e9rintett hozz\u00e1j\u00e1rul\u00e1s\u00e1val, illetve jogi ig\u00e9ny \u00e9rv\u00e9nyes\u00edt\u00e9se c\u00e9lj\u00e1b\u00f3l, az egy\u00e9nek v\u00e9delme \u00e9rdek\u00e9ben vagy k\u00f6z\u00e9rdekb\u0151l kezelheti. Az adatkezel\u0151 t\u00e1j\u00e9koztatja azt az \u00e9rintettet, akinek szem\u00e9lyes adatainak feldolgoz\u00e1s\u00e1t korl\u00e1tozt\u00e1k, miel\u0151tt a szem\u00e9lyes adatok feldolgoz\u00e1s\u00e1ra vonatkoz\u00f3 korl\u00e1toz\u00e1st feloldj\u00e1k.<\/li>\n<li>Az \u00e9rintett jogosult arra, hogy k\u00e9rje az adatkezel\u0151t\u0151l a szem\u00e9lyes adatainak elektronikus form\u00e1ban t\u00f6rt\u00e9n\u0151 \u00e1tad\u00e1s\u00e1t, amely lehet\u0151v\u00e9 teszi az \u00e9rintett szem\u00e9lyes adatainak egy m\u00e1sik v\u00e1llalathoz t\u00f6rt\u00e9n\u0151 tov\u00e1bb\u00edt\u00e1s\u00e1t. egy harmadik szem\u00e9lynek. Az \u00e9rintett jogosult arra, hogy a r\u00e1 vonatkoz\u00f3, \u00e1ltala az adatkezel\u0151 rendelkez\u00e9s\u00e9re bocs\u00e1tott szem\u00e9lyes adatokat tagolt, sz\u00e9les k\u00f6rben haszn\u00e1lt \u00e9s g\u00e9ppel olvashat\u00f3 form\u00e1tumban megkapja, tov\u00e1bb\u00e1 jogosult arra, hogy ezeket a szem\u00e9lyes adatokat egy m\u00e1sik adatkezel\u0151nek tov\u00e1bb\u00edtsa, amennyiben ez technikailag megval\u00f3s\u00edthat\u00f3, \u00e9s amennyiben a szem\u00e9lyes adatokat az adatkezel\u0151 az \u00e9rintett hozz\u00e1j\u00e1rul\u00e1sa vagy szerz\u0151d\u00e9ses kapcsolat alapj\u00e1n kezeli.<\/li>\n<li>Az \u00e9rintett jogosult arra, hogy szem\u00e9lyes adatv\u00e9delmi elj\u00e1r\u00e1s megind\u00edt\u00e1sa ir\u00e1nti k\u00e9relmet ny\u00fajtson be, amelynek c\u00e9lja annak meg\u00e1llap\u00edt\u00e1sa, hogy a term\u00e9szetes szem\u00e9lyek jogainak megs\u00e9rt\u00e9se t\u00f6rt\u00e9nt-e szem\u00e9lyes adataik kezel\u00e9se sor\u00e1n, vagy megs\u00e9rtett\u00e9k-e a szem\u00e9lyes adatok v\u00e9delm\u00e9r\u0151l sz\u00f3l\u00f3 t\u00f6rv\u00e9nyt vagy valamely k\u00fcl\u00f6n rendeletet, \u00e9s hi\u00e1nyoss\u00e1gok meg\u00e1llap\u00edt\u00e1sa eset\u00e9n, amennyiben az \u00e9sszer\u0171 \u00e9s c\u00e9lszer\u0171, e t\u00f6rv\u00e9ny vagy a szem\u00e9lyes adatok v\u00e9delm\u00e9re vonatkoz\u00f3 k\u00fcl\u00f6n rendelet megs\u00e9rt\u00e9se miatt korrekci\u00f3s int\u00e9zked\u00e9sek vagy b\u00edrs\u00e1g kiszab\u00e1sa. Az elj\u00e1r\u00e1st az \u00e9rintett szem\u00e9ly vagy az e t\u00f6rv\u00e9ny szerinti jogai \u00e1ltal k\u00f6zvetlen\u00fcl \u00e9rintettnek mondott szem\u00e9ly k\u00e9relm\u00e9re kell megind\u00edtani. Az \u00e9rintett vagy az \u00e9rintett vagy az a szem\u00e9ly, aki azt \u00e1ll\u00edtja, hogy az e t\u00f6rv\u00e9nyben biztos\u00edtott jogaiban k\u00f6zvetlen\u00fcl \u00e9rintett, valamint a szem\u00e9lyes adatok v\u00e9delm\u00e9re vonatkoz\u00f3 elj\u00e1r\u00e1s elemeit a t\u00f6rv\u00e9ny 100. szakasz\u00e1nak rendelkez\u00e9sei szab\u00e1lyozz\u00e1k. 18\/2018 Coll. a szem\u00e9lyes adatok v\u00e9delm\u00e9r\u0151l.<\/li>\n<li>Az adatkezel\u0151 \u00e1ltal az \u00e9rintett jog\u00e1nak gyakorl\u00e1sa alapj\u00e1n ny\u00fajtott t\u00e1j\u00e9koztat\u00e1s ingyenes. Ha az \u00e9rintett k\u00e9relme nyilv\u00e1nval\u00f3an megalapozatlan vagy ar\u00e1nytalan, k\u00fcl\u00f6n\u00f6sen ism\u00e9tl\u0151d\u0151 jellege miatt, az adatkezel\u0151 az inform\u00e1ci\u00f3szolg\u00e1ltat\u00e1s adminisztrat\u00edv k\u00f6lts\u00e9geinek figyelembev\u00e9tel\u00e9vel \u00e9sszer\u0171 d\u00edjat sz\u00e1m\u00edthat fel, vagy megtagadhatja a k\u00e9relem teljes\u00edt\u00e9s\u00e9t. Az \u00e9rintett a szem\u00e9lyes adatainak fentiek szerinti kezel\u00e9s\u00e9vel kapcsolatos jogainak gyakorl\u00e1s\u00e1ra ir\u00e1nyul\u00f3 k\u00e9relm\u00e9t \u00edr\u00e1sban, postai \u00faton vagy e-mailben ny\u00fajthatja be, az adatkezel\u0151 pedig az \u00e9rintett k\u00e9relm\u00e9vel foglalkozik, \u00e9s a k\u00e9relem beny\u00fajt\u00e1s\u00e1val megegyez\u0151 m\u00f3don t\u00e1j\u00e9koztatja az \u00e9rintettet annak eredm\u00e9ny\u00e9r\u0151l.<br \/>\n<h3>VII. Fel\u00fcgyeleti hat\u00f3s\u00e1g<\/h3>\n<p>A Szlov\u00e1k K\u00f6zt\u00e1rsas\u00e1g Szem\u00e9lyes Adatv\u00e9delmi Hivatala Hrani\u010dn\u00e1 12 820 07, Bratislava 27 Slovak Republic ID No.: 36064220 E-mail: statny.dozor@pdp.gov.sk<\/li>\n<\/ol>\n<p>[\/vc_column_text][\/vc_column][\/vc_row]<\/p>\n<\/section>","protected":false},"excerpt":{"rendered":"<p>[vc_row][vc_column][vc_column_text woodmart_inline=&#8221;no&#8221; text_larger=&#8221;no&#8221;] Szem\u00e9lyes adatok feldolgoz\u00e1sa az Eur\u00f3pai Parlament \u00e9s a Tan\u00e1cs rendelet\u00e9nek megfelel\u0151en a 13-22. cikk \u00e9rtelm\u00e9ben vett, az<\/p>\n","protected":false},"author":1,"featured_media":0,"parent":0,"menu_order":0,"comment_status":"closed","ping_status":"closed","template":"","meta":{"footnotes":""},"class_list":["post-11530","page","type-page","status-publish","hentry"],"yoast_head":"<!-- This site is optimized with the Yoast SEO plugin v24.3 - https:\/\/yoast.com\/wordpress\/plugins\/seo\/ -->\n<title>Szem\u00e9lyes adatok feldolgoz\u00e1sa | SLOVKLIMA DEIMOS group, s.r.o.<\/title>\n<meta name=\"robots\" content=\"index, follow, max-snippet:-1, max-image-preview:large, max-video-preview:-1\" \/>\n<link rel=\"canonical\" href=\"https:\/\/www.slovklima.sk\/hu\/szemelyes-adatok-feldolgozasa\/\" \/>\n<meta property=\"og:locale\" content=\"hu_HU\" \/>\n<meta property=\"og:type\" content=\"article\" \/>\n<meta property=\"og:title\" content=\"Szem\u00e9lyes adatok feldolgoz\u00e1sa | SLOVKLIMA DEIMOS group, s.r.o.\" \/>\n<meta property=\"og:description\" content=\"[vc_row][vc_column][vc_column_text woodmart_inline=&#8221;no&#8221; text_larger=&#8221;no&#8221;] Szem\u00e9lyes adatok feldolgoz\u00e1sa az Eur\u00f3pai Parlament \u00e9s a Tan\u00e1cs rendelet\u00e9nek megfelel\u0151en a 13-22. cikk \u00e9rtelm\u00e9ben vett, az\" \/>\n<meta property=\"og:url\" content=\"https:\/\/www.slovklima.sk\/hu\/szemelyes-adatok-feldolgozasa\/\" \/>\n<meta property=\"og:site_name\" content=\"SLOVKLIMA DEIMOS group, s.r.o.\" \/>\n<meta property=\"article:modified_time\" content=\"2024-06-07T10:31:08+00:00\" \/>\n<meta property=\"og:image\" content=\"https:\/\/www.slovklima.sk\/wp-content\/uploads\/2025\/03\/slovklima-logo-sk.jpg\" \/>\n\t<meta property=\"og:image:width\" content=\"500\" \/>\n\t<meta property=\"og:image:height\" content=\"230\" \/>\n\t<meta property=\"og:image:type\" content=\"image\/jpeg\" \/>\n<meta name=\"twitter:card\" content=\"summary_large_image\" \/>\n<meta name=\"twitter:label1\" content=\"Becs\u00fclt olvas\u00e1si id\u0151\" \/>\n\t<meta name=\"twitter:data1\" content=\"8 perc\" \/>\n<script type=\"application\/ld+json\" class=\"yoast-schema-graph\">{\"@context\":\"https:\/\/schema.org\",\"@graph\":[{\"@type\":\"WebPage\",\"@id\":\"https:\/\/www.slovklima.sk\/hu\/szemelyes-adatok-feldolgozasa\/\",\"url\":\"https:\/\/www.slovklima.sk\/hu\/szemelyes-adatok-feldolgozasa\/\",\"name\":\"Szem\u00e9lyes adatok feldolgoz\u00e1sa | SLOVKLIMA DEIMOS group, s.r.o.\",\"isPartOf\":{\"@id\":\"https:\/\/www.slovklima.sk\/#website\"},\"datePublished\":\"2022-12-08T14:46:02+00:00\",\"dateModified\":\"2024-06-07T10:31:08+00:00\",\"breadcrumb\":{\"@id\":\"https:\/\/www.slovklima.sk\/hu\/szemelyes-adatok-feldolgozasa\/#breadcrumb\"},\"inLanguage\":\"hu\",\"potentialAction\":[{\"@type\":\"ReadAction\",\"target\":[\"https:\/\/www.slovklima.sk\/hu\/szemelyes-adatok-feldolgozasa\/\"]}]},{\"@type\":\"BreadcrumbList\",\"@id\":\"https:\/\/www.slovklima.sk\/hu\/szemelyes-adatok-feldolgozasa\/#breadcrumb\",\"itemListElement\":[{\"@type\":\"ListItem\",\"position\":1,\"name\":\"Domovsk\u00e1 str\u00e1nka\",\"item\":\"https:\/\/www.slovklima.sk\/hu\/\"},{\"@type\":\"ListItem\",\"position\":2,\"name\":\"Szem\u00e9lyes adatok feldolgoz\u00e1sa\"}]},{\"@type\":\"WebSite\",\"@id\":\"https:\/\/www.slovklima.sk\/#website\",\"url\":\"https:\/\/www.slovklima.sk\/\",\"name\":\"SLOVKLIMA DEIMOS group, s.r.o.\",\"description\":\"\",\"publisher\":{\"@id\":\"https:\/\/www.slovklima.sk\/#organization\"},\"alternateName\":\"SLOVKLIMA\",\"potentialAction\":[{\"@type\":\"SearchAction\",\"target\":{\"@type\":\"EntryPoint\",\"urlTemplate\":\"https:\/\/www.slovklima.sk\/?s={search_term_string}\"},\"query-input\":{\"@type\":\"PropertyValueSpecification\",\"valueRequired\":true,\"valueName\":\"search_term_string\"}}],\"inLanguage\":\"hu\"},{\"@type\":\"Organization\",\"@id\":\"https:\/\/www.slovklima.sk\/#organization\",\"name\":\"SLOVKLIMA DEIMOS group, s.r.o.\",\"alternateName\":\"SLOVKLIMA\",\"url\":\"https:\/\/www.slovklima.sk\/\",\"logo\":{\"@type\":\"ImageObject\",\"inLanguage\":\"hu\",\"@id\":\"https:\/\/www.slovklima.sk\/#\/schema\/logo\/image\/\",\"url\":\"https:\/\/www.slovklima.sk\/wp-content\/uploads\/2022\/12\/slovklima-logo-black.svg\",\"contentUrl\":\"https:\/\/www.slovklima.sk\/wp-content\/uploads\/2022\/12\/slovklima-logo-black.svg\",\"width\":3218,\"height\":698,\"caption\":\"SLOVKLIMA DEIMOS group, s.r.o.\"},\"image\":{\"@id\":\"https:\/\/www.slovklima.sk\/#\/schema\/logo\/image\/\"}}]}<\/script>\n<!-- \/ Yoast SEO plugin. -->","yoast_head_json":{"title":"Szem\u00e9lyes adatok feldolgoz\u00e1sa | SLOVKLIMA DEIMOS group, s.r.o.","robots":{"index":"index","follow":"follow","max-snippet":"max-snippet:-1","max-image-preview":"max-image-preview:large","max-video-preview":"max-video-preview:-1"},"canonical":"https:\/\/www.slovklima.sk\/hu\/szemelyes-adatok-feldolgozasa\/","og_locale":"hu_HU","og_type":"article","og_title":"Szem\u00e9lyes adatok feldolgoz\u00e1sa | SLOVKLIMA DEIMOS group, s.r.o.","og_description":"[vc_row][vc_column][vc_column_text woodmart_inline=&#8221;no&#8221; text_larger=&#8221;no&#8221;] Szem\u00e9lyes adatok feldolgoz\u00e1sa az Eur\u00f3pai Parlament \u00e9s a Tan\u00e1cs rendelet\u00e9nek megfelel\u0151en a 13-22. cikk \u00e9rtelm\u00e9ben vett, az","og_url":"https:\/\/www.slovklima.sk\/hu\/szemelyes-adatok-feldolgozasa\/","og_site_name":"SLOVKLIMA DEIMOS group, s.r.o.","article_modified_time":"2024-06-07T10:31:08+00:00","og_image":[{"width":500,"height":230,"url":"https:\/\/www.slovklima.sk\/wp-content\/uploads\/2025\/03\/slovklima-logo-sk.jpg","type":"image\/jpeg"}],"twitter_card":"summary_large_image","twitter_misc":{"Becs\u00fclt olvas\u00e1si id\u0151":"8 perc"},"schema":{"@context":"https:\/\/schema.org","@graph":[{"@type":"WebPage","@id":"https:\/\/www.slovklima.sk\/hu\/szemelyes-adatok-feldolgozasa\/","url":"https:\/\/www.slovklima.sk\/hu\/szemelyes-adatok-feldolgozasa\/","name":"Szem\u00e9lyes adatok feldolgoz\u00e1sa | SLOVKLIMA DEIMOS group, s.r.o.","isPartOf":{"@id":"https:\/\/www.slovklima.sk\/#website"},"datePublished":"2022-12-08T14:46:02+00:00","dateModified":"2024-06-07T10:31:08+00:00","breadcrumb":{"@id":"https:\/\/www.slovklima.sk\/hu\/szemelyes-adatok-feldolgozasa\/#breadcrumb"},"inLanguage":"hu","potentialAction":[{"@type":"ReadAction","target":["https:\/\/www.slovklima.sk\/hu\/szemelyes-adatok-feldolgozasa\/"]}]},{"@type":"BreadcrumbList","@id":"https:\/\/www.slovklima.sk\/hu\/szemelyes-adatok-feldolgozasa\/#breadcrumb","itemListElement":[{"@type":"ListItem","position":1,"name":"Domovsk\u00e1 str\u00e1nka","item":"https:\/\/www.slovklima.sk\/hu\/"},{"@type":"ListItem","position":2,"name":"Szem\u00e9lyes adatok feldolgoz\u00e1sa"}]},{"@type":"WebSite","@id":"https:\/\/www.slovklima.sk\/#website","url":"https:\/\/www.slovklima.sk\/","name":"SLOVKLIMA DEIMOS group, s.r.o.","description":"","publisher":{"@id":"https:\/\/www.slovklima.sk\/#organization"},"alternateName":"SLOVKLIMA","potentialAction":[{"@type":"SearchAction","target":{"@type":"EntryPoint","urlTemplate":"https:\/\/www.slovklima.sk\/?s={search_term_string}"},"query-input":{"@type":"PropertyValueSpecification","valueRequired":true,"valueName":"search_term_string"}}],"inLanguage":"hu"},{"@type":"Organization","@id":"https:\/\/www.slovklima.sk\/#organization","name":"SLOVKLIMA DEIMOS group, s.r.o.","alternateName":"SLOVKLIMA","url":"https:\/\/www.slovklima.sk\/","logo":{"@type":"ImageObject","inLanguage":"hu","@id":"https:\/\/www.slovklima.sk\/#\/schema\/logo\/image\/","url":"https:\/\/www.slovklima.sk\/wp-content\/uploads\/2022\/12\/slovklima-logo-black.svg","contentUrl":"https:\/\/www.slovklima.sk\/wp-content\/uploads\/2022\/12\/slovklima-logo-black.svg","width":3218,"height":698,"caption":"SLOVKLIMA DEIMOS group, s.r.o."},"image":{"@id":"https:\/\/www.slovklima.sk\/#\/schema\/logo\/image\/"}}]}},"_links":{"self":[{"href":"https:\/\/www.slovklima.sk\/hu\/wp-json\/wp\/v2\/pages\/11530","targetHints":{"allow":["GET"]}}],"collection":[{"href":"https:\/\/www.slovklima.sk\/hu\/wp-json\/wp\/v2\/pages"}],"about":[{"href":"https:\/\/www.slovklima.sk\/hu\/wp-json\/wp\/v2\/types\/page"}],"author":[{"embeddable":true,"href":"https:\/\/www.slovklima.sk\/hu\/wp-json\/wp\/v2\/users\/1"}],"replies":[{"embeddable":true,"href":"https:\/\/www.slovklima.sk\/hu\/wp-json\/wp\/v2\/comments?post=11530"}],"version-history":[{"count":0,"href":"https:\/\/www.slovklima.sk\/hu\/wp-json\/wp\/v2\/pages\/11530\/revisions"}],"wp:attachment":[{"href":"https:\/\/www.slovklima.sk\/hu\/wp-json\/wp\/v2\/media?parent=11530"}],"curies":[{"name":"wp","href":"https:\/\/api.w.org\/{rel}","templated":true}]}}