{"id":11401,"date":"2017-06-15T06:52:02","date_gmt":"2017-06-15T04:52:02","guid":{"rendered":"https:\/\/www.slovklima.sk\/hivatkozasok\/"},"modified":"2025-05-06T20:04:55","modified_gmt":"2025-05-06T18:04:55","slug":"referenciak","status":"publish","type":"page","link":"https:\/\/www.slovklima.sk\/hu\/referenciak\/","title":{"rendered":"Referenci\u00e1k"},"content":{"rendered":"<section class=\"wpb-content-wrapper\"><p>[vc_row][vc_column]\t\t\t\t\t\t\t\t\t<div id=\"wd-69f44a9350c2c\" class=\"wd-portfolio-element wd-rs-6669489e4cf10\">\n\n\t\t\t\t\t\n\t\t\t\t\t<div class=\"wd-projects wd-masonry wd-grid-f-col\" data-atts=\"{&quot;carousel_id&quot;:&quot;5000&quot;,&quot;speed&quot;:&quot;5000&quot;,&quot;slides_per_view&quot;:&quot;3&quot;,&quot;slides_per_view_tablet&quot;:&quot;auto&quot;,&quot;slides_per_view_mobile&quot;:&quot;auto&quot;,&quot;wrap&quot;:&quot;&quot;,&quot;loop&quot;:false,&quot;autoplay&quot;:&quot;no&quot;,&quot;autoheight&quot;:&quot;no&quot;,&quot;hide_pagination_control&quot;:&quot;no&quot;,&quot;hide_pagination_control_tablet&quot;:&quot;yes&quot;,&quot;hide_pagination_control_mobile&quot;:&quot;yes&quot;,&quot;dynamic_pagination_control&quot;:&quot;no&quot;,&quot;hide_prev_next_buttons&quot;:&quot;&quot;,&quot;hide_prev_next_buttons_tablet&quot;:&quot;&quot;,&quot;hide_prev_next_buttons_mobile&quot;:&quot;&quot;,&quot;carousel_arrows_position&quot;:&quot;&quot;,&quot;hide_scrollbar&quot;:&quot;yes&quot;,&quot;hide_scrollbar_tablet&quot;:&quot;yes&quot;,&quot;hide_scrollbar_mobile&quot;:&quot;yes&quot;,&quot;scroll_per_page&quot;:&quot;yes&quot;,&quot;dragEndSpeed&quot;:200,&quot;center_mode&quot;:&quot;no&quot;,&quot;custom_sizes&quot;:&quot;&quot;,&quot;sliding_speed&quot;:false,&quot;animation&quot;:false,&quot;content_animation&quot;:false,&quot;post_type&quot;:&quot;&quot;,&quot;slider&quot;:&quot;&quot;,&quot;library&quot;:&quot;&quot;,&quot;css&quot;:&quot;&quot;,&quot;effect&quot;:&quot;&quot;,&quot;spacing&quot;:&quot;20&quot;,&quot;spacing_tablet&quot;:&quot;&quot;,&quot;spacing_mobile&quot;:&quot;&quot;,&quot;carousel_sync&quot;:&quot;&quot;,&quot;sync_parent_id&quot;:&quot;&quot;,&quot;sync_child_id&quot;:&quot;&quot;,&quot;scroll_carousel_init&quot;:&quot;no&quot;,&quot;disable_overflow_carousel&quot;:&quot;no&quot;,&quot;posts_per_page&quot;:&quot;15&quot;,&quot;filters&quot;:&quot;0&quot;,&quot;filters_type&quot;:&quot;masonry&quot;,&quot;categories&quot;:&quot;&quot;,&quot;style&quot;:&quot;hover-inverse&quot;,&quot;columns&quot;:3,&quot;columns_tablet&quot;:&quot;auto&quot;,&quot;columns_mobile&quot;:&quot;auto&quot;,&quot;pagination&quot;:&quot;load_more&quot;,&quot;ajax_page&quot;:&quot;&quot;,&quot;orderby&quot;:&quot;date&quot;,&quot;order&quot;:&quot;&quot;,&quot;layout&quot;:&quot;grid&quot;,&quot;lazy_loading&quot;:&quot;yes&quot;,&quot;el_class&quot;:&quot;&quot;,&quot;el_id&quot;:&quot;wd-69f44a9350c2c&quot;,&quot;wrapper_classes&quot;:&quot;&quot;,&quot;image_size&quot;:&quot;large&quot;,&quot;image_size_custom&quot;:[],&quot;woodmart_css_id&quot;:&quot;6669489e4cf10&quot;}\" data-source=\"shortcode\" data-paged=\"1\" style=\"--wd-col-lg:3;--wd-col-md:3;--wd-col-sm:1;--wd-gap-lg:20px;--wd-gap-sm:10px;\">\n\t\t\t\t\t\t\n<article id=\"post-14633\" class=\"wd-project portfolio-entry wd-col masonry-item portfolio-hover-inverse proj-cat-nagyobb-megvalositasok-es-szallitasok-referenciai post-14633 portfolio type-portfolio status-publish has-post-thumbnail hentry project-cat-nagyobb-megvalositasok-es-szallitasok-referenciai\">\n\t<header class=\"entry-header\">\n\t\t\t\t\t<figure class=\"entry-thumbnail color-scheme-light\">\n\t\t\t\t<a href=\"https:\/\/www.slovklima.sk\/hu\/portfolio\/tarsashaz-uzlethelyiseggel-topolnikyban\/\" class=\"portfolio-thumbnail\">\n\t\t\t\t\t<img decoding=\"async\" width=\"640\" height=\"480\" src=\"https:\/\/www.slovklima.sk\/wp-content\/uploads\/2025\/04\/referencie_bytovy_dom_topolniky1.jpg\" class=\"attachment-large size-large\" alt=\"\" srcset=\"https:\/\/www.slovklima.sk\/wp-content\/uploads\/2025\/04\/referencie_bytovy_dom_topolniky1.jpg 640w, https:\/\/www.slovklima.sk\/wp-content\/uploads\/2025\/04\/referencie_bytovy_dom_topolniky1-400x300.jpg 400w, https:\/\/www.slovklima.sk\/wp-content\/uploads\/2025\/04\/referencie_bytovy_dom_topolniky1-430x323.jpg 430w, https:\/\/www.slovklima.sk\/wp-content\/uploads\/2025\/04\/referencie_bytovy_dom_topolniky1-150x113.jpg 150w\" sizes=\"(max-width: 640px) 100vw, 640px\" \/>\t\t\t\t<\/a>\n\t\t\t\t<div class=\"wd-portfolio-btns\">\n\t\t\t\t\t<div class=\"portfolio-enlarge wd-action-btn wd-style-icon wd-enlarge-icon\">\n\t\t\t\t\t\t<a href=\"https:\/\/www.slovklima.sk\/wp-content\/uploads\/2025\/04\/referencie_bytovy_dom_topolniky1.jpg\" data-elementor-open-lightbox=\"no\">Nagy\u00edt\u00e1s<\/a>\n\t\t\t\t\t<\/div>\n\t\t\t\t\t\t\t\t\t<\/div>\n\t\t\t<\/figure>\n\t\t\n\t\t<div class=\"portfolio-info color-scheme-light\">\n\t\t\t\t\t\t\t<div class=\"wrap-meta\">\n\t\t\t\t\t<ul class=\"proj-cats-list\">\n\t\t\t\t\t\t\t\t\t\t\t\t\t\t\t\t\t\t\t\t<li>Nagyobb megval\u00f3s\u00edt\u00e1sok \u00e9s sz\u00e1ll\u00edt\u00e1sok referenci\u00e1i<\/li>\n\t\t\t\t\t\t\t\t\t\t\t<\/ul>\n\t\t\t\t<\/div>\n\t\t\t\n\t\t\t<div class=\"wrap-title\">\n\t\t\t\t<h3 class=\"wd-entities-title\">\n\t\t\t\t\t<a href=\"https:\/\/www.slovklima.sk\/hu\/portfolio\/tarsashaz-uzlethelyiseggel-topolnikyban\/\" rel=\"bookmark\">T\u00e1rsash\u00e1z \u00fczlethelyis\u00e9ggel Topo\u013en\u00edkyban<\/a>\n\t\t\t\t<\/h3>\n\t\t\t<\/div>\n\t\t<\/div>\n\t<\/header>\n<\/article>\n\n<article id=\"post-14604\" class=\"wd-project portfolio-entry wd-col masonry-item portfolio-hover-inverse proj-cat-nagyobb-megvalositasok-es-szallitasok-referenciai post-14604 portfolio type-portfolio status-publish has-post-thumbnail hentry project-cat-nagyobb-megvalositasok-es-szallitasok-referenciai\">\n\t<header class=\"entry-header\">\n\t\t\t\t\t<figure class=\"entry-thumbnail color-scheme-light\">\n\t\t\t\t<a href=\"https:\/\/www.slovklima.sk\/hu\/portfolio\/bp-ingatlan-magyarorszag\/\" class=\"portfolio-thumbnail\">\n\t\t\t\t\t<img decoding=\"async\" width=\"640\" height=\"480\" src=\"https:\/\/www.slovklima.sk\/wp-content\/uploads\/2025\/04\/referencie_bp_ingatlan7.jpg\" class=\"attachment-large size-large\" alt=\"\" srcset=\"https:\/\/www.slovklima.sk\/wp-content\/uploads\/2025\/04\/referencie_bp_ingatlan7.jpg 640w, https:\/\/www.slovklima.sk\/wp-content\/uploads\/2025\/04\/referencie_bp_ingatlan7-400x300.jpg 400w, https:\/\/www.slovklima.sk\/wp-content\/uploads\/2025\/04\/referencie_bp_ingatlan7-430x323.jpg 430w, https:\/\/www.slovklima.sk\/wp-content\/uploads\/2025\/04\/referencie_bp_ingatlan7-150x113.jpg 150w\" sizes=\"(max-width: 640px) 100vw, 640px\" \/>\t\t\t\t<\/a>\n\t\t\t\t<div class=\"wd-portfolio-btns\">\n\t\t\t\t\t<div class=\"portfolio-enlarge wd-action-btn wd-style-icon wd-enlarge-icon\">\n\t\t\t\t\t\t<a href=\"https:\/\/www.slovklima.sk\/wp-content\/uploads\/2025\/04\/referencie_bp_ingatlan7.jpg\" data-elementor-open-lightbox=\"no\">Nagy\u00edt\u00e1s<\/a>\n\t\t\t\t\t<\/div>\n\t\t\t\t\t\t\t\t\t<\/div>\n\t\t\t<\/figure>\n\t\t\n\t\t<div class=\"portfolio-info color-scheme-light\">\n\t\t\t\t\t\t\t<div class=\"wrap-meta\">\n\t\t\t\t\t<ul class=\"proj-cats-list\">\n\t\t\t\t\t\t\t\t\t\t\t\t\t\t\t\t\t\t\t\t<li>Nagyobb megval\u00f3s\u00edt\u00e1sok \u00e9s sz\u00e1ll\u00edt\u00e1sok referenci\u00e1i<\/li>\n\t\t\t\t\t\t\t\t\t\t\t<\/ul>\n\t\t\t\t<\/div>\n\t\t\t\n\t\t\t<div class=\"wrap-title\">\n\t\t\t\t<h3 class=\"wd-entities-title\">\n\t\t\t\t\t<a href=\"https:\/\/www.slovklima.sk\/hu\/portfolio\/bp-ingatlan-magyarorszag\/\" rel=\"bookmark\">BP Ingatlan Magyarorsz\u00e1g<\/a>\n\t\t\t\t<\/h3>\n\t\t\t<\/div>\n\t\t<\/div>\n\t<\/header>\n<\/article>\n\n<article id=\"post-14550\" class=\"wd-project portfolio-entry wd-col masonry-item portfolio-hover-inverse proj-cat-nagyobb-megvalositasok-es-szallitasok-referenciai post-14550 portfolio type-portfolio status-publish has-post-thumbnail hentry project-cat-nagyobb-megvalositasok-es-szallitasok-referenciai\">\n\t<header class=\"entry-header\">\n\t\t\t\t\t<figure class=\"entry-thumbnail color-scheme-light\">\n\t\t\t\t<a href=\"https:\/\/www.slovklima.sk\/hu\/portfolio\/story-club\/\" class=\"portfolio-thumbnail\">\n\t\t\t\t\t<img decoding=\"async\" width=\"640\" height=\"480\" src=\"https:\/\/www.slovklima.sk\/wp-content\/uploads\/2025\/04\/referencia_story_club1.jpg\" class=\"attachment-large size-large\" alt=\"\" srcset=\"https:\/\/www.slovklima.sk\/wp-content\/uploads\/2025\/04\/referencia_story_club1.jpg 640w, https:\/\/www.slovklima.sk\/wp-content\/uploads\/2025\/04\/referencia_story_club1-400x300.jpg 400w, https:\/\/www.slovklima.sk\/wp-content\/uploads\/2025\/04\/referencia_story_club1-430x323.jpg 430w, https:\/\/www.slovklima.sk\/wp-content\/uploads\/2025\/04\/referencia_story_club1-150x113.jpg 150w\" sizes=\"(max-width: 640px) 100vw, 640px\" \/>\t\t\t\t<\/a>\n\t\t\t\t<div class=\"wd-portfolio-btns\">\n\t\t\t\t\t<div class=\"portfolio-enlarge wd-action-btn wd-style-icon wd-enlarge-icon\">\n\t\t\t\t\t\t<a href=\"https:\/\/www.slovklima.sk\/wp-content\/uploads\/2025\/04\/referencia_story_club1.jpg\" data-elementor-open-lightbox=\"no\">Nagy\u00edt\u00e1s<\/a>\n\t\t\t\t\t<\/div>\n\t\t\t\t\t\t\t\t\t<\/div>\n\t\t\t<\/figure>\n\t\t\n\t\t<div class=\"portfolio-info color-scheme-light\">\n\t\t\t\t\t\t\t<div class=\"wrap-meta\">\n\t\t\t\t\t<ul class=\"proj-cats-list\">\n\t\t\t\t\t\t\t\t\t\t\t\t\t\t\t\t\t\t\t\t<li>Nagyobb megval\u00f3s\u00edt\u00e1sok \u00e9s sz\u00e1ll\u00edt\u00e1sok referenci\u00e1i<\/li>\n\t\t\t\t\t\t\t\t\t\t\t<\/ul>\n\t\t\t\t<\/div>\n\t\t\t\n\t\t\t<div class=\"wrap-title\">\n\t\t\t\t<h3 class=\"wd-entities-title\">\n\t\t\t\t\t<a href=\"https:\/\/www.slovklima.sk\/hu\/portfolio\/story-club\/\" rel=\"bookmark\">STORY CLUB<\/a>\n\t\t\t\t<\/h3>\n\t\t\t<\/div>\n\t\t<\/div>\n\t<\/header>\n<\/article>\n\n<article id=\"post-13710\" class=\"wd-project portfolio-entry wd-col masonry-item portfolio-hover-inverse proj-cat-nagyobb-megvalositasok-es-szallitasok-referenciai post-13710 portfolio type-portfolio status-publish has-post-thumbnail hentry project-cat-nagyobb-megvalositasok-es-szallitasok-referenciai\">\n\t<header class=\"entry-header\">\n\t\t\t\t\t<figure class=\"entry-thumbnail color-scheme-light\">\n\t\t\t\t<a href=\"https:\/\/www.slovklima.sk\/hu\/portfolio\/slovklima-park-sala-2\/\" class=\"portfolio-thumbnail\">\n\t\t\t\t\t<img decoding=\"async\" width=\"640\" height=\"480\" src=\"https:\/\/www.slovklima.sk\/wp-content\/uploads\/2025\/03\/slovklima-park-2-6.jpg\" class=\"attachment-large size-large\" alt=\"\" srcset=\"https:\/\/www.slovklima.sk\/wp-content\/uploads\/2025\/03\/slovklima-park-2-6.jpg 640w, https:\/\/www.slovklima.sk\/wp-content\/uploads\/2025\/03\/slovklima-park-2-6-400x300.jpg 400w, https:\/\/www.slovklima.sk\/wp-content\/uploads\/2025\/03\/slovklima-park-2-6-430x323.jpg 430w, https:\/\/www.slovklima.sk\/wp-content\/uploads\/2025\/03\/slovklima-park-2-6-150x113.jpg 150w\" sizes=\"(max-width: 640px) 100vw, 640px\" \/>\t\t\t\t<\/a>\n\t\t\t\t<div class=\"wd-portfolio-btns\">\n\t\t\t\t\t<div class=\"portfolio-enlarge wd-action-btn wd-style-icon wd-enlarge-icon\">\n\t\t\t\t\t\t<a href=\"https:\/\/www.slovklima.sk\/wp-content\/uploads\/2025\/03\/slovklima-park-2-6.jpg\" data-elementor-open-lightbox=\"no\">Nagy\u00edt\u00e1s<\/a>\n\t\t\t\t\t<\/div>\n\t\t\t\t\t\t\t\t\t<\/div>\n\t\t\t<\/figure>\n\t\t\n\t\t<div class=\"portfolio-info color-scheme-light\">\n\t\t\t\t\t\t\t<div class=\"wrap-meta\">\n\t\t\t\t\t<ul class=\"proj-cats-list\">\n\t\t\t\t\t\t\t\t\t\t\t\t\t\t\t\t\t\t\t\t<li>Nagyobb megval\u00f3s\u00edt\u00e1sok \u00e9s sz\u00e1ll\u00edt\u00e1sok referenci\u00e1i<\/li>\n\t\t\t\t\t\t\t\t\t\t\t<\/ul>\n\t\t\t\t<\/div>\n\t\t\t\n\t\t\t<div class=\"wrap-title\">\n\t\t\t\t<h3 class=\"wd-entities-title\">\n\t\t\t\t\t<a href=\"https:\/\/www.slovklima.sk\/hu\/portfolio\/slovklima-park-sala-2\/\" rel=\"bookmark\">SLOVKLIMA PARK &#8211; \u0160A\u013dA<\/a>\n\t\t\t\t<\/h3>\n\t\t\t<\/div>\n\t\t<\/div>\n\t<\/header>\n<\/article>\n\n<article id=\"post-11624\" class=\"wd-project portfolio-entry wd-col masonry-item portfolio-hover-inverse proj-cat-nagyobb-megvalositasok-es-szallitasok-referenciai post-11624 portfolio type-portfolio status-publish has-post-thumbnail hentry project-cat-nagyobb-megvalositasok-es-szallitasok-referenciai\">\n\t<header class=\"entry-header\">\n\t\t\t\t\t<figure class=\"entry-thumbnail color-scheme-light\">\n\t\t\t\t<a href=\"https:\/\/www.slovklima.sk\/hu\/portfolio\/bory-home-bratislava\/\" class=\"portfolio-thumbnail\">\n\t\t\t\t\t<img decoding=\"async\" width=\"640\" height=\"480\" src=\"https:\/\/www.slovklima.sk\/wp-content\/uploads\/2024\/03\/bory-home.jpg\" class=\"attachment-large size-large\" alt=\"\" srcset=\"https:\/\/www.slovklima.sk\/wp-content\/uploads\/2024\/03\/bory-home.jpg 640w, https:\/\/www.slovklima.sk\/wp-content\/uploads\/2024\/03\/bory-home-400x300.jpg 400w, https:\/\/www.slovklima.sk\/wp-content\/uploads\/2024\/03\/bory-home-430x323.jpg 430w, https:\/\/www.slovklima.sk\/wp-content\/uploads\/2024\/03\/bory-home-150x113.jpg 150w, https:\/\/www.slovklima.sk\/wp-content\/uploads\/2024\/03\/bory-home-600x450.jpg 600w\" sizes=\"(max-width: 640px) 100vw, 640px\" \/>\t\t\t\t<\/a>\n\t\t\t\t<div class=\"wd-portfolio-btns\">\n\t\t\t\t\t<div class=\"portfolio-enlarge wd-action-btn wd-style-icon wd-enlarge-icon\">\n\t\t\t\t\t\t<a href=\"https:\/\/www.slovklima.sk\/wp-content\/uploads\/2024\/03\/bory-home.jpg\" data-elementor-open-lightbox=\"no\">Nagy\u00edt\u00e1s<\/a>\n\t\t\t\t\t<\/div>\n\t\t\t\t\t\t\t\t\t<\/div>\n\t\t\t<\/figure>\n\t\t\n\t\t<div class=\"portfolio-info color-scheme-light\">\n\t\t\t\t\t\t\t<div class=\"wrap-meta\">\n\t\t\t\t\t<ul class=\"proj-cats-list\">\n\t\t\t\t\t\t\t\t\t\t\t\t\t\t\t\t\t\t\t\t<li>Nagyobb megval\u00f3s\u00edt\u00e1sok \u00e9s sz\u00e1ll\u00edt\u00e1sok referenci\u00e1i<\/li>\n\t\t\t\t\t\t\t\t\t\t\t<\/ul>\n\t\t\t\t<\/div>\n\t\t\t\n\t\t\t<div class=\"wrap-title\">\n\t\t\t\t<h3 class=\"wd-entities-title\">\n\t\t\t\t\t<a href=\"https:\/\/www.slovklima.sk\/hu\/portfolio\/bory-home-bratislava\/\" rel=\"bookmark\">BORY HOME &#8211; BRATISLAVA<\/a>\n\t\t\t\t<\/h3>\n\t\t\t<\/div>\n\t\t<\/div>\n\t<\/header>\n<\/article>\n\n<article id=\"post-11613\" class=\"wd-project portfolio-entry wd-col masonry-item portfolio-hover-inverse proj-cat-nagyobb-megvalositasok-es-szallitasok-referenciai post-11613 portfolio type-portfolio status-publish has-post-thumbnail hentry project-cat-nagyobb-megvalositasok-es-szallitasok-referenciai\">\n\t<header class=\"entry-header\">\n\t\t\t\t\t<figure class=\"entry-thumbnail color-scheme-light\">\n\t\t\t\t<a href=\"https:\/\/www.slovklima.sk\/hu\/portfolio\/csaladi-haz\/\" class=\"portfolio-thumbnail\">\n\t\t\t\t\t<img decoding=\"async\" width=\"640\" height=\"480\" src=\"https:\/\/www.slovklima.sk\/wp-content\/uploads\/2024\/03\/rodinny-dom.jpg\" class=\"attachment-large size-large\" alt=\"\" srcset=\"https:\/\/www.slovklima.sk\/wp-content\/uploads\/2024\/03\/rodinny-dom.jpg 640w, https:\/\/www.slovklima.sk\/wp-content\/uploads\/2024\/03\/rodinny-dom-400x300.jpg 400w, https:\/\/www.slovklima.sk\/wp-content\/uploads\/2024\/03\/rodinny-dom-430x323.jpg 430w, https:\/\/www.slovklima.sk\/wp-content\/uploads\/2024\/03\/rodinny-dom-150x113.jpg 150w, https:\/\/www.slovklima.sk\/wp-content\/uploads\/2024\/03\/rodinny-dom-600x450.jpg 600w\" sizes=\"(max-width: 640px) 100vw, 640px\" \/>\t\t\t\t<\/a>\n\t\t\t\t<div class=\"wd-portfolio-btns\">\n\t\t\t\t\t<div class=\"portfolio-enlarge wd-action-btn wd-style-icon wd-enlarge-icon\">\n\t\t\t\t\t\t<a href=\"https:\/\/www.slovklima.sk\/wp-content\/uploads\/2024\/03\/rodinny-dom.jpg\" data-elementor-open-lightbox=\"no\">Nagy\u00edt\u00e1s<\/a>\n\t\t\t\t\t<\/div>\n\t\t\t\t\t\t\t\t\t<\/div>\n\t\t\t<\/figure>\n\t\t\n\t\t<div class=\"portfolio-info color-scheme-light\">\n\t\t\t\t\t\t\t<div class=\"wrap-meta\">\n\t\t\t\t\t<ul class=\"proj-cats-list\">\n\t\t\t\t\t\t\t\t\t\t\t\t\t\t\t\t\t\t\t\t<li>Nagyobb megval\u00f3s\u00edt\u00e1sok \u00e9s sz\u00e1ll\u00edt\u00e1sok referenci\u00e1i<\/li>\n\t\t\t\t\t\t\t\t\t\t\t<\/ul>\n\t\t\t\t<\/div>\n\t\t\t\n\t\t\t<div class=\"wrap-title\">\n\t\t\t\t<h3 class=\"wd-entities-title\">\n\t\t\t\t\t<a href=\"https:\/\/www.slovklima.sk\/hu\/portfolio\/csaladi-haz\/\" rel=\"bookmark\">CSAL\u00c1DI H\u00c1Z<\/a>\n\t\t\t\t<\/h3>\n\t\t\t<\/div>\n\t\t<\/div>\n\t<\/header>\n<\/article>\n\n<article id=\"post-11607\" class=\"wd-project portfolio-entry wd-col masonry-item portfolio-hover-inverse proj-cat-nagyobb-megvalositasok-es-szallitasok-referenciai post-11607 portfolio type-portfolio status-publish has-post-thumbnail hentry project-cat-nagyobb-megvalositasok-es-szallitasok-referenciai\">\n\t<header class=\"entry-header\">\n\t\t\t\t\t<figure class=\"entry-thumbnail color-scheme-light\">\n\t\t\t\t<a href=\"https:\/\/www.slovklima.sk\/hu\/portfolio\/bioveta-a-s-cseh-koztarsasag\/\" class=\"portfolio-thumbnail\">\n\t\t\t\t\t<img decoding=\"async\" width=\"640\" height=\"480\" src=\"https:\/\/www.slovklima.sk\/wp-content\/uploads\/2024\/03\/bioveta.jpg\" class=\"attachment-large size-large\" alt=\"\" srcset=\"https:\/\/www.slovklima.sk\/wp-content\/uploads\/2024\/03\/bioveta.jpg 640w, https:\/\/www.slovklima.sk\/wp-content\/uploads\/2024\/03\/bioveta-400x300.jpg 400w, https:\/\/www.slovklima.sk\/wp-content\/uploads\/2024\/03\/bioveta-430x323.jpg 430w, https:\/\/www.slovklima.sk\/wp-content\/uploads\/2024\/03\/bioveta-150x113.jpg 150w, https:\/\/www.slovklima.sk\/wp-content\/uploads\/2024\/03\/bioveta-600x450.jpg 600w\" sizes=\"(max-width: 640px) 100vw, 640px\" \/>\t\t\t\t<\/a>\n\t\t\t\t<div class=\"wd-portfolio-btns\">\n\t\t\t\t\t<div class=\"portfolio-enlarge wd-action-btn wd-style-icon wd-enlarge-icon\">\n\t\t\t\t\t\t<a href=\"https:\/\/www.slovklima.sk\/wp-content\/uploads\/2024\/03\/bioveta.jpg\" data-elementor-open-lightbox=\"no\">Nagy\u00edt\u00e1s<\/a>\n\t\t\t\t\t<\/div>\n\t\t\t\t\t\t\t\t\t<\/div>\n\t\t\t<\/figure>\n\t\t\n\t\t<div class=\"portfolio-info color-scheme-light\">\n\t\t\t\t\t\t\t<div class=\"wrap-meta\">\n\t\t\t\t\t<ul class=\"proj-cats-list\">\n\t\t\t\t\t\t\t\t\t\t\t\t\t\t\t\t\t\t\t\t<li>Nagyobb megval\u00f3s\u00edt\u00e1sok \u00e9s sz\u00e1ll\u00edt\u00e1sok referenci\u00e1i<\/li>\n\t\t\t\t\t\t\t\t\t\t\t<\/ul>\n\t\t\t\t<\/div>\n\t\t\t\n\t\t\t<div class=\"wrap-title\">\n\t\t\t\t<h3 class=\"wd-entities-title\">\n\t\t\t\t\t<a href=\"https:\/\/www.slovklima.sk\/hu\/portfolio\/bioveta-a-s-cseh-koztarsasag\/\" rel=\"bookmark\">BIOVETA A.S. &#8211; CSEH K\u00d6ZT\u00c1RSAS\u00c1G<\/a>\n\t\t\t\t<\/h3>\n\t\t\t<\/div>\n\t\t<\/div>\n\t<\/header>\n<\/article>\n\n<article id=\"post-11603\" class=\"wd-project portfolio-entry wd-col masonry-item portfolio-hover-inverse proj-cat-nagyobb-megvalositasok-es-szallitasok-referenciai post-11603 portfolio type-portfolio status-publish has-post-thumbnail hentry project-cat-nagyobb-megvalositasok-es-szallitasok-referenciai\">\n\t<header class=\"entry-header\">\n\t\t\t\t\t<figure class=\"entry-thumbnail color-scheme-light\">\n\t\t\t\t<a href=\"https:\/\/www.slovklima.sk\/hu\/portfolio\/minit-szlovakia-dunajska-streda\/\" class=\"portfolio-thumbnail\">\n\t\t\t\t\t<img decoding=\"async\" width=\"800\" height=\"600\" src=\"https:\/\/www.slovklima.sk\/wp-content\/uploads\/2024\/03\/MINIT-DUNAJSKA-STREDA.jpg\" class=\"attachment-large size-large\" alt=\"\" srcset=\"https:\/\/www.slovklima.sk\/wp-content\/uploads\/2024\/03\/MINIT-DUNAJSKA-STREDA.jpg 800w, https:\/\/www.slovklima.sk\/wp-content\/uploads\/2024\/03\/MINIT-DUNAJSKA-STREDA-400x300.jpg 400w, https:\/\/www.slovklima.sk\/wp-content\/uploads\/2024\/03\/MINIT-DUNAJSKA-STREDA-768x576.jpg 768w, https:\/\/www.slovklima.sk\/wp-content\/uploads\/2024\/03\/MINIT-DUNAJSKA-STREDA-430x323.jpg 430w, https:\/\/www.slovklima.sk\/wp-content\/uploads\/2024\/03\/MINIT-DUNAJSKA-STREDA-700x525.jpg 700w, https:\/\/www.slovklima.sk\/wp-content\/uploads\/2024\/03\/MINIT-DUNAJSKA-STREDA-150x113.jpg 150w, https:\/\/www.slovklima.sk\/wp-content\/uploads\/2024\/03\/MINIT-DUNAJSKA-STREDA-600x450.jpg 600w\" sizes=\"(max-width: 800px) 100vw, 800px\" \/>\t\t\t\t<\/a>\n\t\t\t\t<div class=\"wd-portfolio-btns\">\n\t\t\t\t\t<div class=\"portfolio-enlarge wd-action-btn wd-style-icon wd-enlarge-icon\">\n\t\t\t\t\t\t<a href=\"https:\/\/www.slovklima.sk\/wp-content\/uploads\/2024\/03\/MINIT-DUNAJSKA-STREDA.jpg\" data-elementor-open-lightbox=\"no\">Nagy\u00edt\u00e1s<\/a>\n\t\t\t\t\t<\/div>\n\t\t\t\t\t\t\t\t\t<\/div>\n\t\t\t<\/figure>\n\t\t\n\t\t<div class=\"portfolio-info color-scheme-light\">\n\t\t\t\t\t\t\t<div class=\"wrap-meta\">\n\t\t\t\t\t<ul class=\"proj-cats-list\">\n\t\t\t\t\t\t\t\t\t\t\t\t\t\t\t\t\t\t\t\t<li>Nagyobb megval\u00f3s\u00edt\u00e1sok \u00e9s sz\u00e1ll\u00edt\u00e1sok referenci\u00e1i<\/li>\n\t\t\t\t\t\t\t\t\t\t\t<\/ul>\n\t\t\t\t<\/div>\n\t\t\t\n\t\t\t<div class=\"wrap-title\">\n\t\t\t\t<h3 class=\"wd-entities-title\">\n\t\t\t\t\t<a href=\"https:\/\/www.slovklima.sk\/hu\/portfolio\/minit-szlovakia-dunajska-streda\/\" rel=\"bookmark\">MINIT SZLOV\u00c1KIA &#8211; DUNAJSK\u00c1 ST\u0158EDA<\/a>\n\t\t\t\t<\/h3>\n\t\t\t<\/div>\n\t\t<\/div>\n\t<\/header>\n<\/article>\n\n<article id=\"post-11598\" class=\"wd-project portfolio-entry wd-col masonry-item portfolio-hover-inverse proj-cat-nagyobb-megvalositasok-es-szallitasok-referenciai post-11598 portfolio type-portfolio status-publish has-post-thumbnail hentry project-cat-nagyobb-megvalositasok-es-szallitasok-referenciai\">\n\t<header class=\"entry-header\">\n\t\t\t\t\t<figure class=\"entry-thumbnail color-scheme-light\">\n\t\t\t\t<a href=\"https:\/\/www.slovklima.sk\/hu\/portfolio\/apartmanhaz-dunajska-ul-bratislava\/\" class=\"portfolio-thumbnail\">\n\t\t\t\t\t<img decoding=\"async\" width=\"640\" height=\"480\" src=\"https:\/\/www.slovklima.sk\/wp-content\/uploads\/2024\/03\/bytovy-dom.jpg\" class=\"attachment-large size-large\" alt=\"\" srcset=\"https:\/\/www.slovklima.sk\/wp-content\/uploads\/2024\/03\/bytovy-dom.jpg 640w, https:\/\/www.slovklima.sk\/wp-content\/uploads\/2024\/03\/bytovy-dom-400x300.jpg 400w, https:\/\/www.slovklima.sk\/wp-content\/uploads\/2024\/03\/bytovy-dom-430x323.jpg 430w, https:\/\/www.slovklima.sk\/wp-content\/uploads\/2024\/03\/bytovy-dom-150x113.jpg 150w, https:\/\/www.slovklima.sk\/wp-content\/uploads\/2024\/03\/bytovy-dom-600x450.jpg 600w\" sizes=\"(max-width: 640px) 100vw, 640px\" \/>\t\t\t\t<\/a>\n\t\t\t\t<div class=\"wd-portfolio-btns\">\n\t\t\t\t\t<div class=\"portfolio-enlarge wd-action-btn wd-style-icon wd-enlarge-icon\">\n\t\t\t\t\t\t<a href=\"https:\/\/www.slovklima.sk\/wp-content\/uploads\/2024\/03\/bytovy-dom.jpg\" data-elementor-open-lightbox=\"no\">Nagy\u00edt\u00e1s<\/a>\n\t\t\t\t\t<\/div>\n\t\t\t\t\t\t\t\t\t<\/div>\n\t\t\t<\/figure>\n\t\t\n\t\t<div class=\"portfolio-info color-scheme-light\">\n\t\t\t\t\t\t\t<div class=\"wrap-meta\">\n\t\t\t\t\t<ul class=\"proj-cats-list\">\n\t\t\t\t\t\t\t\t\t\t\t\t\t\t\t\t\t\t\t\t<li>Nagyobb megval\u00f3s\u00edt\u00e1sok \u00e9s sz\u00e1ll\u00edt\u00e1sok referenci\u00e1i<\/li>\n\t\t\t\t\t\t\t\t\t\t\t<\/ul>\n\t\t\t\t<\/div>\n\t\t\t\n\t\t\t<div class=\"wrap-title\">\n\t\t\t\t<h3 class=\"wd-entities-title\">\n\t\t\t\t\t<a href=\"https:\/\/www.slovklima.sk\/hu\/portfolio\/apartmanhaz-dunajska-ul-bratislava\/\" rel=\"bookmark\">APARTMANH\u00c1Z DUNAJSK\u00c1 UL. \u2013 BRATISLAVA<\/a>\n\t\t\t\t<\/h3>\n\t\t\t<\/div>\n\t\t<\/div>\n\t<\/header>\n<\/article>\n\n<article id=\"post-11627\" class=\"wd-project portfolio-entry wd-col masonry-item portfolio-hover-inverse proj-cat-nagyobb-megvalositasok-es-szallitasok-referenciai post-11627 portfolio type-portfolio status-publish has-post-thumbnail hentry project-cat-nagyobb-megvalositasok-es-szallitasok-referenciai\">\n\t<header class=\"entry-header\">\n\t\t\t\t\t<figure class=\"entry-thumbnail color-scheme-light\">\n\t\t\t\t<a href=\"https:\/\/www.slovklima.sk\/hu\/portfolio\/irodahaz-kereskedelmi-ul-bratislava\/\" class=\"portfolio-thumbnail\">\n\t\t\t\t\t<img decoding=\"async\" width=\"640\" height=\"480\" src=\"https:\/\/www.slovklima.sk\/wp-content\/uploads\/2024\/03\/profant.jpg\" class=\"attachment-large size-large\" alt=\"\" srcset=\"https:\/\/www.slovklima.sk\/wp-content\/uploads\/2024\/03\/profant.jpg 640w, https:\/\/www.slovklima.sk\/wp-content\/uploads\/2024\/03\/profant-400x300.jpg 400w, https:\/\/www.slovklima.sk\/wp-content\/uploads\/2024\/03\/profant-430x323.jpg 430w, https:\/\/www.slovklima.sk\/wp-content\/uploads\/2024\/03\/profant-150x113.jpg 150w, https:\/\/www.slovklima.sk\/wp-content\/uploads\/2024\/03\/profant-600x450.jpg 600w\" sizes=\"(max-width: 640px) 100vw, 640px\" \/>\t\t\t\t<\/a>\n\t\t\t\t<div class=\"wd-portfolio-btns\">\n\t\t\t\t\t<div class=\"portfolio-enlarge wd-action-btn wd-style-icon wd-enlarge-icon\">\n\t\t\t\t\t\t<a href=\"https:\/\/www.slovklima.sk\/wp-content\/uploads\/2024\/03\/profant.jpg\" data-elementor-open-lightbox=\"no\">Nagy\u00edt\u00e1s<\/a>\n\t\t\t\t\t<\/div>\n\t\t\t\t\t\t\t\t\t<\/div>\n\t\t\t<\/figure>\n\t\t\n\t\t<div class=\"portfolio-info color-scheme-light\">\n\t\t\t\t\t\t\t<div class=\"wrap-meta\">\n\t\t\t\t\t<ul class=\"proj-cats-list\">\n\t\t\t\t\t\t\t\t\t\t\t\t\t\t\t\t\t\t\t\t<li>Nagyobb megval\u00f3s\u00edt\u00e1sok \u00e9s sz\u00e1ll\u00edt\u00e1sok referenci\u00e1i<\/li>\n\t\t\t\t\t\t\t\t\t\t\t<\/ul>\n\t\t\t\t<\/div>\n\t\t\t\n\t\t\t<div class=\"wrap-title\">\n\t\t\t\t<h3 class=\"wd-entities-title\">\n\t\t\t\t\t<a href=\"https:\/\/www.slovklima.sk\/hu\/portfolio\/irodahaz-kereskedelmi-ul-bratislava\/\" rel=\"bookmark\">IRODAH\u00c1Z KERESKEDELMI UL. \u2013 BRATISLAVA<\/a>\n\t\t\t\t<\/h3>\n\t\t\t<\/div>\n\t\t<\/div>\n\t<\/header>\n<\/article>\n\n<article id=\"post-11621\" class=\"wd-project portfolio-entry wd-col masonry-item portfolio-hover-inverse proj-cat-nagyobb-megvalositasok-es-szallitasok-referenciai post-11621 portfolio type-portfolio status-publish has-post-thumbnail hentry project-cat-nagyobb-megvalositasok-es-szallitasok-referenciai\">\n\t<header class=\"entry-header\">\n\t\t\t\t\t<figure class=\"entry-thumbnail color-scheme-light\">\n\t\t\t\t<a href=\"https:\/\/www.slovklima.sk\/hu\/portfolio\/slovklima-park-sala\/\" class=\"portfolio-thumbnail\">\n\t\t\t\t\t<img decoding=\"async\" width=\"640\" height=\"480\" src=\"https:\/\/www.slovklima.sk\/wp-content\/uploads\/2024\/03\/slovklima-park.jpg\" class=\"attachment-large size-large\" alt=\"\" srcset=\"https:\/\/www.slovklima.sk\/wp-content\/uploads\/2024\/03\/slovklima-park.jpg 640w, https:\/\/www.slovklima.sk\/wp-content\/uploads\/2024\/03\/slovklima-park-400x300.jpg 400w, https:\/\/www.slovklima.sk\/wp-content\/uploads\/2024\/03\/slovklima-park-430x323.jpg 430w, https:\/\/www.slovklima.sk\/wp-content\/uploads\/2024\/03\/slovklima-park-150x113.jpg 150w, https:\/\/www.slovklima.sk\/wp-content\/uploads\/2024\/03\/slovklima-park-600x450.jpg 600w\" sizes=\"(max-width: 640px) 100vw, 640px\" \/>\t\t\t\t<\/a>\n\t\t\t\t<div class=\"wd-portfolio-btns\">\n\t\t\t\t\t<div class=\"portfolio-enlarge wd-action-btn wd-style-icon wd-enlarge-icon\">\n\t\t\t\t\t\t<a href=\"https:\/\/www.slovklima.sk\/wp-content\/uploads\/2024\/03\/slovklima-park.jpg\" data-elementor-open-lightbox=\"no\">Nagy\u00edt\u00e1s<\/a>\n\t\t\t\t\t<\/div>\n\t\t\t\t\t\t\t\t\t<\/div>\n\t\t\t<\/figure>\n\t\t\n\t\t<div class=\"portfolio-info color-scheme-light\">\n\t\t\t\t\t\t\t<div class=\"wrap-meta\">\n\t\t\t\t\t<ul class=\"proj-cats-list\">\n\t\t\t\t\t\t\t\t\t\t\t\t\t\t\t\t\t\t\t\t<li>Nagyobb megval\u00f3s\u00edt\u00e1sok \u00e9s sz\u00e1ll\u00edt\u00e1sok referenci\u00e1i<\/li>\n\t\t\t\t\t\t\t\t\t\t\t<\/ul>\n\t\t\t\t<\/div>\n\t\t\t\n\t\t\t<div class=\"wrap-title\">\n\t\t\t\t<h3 class=\"wd-entities-title\">\n\t\t\t\t\t<a href=\"https:\/\/www.slovklima.sk\/hu\/portfolio\/slovklima-park-sala\/\" rel=\"bookmark\">SLOVKLIMA PARK &#8211; \u0160A\u013dA<\/a>\n\t\t\t\t<\/h3>\n\t\t\t<\/div>\n\t\t<\/div>\n\t<\/header>\n<\/article>\n\n<article id=\"post-11610\" class=\"wd-project portfolio-entry wd-col masonry-item portfolio-hover-inverse proj-cat-nagyobb-megvalositasok-es-szallitasok-referenciai post-11610 portfolio type-portfolio status-publish has-post-thumbnail hentry project-cat-nagyobb-megvalositasok-es-szallitasok-referenciai\">\n\t<header class=\"entry-header\">\n\t\t\t\t\t<figure class=\"entry-thumbnail color-scheme-light\">\n\t\t\t\t<a href=\"https:\/\/www.slovklima.sk\/hu\/portfolio\/miramar-auto-skoda-szlovakia-bratislava\/\" class=\"portfolio-thumbnail\">\n\t\t\t\t\t<img decoding=\"async\" width=\"640\" height=\"480\" src=\"https:\/\/www.slovklima.sk\/wp-content\/uploads\/2024\/03\/miramar.jpg\" class=\"attachment-large size-large\" alt=\"\" srcset=\"https:\/\/www.slovklima.sk\/wp-content\/uploads\/2024\/03\/miramar.jpg 640w, https:\/\/www.slovklima.sk\/wp-content\/uploads\/2024\/03\/miramar-400x300.jpg 400w, https:\/\/www.slovklima.sk\/wp-content\/uploads\/2024\/03\/miramar-430x323.jpg 430w, https:\/\/www.slovklima.sk\/wp-content\/uploads\/2024\/03\/miramar-150x113.jpg 150w, https:\/\/www.slovklima.sk\/wp-content\/uploads\/2024\/03\/miramar-600x450.jpg 600w\" sizes=\"(max-width: 640px) 100vw, 640px\" \/>\t\t\t\t<\/a>\n\t\t\t\t<div class=\"wd-portfolio-btns\">\n\t\t\t\t\t<div class=\"portfolio-enlarge wd-action-btn wd-style-icon wd-enlarge-icon\">\n\t\t\t\t\t\t<a href=\"https:\/\/www.slovklima.sk\/wp-content\/uploads\/2024\/03\/miramar.jpg\" data-elementor-open-lightbox=\"no\">Nagy\u00edt\u00e1s<\/a>\n\t\t\t\t\t<\/div>\n\t\t\t\t\t\t\t\t\t<\/div>\n\t\t\t<\/figure>\n\t\t\n\t\t<div class=\"portfolio-info color-scheme-light\">\n\t\t\t\t\t\t\t<div class=\"wrap-meta\">\n\t\t\t\t\t<ul class=\"proj-cats-list\">\n\t\t\t\t\t\t\t\t\t\t\t\t\t\t\t\t\t\t\t\t<li>Nagyobb megval\u00f3s\u00edt\u00e1sok \u00e9s sz\u00e1ll\u00edt\u00e1sok referenci\u00e1i<\/li>\n\t\t\t\t\t\t\t\t\t\t\t<\/ul>\n\t\t\t\t<\/div>\n\t\t\t\n\t\t\t<div class=\"wrap-title\">\n\t\t\t\t<h3 class=\"wd-entities-title\">\n\t\t\t\t\t<a href=\"https:\/\/www.slovklima.sk\/hu\/portfolio\/miramar-auto-skoda-szlovakia-bratislava\/\" rel=\"bookmark\">MIRAMAR AUTO \u0160KODA SZLOV\u00c1KIA &#8211; BRATISLAVA<\/a>\n\t\t\t\t<\/h3>\n\t\t\t<\/div>\n\t\t<\/div>\n\t<\/header>\n<\/article>\n\n<article id=\"post-11605\" class=\"wd-project portfolio-entry wd-col masonry-item portfolio-hover-inverse proj-cat-nagyobb-megvalositasok-es-szallitasok-referenciai post-11605 portfolio type-portfolio status-publish has-post-thumbnail hentry project-cat-nagyobb-megvalositasok-es-szallitasok-referenciai\">\n\t<header class=\"entry-header\">\n\t\t\t\t\t<figure class=\"entry-thumbnail color-scheme-light\">\n\t\t\t\t<a href=\"https:\/\/www.slovklima.sk\/hu\/portfolio\/premium-hotel-bratislava-2\/\" class=\"portfolio-thumbnail\">\n\t\t\t\t\t<img decoding=\"async\" width=\"640\" height=\"480\" src=\"https:\/\/www.slovklima.sk\/wp-content\/uploads\/2024\/03\/hotel-premium.jpg\" class=\"attachment-large size-large\" alt=\"\" srcset=\"https:\/\/www.slovklima.sk\/wp-content\/uploads\/2024\/03\/hotel-premium.jpg 640w, https:\/\/www.slovklima.sk\/wp-content\/uploads\/2024\/03\/hotel-premium-400x300.jpg 400w, https:\/\/www.slovklima.sk\/wp-content\/uploads\/2024\/03\/hotel-premium-430x323.jpg 430w, https:\/\/www.slovklima.sk\/wp-content\/uploads\/2024\/03\/hotel-premium-150x113.jpg 150w, https:\/\/www.slovklima.sk\/wp-content\/uploads\/2024\/03\/hotel-premium-600x450.jpg 600w\" sizes=\"(max-width: 640px) 100vw, 640px\" \/>\t\t\t\t<\/a>\n\t\t\t\t<div class=\"wd-portfolio-btns\">\n\t\t\t\t\t<div class=\"portfolio-enlarge wd-action-btn wd-style-icon wd-enlarge-icon\">\n\t\t\t\t\t\t<a href=\"https:\/\/www.slovklima.sk\/wp-content\/uploads\/2024\/03\/hotel-premium.jpg\" data-elementor-open-lightbox=\"no\">Nagy\u00edt\u00e1s<\/a>\n\t\t\t\t\t<\/div>\n\t\t\t\t\t\t\t\t\t<\/div>\n\t\t\t<\/figure>\n\t\t\n\t\t<div class=\"portfolio-info color-scheme-light\">\n\t\t\t\t\t\t\t<div class=\"wrap-meta\">\n\t\t\t\t\t<ul class=\"proj-cats-list\">\n\t\t\t\t\t\t\t\t\t\t\t\t\t\t\t\t\t\t\t\t<li>Nagyobb megval\u00f3s\u00edt\u00e1sok \u00e9s sz\u00e1ll\u00edt\u00e1sok referenci\u00e1i<\/li>\n\t\t\t\t\t\t\t\t\t\t\t<\/ul>\n\t\t\t\t<\/div>\n\t\t\t\n\t\t\t<div class=\"wrap-title\">\n\t\t\t\t<h3 class=\"wd-entities-title\">\n\t\t\t\t\t<a href=\"https:\/\/www.slovklima.sk\/hu\/portfolio\/premium-hotel-bratislava-2\/\" rel=\"bookmark\">PR\u00c9MIUM HOTEL **** &#8211; BRATISLAVA<\/a>\n\t\t\t\t<\/h3>\n\t\t\t<\/div>\n\t\t<\/div>\n\t<\/header>\n<\/article>\n\n<article id=\"post-11600\" class=\"wd-project portfolio-entry wd-col masonry-item portfolio-hover-inverse proj-cat-nagyobb-megvalositasok-es-szallitasok-referenciai post-11600 portfolio type-portfolio status-publish has-post-thumbnail hentry project-cat-nagyobb-megvalositasok-es-szallitasok-referenciai\">\n\t<header class=\"entry-header\">\n\t\t\t\t\t<figure class=\"entry-thumbnail color-scheme-light\">\n\t\t\t\t<a href=\"https:\/\/www.slovklima.sk\/hu\/portfolio\/fleischhauer-bratislava\/\" class=\"portfolio-thumbnail\">\n\t\t\t\t\t<img decoding=\"async\" width=\"640\" height=\"480\" src=\"https:\/\/www.slovklima.sk\/wp-content\/uploads\/2024\/03\/fleishhauer.jpg\" class=\"attachment-large size-large\" alt=\"\" srcset=\"https:\/\/www.slovklima.sk\/wp-content\/uploads\/2024\/03\/fleishhauer.jpg 640w, https:\/\/www.slovklima.sk\/wp-content\/uploads\/2024\/03\/fleishhauer-400x300.jpg 400w, https:\/\/www.slovklima.sk\/wp-content\/uploads\/2024\/03\/fleishhauer-430x323.jpg 430w, https:\/\/www.slovklima.sk\/wp-content\/uploads\/2024\/03\/fleishhauer-150x113.jpg 150w, https:\/\/www.slovklima.sk\/wp-content\/uploads\/2024\/03\/fleishhauer-600x450.jpg 600w\" sizes=\"(max-width: 640px) 100vw, 640px\" \/>\t\t\t\t<\/a>\n\t\t\t\t<div class=\"wd-portfolio-btns\">\n\t\t\t\t\t<div class=\"portfolio-enlarge wd-action-btn wd-style-icon wd-enlarge-icon\">\n\t\t\t\t\t\t<a href=\"https:\/\/www.slovklima.sk\/wp-content\/uploads\/2024\/03\/fleishhauer.jpg\" data-elementor-open-lightbox=\"no\">Nagy\u00edt\u00e1s<\/a>\n\t\t\t\t\t<\/div>\n\t\t\t\t\t\t\t\t\t<\/div>\n\t\t\t<\/figure>\n\t\t\n\t\t<div class=\"portfolio-info color-scheme-light\">\n\t\t\t\t\t\t\t<div class=\"wrap-meta\">\n\t\t\t\t\t<ul class=\"proj-cats-list\">\n\t\t\t\t\t\t\t\t\t\t\t\t\t\t\t\t\t\t\t\t<li>Nagyobb megval\u00f3s\u00edt\u00e1sok \u00e9s sz\u00e1ll\u00edt\u00e1sok referenci\u00e1i<\/li>\n\t\t\t\t\t\t\t\t\t\t\t<\/ul>\n\t\t\t\t<\/div>\n\t\t\t\n\t\t\t<div class=\"wrap-title\">\n\t\t\t\t<h3 class=\"wd-entities-title\">\n\t\t\t\t\t<a href=\"https:\/\/www.slovklima.sk\/hu\/portfolio\/fleischhauer-bratislava\/\" rel=\"bookmark\">FLEISCHHAUER &#8211; BRATISLAVA<\/a>\n\t\t\t\t<\/h3>\n\t\t\t<\/div>\n\t\t<\/div>\n\t<\/header>\n<\/article>\n\n<article id=\"post-11596\" class=\"wd-project portfolio-entry wd-col masonry-item portfolio-hover-inverse proj-cat-nagyobb-megvalositasok-es-szallitasok-referenciai post-11596 portfolio type-portfolio status-publish has-post-thumbnail hentry project-cat-nagyobb-megvalositasok-es-szallitasok-referenciai\">\n\t<header class=\"entry-header\">\n\t\t\t\t\t<figure class=\"entry-thumbnail color-scheme-light\">\n\t\t\t\t<a href=\"https:\/\/www.slovklima.sk\/hu\/portfolio\/studio-727-bratislava\/\" class=\"portfolio-thumbnail\">\n\t\t\t\t\t<img decoding=\"async\" width=\"640\" height=\"480\" src=\"https:\/\/www.slovklima.sk\/wp-content\/uploads\/2024\/03\/studio-727.jpg\" class=\"attachment-large size-large\" alt=\"\" srcset=\"https:\/\/www.slovklima.sk\/wp-content\/uploads\/2024\/03\/studio-727.jpg 640w, https:\/\/www.slovklima.sk\/wp-content\/uploads\/2024\/03\/studio-727-400x300.jpg 400w, https:\/\/www.slovklima.sk\/wp-content\/uploads\/2024\/03\/studio-727-430x323.jpg 430w, https:\/\/www.slovklima.sk\/wp-content\/uploads\/2024\/03\/studio-727-150x113.jpg 150w, https:\/\/www.slovklima.sk\/wp-content\/uploads\/2024\/03\/studio-727-600x450.jpg 600w\" sizes=\"(max-width: 640px) 100vw, 640px\" \/>\t\t\t\t<\/a>\n\t\t\t\t<div class=\"wd-portfolio-btns\">\n\t\t\t\t\t<div class=\"portfolio-enlarge wd-action-btn wd-style-icon wd-enlarge-icon\">\n\t\t\t\t\t\t<a href=\"https:\/\/www.slovklima.sk\/wp-content\/uploads\/2024\/03\/studio-727.jpg\" data-elementor-open-lightbox=\"no\">Nagy\u00edt\u00e1s<\/a>\n\t\t\t\t\t<\/div>\n\t\t\t\t\t\t\t\t\t<\/div>\n\t\t\t<\/figure>\n\t\t\n\t\t<div class=\"portfolio-info color-scheme-light\">\n\t\t\t\t\t\t\t<div class=\"wrap-meta\">\n\t\t\t\t\t<ul class=\"proj-cats-list\">\n\t\t\t\t\t\t\t\t\t\t\t\t\t\t\t\t\t\t\t\t<li>Nagyobb megval\u00f3s\u00edt\u00e1sok \u00e9s sz\u00e1ll\u00edt\u00e1sok referenci\u00e1i<\/li>\n\t\t\t\t\t\t\t\t\t\t\t<\/ul>\n\t\t\t\t<\/div>\n\t\t\t\n\t\t\t<div class=\"wrap-title\">\n\t\t\t\t<h3 class=\"wd-entities-title\">\n\t\t\t\t\t<a href=\"https:\/\/www.slovklima.sk\/hu\/portfolio\/studio-727-bratislava\/\" rel=\"bookmark\">ST\u00daDI\u00d3 727 &#8211; BRATISLAVA<\/a>\n\t\t\t\t<\/h3>\n\t\t\t<\/div>\n\t\t<\/div>\n\t<\/header>\n<\/article>\n\n\t\t\t\t\t\t\t\t<\/div>\n\t\t\t\t\t\t\t\t\t\t\t\t\t\t\t\t\t\t\t\t\t\t\t\t\t\t\t\t\t<div class=\"wd-loop-footer portfolio-footer\">\n\t\t\t\t\t\t\t\t\t\t\t\t\t\t\t\t\t\t\t\t\t\t\t<a href=\"#\" rel=\"nofollow noopener\" class=\"btn wd-load-more wd-portfolio-load-more load-on-click\"><span class=\"load-more-label\">Tov\u00e1bbi projektek bet\u00f6lt\u00e9se<\/span><\/a>\n\t\t\t\t\t\t\t\t<div class=\"btn wd-load-more wd-load-more-loader\"><span class=\"load-more-loading\">Bet\u00f6lt\u00e9s folyamatban...<\/span><\/div>\n\t\t\t\t\t\t\t\t\t\t\t\t\t<\/div>\n\t\t\t\t\t\t\t\t\t<\/div>\n\t\t\t\n\t\t\t\t[\/vc_column][\/vc_row]<\/p>\n<\/section>","protected":false},"excerpt":{"rendered":"<p>[vc_row][vc_column][\/vc_column][\/vc_row]<\/p>\n","protected":false},"author":1,"featured_media":13720,"parent":0,"menu_order":0,"comment_status":"closed","ping_status":"closed","template":"","meta":{"footnotes":""},"class_list":["post-11401","page","type-page","status-publish","has-post-thumbnail","hentry"],"yoast_head":"<!-- This site is optimized with the Yoast SEO plugin v24.3 - https:\/\/yoast.com\/wordpress\/plugins\/seo\/ -->\n<title>Referenci\u00e1k | SLOVKLIMA DEIMOS group, s.r.o.<\/title>\n<meta name=\"description\" content=\"Gal\u00e9ria a megval\u00f3s\u00edt\u00e1sainkr\u00f3l a kezdeti tervez\u00e9st\u0151l a v\u00e9gs\u0151 megold\u00e1sig, a telep\u00edt\u00e9sig \u00e9s a szervizel\u00e9sig. Nem f\u00e9l\u00fcnk semmilyen nagy projektt\u0151l.\" \/>\n<meta name=\"robots\" content=\"index, follow, max-snippet:-1, max-image-preview:large, max-video-preview:-1\" \/>\n<link rel=\"canonical\" href=\"https:\/\/www.slovklima.sk\/hu\/referenciak\/\" \/>\n<meta property=\"og:locale\" content=\"hu_HU\" \/>\n<meta property=\"og:type\" content=\"article\" \/>\n<meta property=\"og:title\" content=\"Referenci\u00e1k | SLOVKLIMA DEIMOS group, s.r.o.\" \/>\n<meta property=\"og:description\" content=\"Gal\u00e9ria a megval\u00f3s\u00edt\u00e1sainkr\u00f3l a kezdeti tervez\u00e9st\u0151l a v\u00e9gs\u0151 megold\u00e1sig, a telep\u00edt\u00e9sig \u00e9s a szervizel\u00e9sig. Nem f\u00e9l\u00fcnk semmilyen nagy projektt\u0151l.\" \/>\n<meta property=\"og:url\" content=\"https:\/\/www.slovklima.sk\/hu\/referenciak\/\" \/>\n<meta property=\"og:site_name\" content=\"SLOVKLIMA DEIMOS group, s.r.o.\" \/>\n<meta property=\"article:modified_time\" content=\"2025-05-06T18:04:55+00:00\" \/>\n<meta property=\"og:image\" content=\"https:\/\/www.slovklima.sk\/wp-content\/uploads\/2025\/03\/referencie-banner.jpg\" \/>\n\t<meta property=\"og:image:width\" content=\"2560\" \/>\n\t<meta property=\"og:image:height\" content=\"990\" \/>\n\t<meta property=\"og:image:type\" content=\"image\/jpeg\" \/>\n<meta name=\"twitter:card\" content=\"summary_large_image\" \/>\n<meta name=\"twitter:label1\" content=\"Becs\u00fclt olvas\u00e1si id\u0151\" \/>\n\t<meta name=\"twitter:data1\" content=\"1 perc\" \/>\n<script type=\"application\/ld+json\" class=\"yoast-schema-graph\">{\"@context\":\"https:\/\/schema.org\",\"@graph\":[{\"@type\":\"WebPage\",\"@id\":\"https:\/\/www.slovklima.sk\/hu\/referenciak\/\",\"url\":\"https:\/\/www.slovklima.sk\/hu\/referenciak\/\",\"name\":\"Referenci\u00e1k | SLOVKLIMA DEIMOS group, s.r.o.\",\"isPartOf\":{\"@id\":\"https:\/\/www.slovklima.sk\/#website\"},\"primaryImageOfPage\":{\"@id\":\"https:\/\/www.slovklima.sk\/hu\/referenciak\/#primaryimage\"},\"image\":{\"@id\":\"https:\/\/www.slovklima.sk\/hu\/referenciak\/#primaryimage\"},\"thumbnailUrl\":\"https:\/\/www.slovklima.sk\/wp-content\/uploads\/2025\/03\/referencie-banner.jpg\",\"datePublished\":\"2017-06-15T04:52:02+00:00\",\"dateModified\":\"2025-05-06T18:04:55+00:00\",\"description\":\"Gal\u00e9ria a megval\u00f3s\u00edt\u00e1sainkr\u00f3l a kezdeti tervez\u00e9st\u0151l a v\u00e9gs\u0151 megold\u00e1sig, a telep\u00edt\u00e9sig \u00e9s a szervizel\u00e9sig. Nem f\u00e9l\u00fcnk semmilyen nagy projektt\u0151l.\",\"breadcrumb\":{\"@id\":\"https:\/\/www.slovklima.sk\/hu\/referenciak\/#breadcrumb\"},\"inLanguage\":\"hu\",\"potentialAction\":[{\"@type\":\"ReadAction\",\"target\":[\"https:\/\/www.slovklima.sk\/hu\/referenciak\/\"]}]},{\"@type\":\"ImageObject\",\"inLanguage\":\"hu\",\"@id\":\"https:\/\/www.slovklima.sk\/hu\/referenciak\/#primaryimage\",\"url\":\"https:\/\/www.slovklima.sk\/wp-content\/uploads\/2025\/03\/referencie-banner.jpg\",\"contentUrl\":\"https:\/\/www.slovklima.sk\/wp-content\/uploads\/2025\/03\/referencie-banner.jpg\",\"width\":2560,\"height\":990},{\"@type\":\"BreadcrumbList\",\"@id\":\"https:\/\/www.slovklima.sk\/hu\/referenciak\/#breadcrumb\",\"itemListElement\":[{\"@type\":\"ListItem\",\"position\":1,\"name\":\"Domovsk\u00e1 str\u00e1nka\",\"item\":\"https:\/\/www.slovklima.sk\/hu\/\"},{\"@type\":\"ListItem\",\"position\":2,\"name\":\"Referenci\u00e1k\"}]},{\"@type\":\"WebSite\",\"@id\":\"https:\/\/www.slovklima.sk\/#website\",\"url\":\"https:\/\/www.slovklima.sk\/\",\"name\":\"SLOVKLIMA DEIMOS group, s.r.o.\",\"description\":\"\",\"publisher\":{\"@id\":\"https:\/\/www.slovklima.sk\/#organization\"},\"alternateName\":\"SLOVKLIMA\",\"potentialAction\":[{\"@type\":\"SearchAction\",\"target\":{\"@type\":\"EntryPoint\",\"urlTemplate\":\"https:\/\/www.slovklima.sk\/?s={search_term_string}\"},\"query-input\":{\"@type\":\"PropertyValueSpecification\",\"valueRequired\":true,\"valueName\":\"search_term_string\"}}],\"inLanguage\":\"hu\"},{\"@type\":\"Organization\",\"@id\":\"https:\/\/www.slovklima.sk\/#organization\",\"name\":\"SLOVKLIMA DEIMOS group, s.r.o.\",\"alternateName\":\"SLOVKLIMA\",\"url\":\"https:\/\/www.slovklima.sk\/\",\"logo\":{\"@type\":\"ImageObject\",\"inLanguage\":\"hu\",\"@id\":\"https:\/\/www.slovklima.sk\/#\/schema\/logo\/image\/\",\"url\":\"https:\/\/www.slovklima.sk\/wp-content\/uploads\/2022\/12\/slovklima-logo-black.svg\",\"contentUrl\":\"https:\/\/www.slovklima.sk\/wp-content\/uploads\/2022\/12\/slovklima-logo-black.svg\",\"width\":3218,\"height\":698,\"caption\":\"SLOVKLIMA DEIMOS group, s.r.o.\"},\"image\":{\"@id\":\"https:\/\/www.slovklima.sk\/#\/schema\/logo\/image\/\"}}]}<\/script>\n<!-- \/ Yoast SEO plugin. -->","yoast_head_json":{"title":"Referenci\u00e1k | SLOVKLIMA DEIMOS group, s.r.o.","description":"Gal\u00e9ria a megval\u00f3s\u00edt\u00e1sainkr\u00f3l a kezdeti tervez\u00e9st\u0151l a v\u00e9gs\u0151 megold\u00e1sig, a telep\u00edt\u00e9sig \u00e9s a szervizel\u00e9sig. Nem f\u00e9l\u00fcnk semmilyen nagy projektt\u0151l.","robots":{"index":"index","follow":"follow","max-snippet":"max-snippet:-1","max-image-preview":"max-image-preview:large","max-video-preview":"max-video-preview:-1"},"canonical":"https:\/\/www.slovklima.sk\/hu\/referenciak\/","og_locale":"hu_HU","og_type":"article","og_title":"Referenci\u00e1k | SLOVKLIMA DEIMOS group, s.r.o.","og_description":"Gal\u00e9ria a megval\u00f3s\u00edt\u00e1sainkr\u00f3l a kezdeti tervez\u00e9st\u0151l a v\u00e9gs\u0151 megold\u00e1sig, a telep\u00edt\u00e9sig \u00e9s a szervizel\u00e9sig. Nem f\u00e9l\u00fcnk semmilyen nagy projektt\u0151l.","og_url":"https:\/\/www.slovklima.sk\/hu\/referenciak\/","og_site_name":"SLOVKLIMA DEIMOS group, s.r.o.","article_modified_time":"2025-05-06T18:04:55+00:00","og_image":[{"width":2560,"height":990,"url":"https:\/\/www.slovklima.sk\/wp-content\/uploads\/2025\/03\/referencie-banner.jpg","type":"image\/jpeg"}],"twitter_card":"summary_large_image","twitter_misc":{"Becs\u00fclt olvas\u00e1si id\u0151":"1 perc"},"schema":{"@context":"https:\/\/schema.org","@graph":[{"@type":"WebPage","@id":"https:\/\/www.slovklima.sk\/hu\/referenciak\/","url":"https:\/\/www.slovklima.sk\/hu\/referenciak\/","name":"Referenci\u00e1k | SLOVKLIMA DEIMOS group, s.r.o.","isPartOf":{"@id":"https:\/\/www.slovklima.sk\/#website"},"primaryImageOfPage":{"@id":"https:\/\/www.slovklima.sk\/hu\/referenciak\/#primaryimage"},"image":{"@id":"https:\/\/www.slovklima.sk\/hu\/referenciak\/#primaryimage"},"thumbnailUrl":"https:\/\/www.slovklima.sk\/wp-content\/uploads\/2025\/03\/referencie-banner.jpg","datePublished":"2017-06-15T04:52:02+00:00","dateModified":"2025-05-06T18:04:55+00:00","description":"Gal\u00e9ria a megval\u00f3s\u00edt\u00e1sainkr\u00f3l a kezdeti tervez\u00e9st\u0151l a v\u00e9gs\u0151 megold\u00e1sig, a telep\u00edt\u00e9sig \u00e9s a szervizel\u00e9sig. Nem f\u00e9l\u00fcnk semmilyen nagy projektt\u0151l.","breadcrumb":{"@id":"https:\/\/www.slovklima.sk\/hu\/referenciak\/#breadcrumb"},"inLanguage":"hu","potentialAction":[{"@type":"ReadAction","target":["https:\/\/www.slovklima.sk\/hu\/referenciak\/"]}]},{"@type":"ImageObject","inLanguage":"hu","@id":"https:\/\/www.slovklima.sk\/hu\/referenciak\/#primaryimage","url":"https:\/\/www.slovklima.sk\/wp-content\/uploads\/2025\/03\/referencie-banner.jpg","contentUrl":"https:\/\/www.slovklima.sk\/wp-content\/uploads\/2025\/03\/referencie-banner.jpg","width":2560,"height":990},{"@type":"BreadcrumbList","@id":"https:\/\/www.slovklima.sk\/hu\/referenciak\/#breadcrumb","itemListElement":[{"@type":"ListItem","position":1,"name":"Domovsk\u00e1 str\u00e1nka","item":"https:\/\/www.slovklima.sk\/hu\/"},{"@type":"ListItem","position":2,"name":"Referenci\u00e1k"}]},{"@type":"WebSite","@id":"https:\/\/www.slovklima.sk\/#website","url":"https:\/\/www.slovklima.sk\/","name":"SLOVKLIMA DEIMOS group, s.r.o.","description":"","publisher":{"@id":"https:\/\/www.slovklima.sk\/#organization"},"alternateName":"SLOVKLIMA","potentialAction":[{"@type":"SearchAction","target":{"@type":"EntryPoint","urlTemplate":"https:\/\/www.slovklima.sk\/?s={search_term_string}"},"query-input":{"@type":"PropertyValueSpecification","valueRequired":true,"valueName":"search_term_string"}}],"inLanguage":"hu"},{"@type":"Organization","@id":"https:\/\/www.slovklima.sk\/#organization","name":"SLOVKLIMA DEIMOS group, s.r.o.","alternateName":"SLOVKLIMA","url":"https:\/\/www.slovklima.sk\/","logo":{"@type":"ImageObject","inLanguage":"hu","@id":"https:\/\/www.slovklima.sk\/#\/schema\/logo\/image\/","url":"https:\/\/www.slovklima.sk\/wp-content\/uploads\/2022\/12\/slovklima-logo-black.svg","contentUrl":"https:\/\/www.slovklima.sk\/wp-content\/uploads\/2022\/12\/slovklima-logo-black.svg","width":3218,"height":698,"caption":"SLOVKLIMA DEIMOS group, s.r.o."},"image":{"@id":"https:\/\/www.slovklima.sk\/#\/schema\/logo\/image\/"}}]}},"_links":{"self":[{"href":"https:\/\/www.slovklima.sk\/hu\/wp-json\/wp\/v2\/pages\/11401","targetHints":{"allow":["GET"]}}],"collection":[{"href":"https:\/\/www.slovklima.sk\/hu\/wp-json\/wp\/v2\/pages"}],"about":[{"href":"https:\/\/www.slovklima.sk\/hu\/wp-json\/wp\/v2\/types\/page"}],"author":[{"embeddable":true,"href":"https:\/\/www.slovklima.sk\/hu\/wp-json\/wp\/v2\/users\/1"}],"replies":[{"embeddable":true,"href":"https:\/\/www.slovklima.sk\/hu\/wp-json\/wp\/v2\/comments?post=11401"}],"version-history":[{"count":0,"href":"https:\/\/www.slovklima.sk\/hu\/wp-json\/wp\/v2\/pages\/11401\/revisions"}],"wp:featuredmedia":[{"embeddable":true,"href":"https:\/\/www.slovklima.sk\/hu\/wp-json\/wp\/v2\/media\/13720"}],"wp:attachment":[{"href":"https:\/\/www.slovklima.sk\/hu\/wp-json\/wp\/v2\/media?parent=11401"}],"curies":[{"name":"wp","href":"https:\/\/api.w.org\/{rel}","templated":true}]}}