{"id":11390,"date":"2017-06-14T13:43:21","date_gmt":"2017-06-14T11:43:21","guid":{"rendered":"https:\/\/www.slovklima.sk\/blog\/"},"modified":"2026-04-21T10:15:41","modified_gmt":"2026-04-21T08:15:41","slug":"blog","status":"publish","type":"page","link":"https:\/\/www.slovklima.sk\/hu\/blog\/","title":{"rendered":"Blog"},"content":{"rendered":"<section class=\"wpb-content-wrapper\"><p>[vc_row][vc_column]<div id=\"wd-69f1e24a12ec3\" class=\"wd-blog-element wd-rs-69e7322398e5d wd-wpb\"><div class=\"wd-posts wd-blog-holder  wd-grid-g\" data-paged=\"1\" data-atts=\"{&quot;carousel_id&quot;:&quot;5000&quot;,&quot;speed&quot;:&quot;5000&quot;,&quot;slides_per_view&quot;:&quot;3&quot;,&quot;slides_per_view_tablet&quot;:&quot;auto&quot;,&quot;slides_per_view_mobile&quot;:&quot;auto&quot;,&quot;wrap&quot;:&quot;&quot;,&quot;loop&quot;:false,&quot;autoplay&quot;:&quot;no&quot;,&quot;autoheight&quot;:&quot;no&quot;,&quot;hide_pagination_control&quot;:&quot;&quot;,&quot;hide_pagination_control_tablet&quot;:&quot;yes&quot;,&quot;hide_pagination_control_mobile&quot;:&quot;yes&quot;,&quot;dynamic_pagination_control&quot;:&quot;no&quot;,&quot;hide_prev_next_buttons&quot;:&quot;&quot;,&quot;hide_prev_next_buttons_tablet&quot;:&quot;&quot;,&quot;hide_prev_next_buttons_mobile&quot;:&quot;&quot;,&quot;carousel_arrows_position&quot;:&quot;&quot;,&quot;hide_scrollbar&quot;:&quot;yes&quot;,&quot;hide_scrollbar_tablet&quot;:&quot;yes&quot;,&quot;hide_scrollbar_mobile&quot;:&quot;yes&quot;,&quot;scroll_per_page&quot;:&quot;yes&quot;,&quot;dragEndSpeed&quot;:200,&quot;center_mode&quot;:&quot;no&quot;,&quot;custom_sizes&quot;:&quot;&quot;,&quot;sliding_speed&quot;:false,&quot;animation&quot;:false,&quot;content_animation&quot;:false,&quot;post_type&quot;:&quot;post&quot;,&quot;slider&quot;:&quot;&quot;,&quot;library&quot;:&quot;&quot;,&quot;css&quot;:&quot;&quot;,&quot;effect&quot;:&quot;&quot;,&quot;spacing&quot;:&quot;&quot;,&quot;spacing_tablet&quot;:&quot;&quot;,&quot;spacing_mobile&quot;:&quot;&quot;,&quot;carousel_sync&quot;:&quot;&quot;,&quot;sync_parent_id&quot;:&quot;&quot;,&quot;sync_child_id&quot;:&quot;&quot;,&quot;scroll_carousel_init&quot;:&quot;no&quot;,&quot;disable_overflow_carousel&quot;:&quot;no&quot;,&quot;include&quot;:&quot;&quot;,&quot;custom_query&quot;:&quot;&quot;,&quot;taxonomies&quot;:&quot;&quot;,&quot;pagination&quot;:&quot;pagination&quot;,&quot;parts_media&quot;:true,&quot;parts_title&quot;:&quot;1&quot;,&quot;parts_meta&quot;:&quot;1&quot;,&quot;parts_text&quot;:&quot;1&quot;,&quot;parts_btn&quot;:&quot;1&quot;,&quot;items_per_page&quot;:&quot;&quot;,&quot;offset&quot;:&quot;&quot;,&quot;orderby&quot;:&quot;date&quot;,&quot;order&quot;:&quot;DESC&quot;,&quot;meta_key&quot;:&quot;&quot;,&quot;exclude&quot;:&quot;&quot;,&quot;class&quot;:&quot;&quot;,&quot;ajax_page&quot;:&quot;&quot;,&quot;img_size&quot;:&quot;medium&quot;,&quot;img_size_custom&quot;:[],&quot;blog_design&quot;:&quot;chess&quot;,&quot;blog_carousel_design&quot;:&quot;masonry&quot;,&quot;blog_columns&quot;:3,&quot;blog_columns_tablet&quot;:&quot;auto&quot;,&quot;blog_columns_mobile&quot;:&quot;auto&quot;,&quot;blog_spacing&quot;:&quot;20&quot;,&quot;blog_spacing_tablet&quot;:&quot;&quot;,&quot;blog_spacing_mobile&quot;:&quot;&quot;,&quot;lazy_loading&quot;:&quot;no&quot;,&quot;search&quot;:&quot;&quot;,&quot;woodmart_css_id&quot;:&quot;69e7322398e5d&quot;,&quot;el_id&quot;:&quot;wd-69f1e24a12ec3&quot;,&quot;el_class&quot;:&quot;&quot;,&quot;wrapper_classes&quot;:&quot;&quot;}\" data-source=\"shortcode\">\n<article id=\"post-20223\" class=\"wd-post blog-design-chess blog-post-loop blog-design-small-images blog-style-bg wd-add-shadow wd-col post-20223 post type-post status-publish format-standard has-post-thumbnail hentry category-legkondicionalas\">\n\t<div class=\"article-inner\">\n\t\t<header class=\"entry-header\">\n\t\t\t\t\t\t\t<figure class=\"entry-thumbnail\">\n\t\t\t\t\t\t\t\t\t\t\t<div class=\"post-img-wrapp\">\n\t\t\t\t\t\t\t<a href=\"https:\/\/www.slovklima.sk\/hu\/blog\/klimaberendezes-hovisszanyeressel-energiatakarekos-szelloztetes-es-hutes-egy-rendszerben\/\">\n\t\t\t\t\t\t\t\t<img decoding=\"async\" width=\"400\" height=\"169\" src=\"https:\/\/www.slovklima.sk\/wp-content\/uploads\/2026\/02\/Klimatizacia-s-rekuperaciou-2-400x169.jpg\" class=\"attachment-medium size-medium\" alt=\"Kl\u00edmaberendez\u00e9s h\u0151visszanyer\u00e9ssel\" srcset=\"https:\/\/www.slovklima.sk\/wp-content\/uploads\/2026\/02\/Klimatizacia-s-rekuperaciou-2-400x169.jpg 400w, https:\/\/www.slovklima.sk\/wp-content\/uploads\/2026\/02\/Klimatizacia-s-rekuperaciou-2-768x325.jpg 768w, https:\/\/www.slovklima.sk\/wp-content\/uploads\/2026\/02\/Klimatizacia-s-rekuperaciou-2-430x182.jpg 430w, https:\/\/www.slovklima.sk\/wp-content\/uploads\/2026\/02\/Klimatizacia-s-rekuperaciou-2-700x296.jpg 700w, https:\/\/www.slovklima.sk\/wp-content\/uploads\/2026\/02\/Klimatizacia-s-rekuperaciou-2-150x63.jpg 150w, https:\/\/www.slovklima.sk\/wp-content\/uploads\/2026\/02\/Klimatizacia-s-rekuperaciou-2.jpg 1065w\" sizes=\"(max-width: 400px) 100vw, 400px\" \/>\t\t\t\t\t\t\t<\/a>\n\t\t\t\t\t\t<\/div>\n\t\t\t\t\t\t<div class=\"post-image-mask\">\n\t\t\t\t\t\t\t<span><\/span>\n\t\t\t\t\t\t<\/div>\n\t\t\t\t\t\t\t\t\t<\/figure>\n\t\t\t\n\t\t\t\t\t\t<div class=\"wd-post-date wd-style-with-bg\">\n\t\t\t\t<span class=\"post-date-day\">\n\t\t\t\t\t24\t\t\t\t<\/span>\n\t\t\t\t<span class=\"post-date-month\">\n\t\t\t\t\t\u00e1pr\t\t\t\t<\/span>\n\t\t\t<\/div>\n\t\t\t\t<\/header>\n\n\t\t<div class=\"article-body-container\">\n\t\t\t\t\t\t\t<div class=\"meta-categories-wrapp\">\n\t\t\t\t\t<div class=\"meta-post-categories wd-post-cat wd-style-with-bg\">\n\t\t\t\t\t\t<a href=\"https:\/\/www.slovklima.sk\/hu\/blog\/category\/legkondicionalas\/\" rel=\"category tag\">L\u00e9gkondicion\u00e1l\u00e1s<\/a>\t\t\t\t\t<\/div>\n\t\t\t\t<\/div>\n\t\t\t\n\t\t\t\t\t\t\t<h3 class=\"wd-entities-title title post-title\">\n\t\t\t\t\t<a href=\"https:\/\/www.slovklima.sk\/hu\/blog\/klimaberendezes-hovisszanyeressel-energiatakarekos-szelloztetes-es-hutes-egy-rendszerben\/\" rel=\"bookmark\">Kl\u00edmaberendez\u00e9s h\u0151visszanyer\u00e9ssel: Energiatakar\u00e9kos szell\u0151ztet\u00e9s \u00e9s h\u0171t\u00e9s egy rendszerben <\/a>\n\t\t\t\t<\/h3>\n\t\t\t\n\t\t\t\t\t\t\t<div class=\"entry-meta wd-entry-meta\">\n\t\t\t\t\t\t\t\t<ul class=\"entry-meta-list\">\n\t\t\t\t\t\t\t\t\t<li class=\"modified-date\">\n\t\t\t\t\t\t\t\t<time class=\"updated\" datetime=\"2026-02-02T15:20:48+01:00\">\n\t\t\t2. febru\u00e1r 2026\t\t<\/time>\n\t\t\t\t\t\t\t<\/li>\n\n\t\t\t\t\t\n\t\t\t\t\t\t\t\t\t\t\t<li class=\"meta-author\">\n\t\t\t\t\t\t\t\t\t\t\t\t<span>Szerz\u0151:<\/span>\n\t\t\n\t\t\t\t\t<img alt='author-avatar' src='https:\/\/secure.gravatar.com\/avatar\/b022cc3ca0fc64964f410b12966d5772a852c461ebad9ff60247ddab8bafe8db?s=32&#038;d=mm&#038;r=g' srcset='https:\/\/secure.gravatar.com\/avatar\/b022cc3ca0fc64964f410b12966d5772a852c461ebad9ff60247ddab8bafe8db?s=64&#038;d=mm&#038;r=g 2x' class='avatar avatar-32 photo' height='32' width='32' \/>\t\t\n\t\t<a href=\"https:\/\/www.slovklima.sk\/hu\/blog\/author\/terlanda-peter\/\" class=\"author\" rel=\"author\">terlanda.peter<\/a>\n\t\t\t\t\t\t\t\t<\/li>\n\t\t\t\t\t\n\t\t\t\t\t\n\t\t\t\t\t\t\t\t\t\t\t\t<\/ul>\n\t\t\t\t\t\t<\/div>\n\t\t\t\t\t\t\t\n\t\t\t\t\t\t\t\t\t\t\t\t<div class=\"entry-content wd-post-desc\">\n\t\t\t\t\t\tA modern \u00e9p\u00fcletek kiv\u00e1l\u00f3 h\u0151szigetel\u00e9ssel \u00e9s j\u00f3l z\u00e1r\u00f3d\u00f3 ny\u00edl\u00e1...\t\t\t\t\t<\/div>\n\t\t\t\t\n\t\t\t\t\t\t\t\t\t\t\t\t\t\t<p class=\"read-more-section\">\n\t\t\t\t\t\t<a class=\"btn-read-more more-link\" href=\"https:\/\/www.slovklima.sk\/hu\/blog\/klimaberendezes-hovisszanyeressel-energiatakarekos-szelloztetes-es-hutes-egy-rendszerben\/\">Folytatom az olvas\u00e1st<\/a>\t\t\t\t\t<\/p>\n\t\t\t\t\t\t\t\t\t\t\t\t\t<\/div>\n\t<\/div>\n<\/article>\n\n\n<article id=\"post-20208\" class=\"wd-post blog-design-chess blog-post-loop blog-design-small-images blog-style-bg wd-add-shadow wd-col post-20208 post type-post status-publish format-standard has-post-thumbnail hentry category-hutes\">\n\t<div class=\"article-inner\">\n\t\t<header class=\"entry-header\">\n\t\t\t\t\t\t\t<figure class=\"entry-thumbnail\">\n\t\t\t\t\t\t\t\t\t\t\t<div class=\"post-img-wrapp\">\n\t\t\t\t\t\t\t<a href=\"https:\/\/www.slovklima.sk\/hu\/blog\/kornyezetbaratabb-hutokozegek-atallas-fenntarthato-megoldasokra-a-hutestechnikai-iparban\/\">\n\t\t\t\t\t\t\t\t<img decoding=\"async\" width=\"400\" height=\"169\" src=\"https:\/\/www.slovklima.sk\/wp-content\/uploads\/2026\/02\/Chladiva-400x169.jpg\" class=\"attachment-medium size-medium\" alt=\"A h\u0171t\u0151- \u00e9s kl\u00edmaberendez\u00e9sek\" srcset=\"https:\/\/www.slovklima.sk\/wp-content\/uploads\/2026\/02\/Chladiva-400x169.jpg 400w, https:\/\/www.slovklima.sk\/wp-content\/uploads\/2026\/02\/Chladiva-768x325.jpg 768w, https:\/\/www.slovklima.sk\/wp-content\/uploads\/2026\/02\/Chladiva-430x182.jpg 430w, https:\/\/www.slovklima.sk\/wp-content\/uploads\/2026\/02\/Chladiva-700x296.jpg 700w, https:\/\/www.slovklima.sk\/wp-content\/uploads\/2026\/02\/Chladiva-150x63.jpg 150w, https:\/\/www.slovklima.sk\/wp-content\/uploads\/2026\/02\/Chladiva.jpg 1065w\" sizes=\"(max-width: 400px) 100vw, 400px\" \/>\t\t\t\t\t\t\t<\/a>\n\t\t\t\t\t\t<\/div>\n\t\t\t\t\t\t<div class=\"post-image-mask\">\n\t\t\t\t\t\t\t<span><\/span>\n\t\t\t\t\t\t<\/div>\n\t\t\t\t\t\t\t\t\t<\/figure>\n\t\t\t\n\t\t\t\t\t\t<div class=\"wd-post-date wd-style-with-bg\">\n\t\t\t\t<span class=\"post-date-day\">\n\t\t\t\t\t13\t\t\t\t<\/span>\n\t\t\t\t<span class=\"post-date-month\">\n\t\t\t\t\t\u00e1pr\t\t\t\t<\/span>\n\t\t\t<\/div>\n\t\t\t\t<\/header>\n\n\t\t<div class=\"article-body-container\">\n\t\t\t\t\t\t\t<div class=\"meta-categories-wrapp\">\n\t\t\t\t\t<div class=\"meta-post-categories wd-post-cat wd-style-with-bg\">\n\t\t\t\t\t\t<a href=\"https:\/\/www.slovklima.sk\/hu\/blog\/category\/hutes\/\" rel=\"category tag\">H\u0171t\u00e9s<\/a>\t\t\t\t\t<\/div>\n\t\t\t\t<\/div>\n\t\t\t\n\t\t\t\t\t\t\t<h3 class=\"wd-entities-title title post-title\">\n\t\t\t\t\t<a href=\"https:\/\/www.slovklima.sk\/hu\/blog\/kornyezetbaratabb-hutokozegek-atallas-fenntarthato-megoldasokra-a-hutestechnikai-iparban\/\" rel=\"bookmark\">K\u00f6rnyezetbar\u00e1tabb h\u0171t\u0151k\u00f6zegek: \u00c1t\u00e1ll\u00e1s fenntarthat\u00f3 megold\u00e1sokra a h\u0171t\u00e9stechnikai iparban<\/a>\n\t\t\t\t<\/h3>\n\t\t\t\n\t\t\t\t\t\t\t<div class=\"entry-meta wd-entry-meta\">\n\t\t\t\t\t\t\t\t<ul class=\"entry-meta-list\">\n\t\t\t\t\t\t\t\t\t<li class=\"modified-date\">\n\t\t\t\t\t\t\t\t<time class=\"updated\" datetime=\"2026-02-02T15:24:31+01:00\">\n\t\t\t2. febru\u00e1r 2026\t\t<\/time>\n\t\t\t\t\t\t\t<\/li>\n\n\t\t\t\t\t\n\t\t\t\t\t\t\t\t\t\t\t<li class=\"meta-author\">\n\t\t\t\t\t\t\t\t\t\t\t\t<span>Szerz\u0151:<\/span>\n\t\t\n\t\t\t\t\t<img alt='author-avatar' src='https:\/\/secure.gravatar.com\/avatar\/b022cc3ca0fc64964f410b12966d5772a852c461ebad9ff60247ddab8bafe8db?s=32&#038;d=mm&#038;r=g' srcset='https:\/\/secure.gravatar.com\/avatar\/b022cc3ca0fc64964f410b12966d5772a852c461ebad9ff60247ddab8bafe8db?s=64&#038;d=mm&#038;r=g 2x' class='avatar avatar-32 photo' height='32' width='32' \/>\t\t\n\t\t<a href=\"https:\/\/www.slovklima.sk\/hu\/blog\/author\/terlanda-peter\/\" class=\"author\" rel=\"author\">terlanda.peter<\/a>\n\t\t\t\t\t\t\t\t<\/li>\n\t\t\t\t\t\n\t\t\t\t\t\n\t\t\t\t\t\t\t\t\t\t\t\t<\/ul>\n\t\t\t\t\t\t<\/div>\n\t\t\t\t\t\t\t\n\t\t\t\t\t\t\t\t\t\t\t\t<div class=\"entry-content wd-post-desc\">\n\t\t\t\t\t\tA h\u0171t\u0151- \u00e9s kl\u00edmaberendez\u00e9sek ma m\u00e1r elengedhetetlen r\u00e9sz\u00e9t k\u00e9pezik az iparnak, a logisztik\u00e1nak, a ke...\t\t\t\t\t<\/div>\n\t\t\t\t\n\t\t\t\t\t\t\t\t\t\t\t\t\t\t<p class=\"read-more-section\">\n\t\t\t\t\t\t<a class=\"btn-read-more more-link\" href=\"https:\/\/www.slovklima.sk\/hu\/blog\/kornyezetbaratabb-hutokozegek-atallas-fenntarthato-megoldasokra-a-hutestechnikai-iparban\/\">Folytatom az olvas\u00e1st<\/a>\t\t\t\t\t<\/p>\n\t\t\t\t\t\t\t\t\t\t\t\t\t<\/div>\n\t<\/div>\n<\/article>\n\n\n<article id=\"post-20193\" class=\"wd-post blog-design-chess blog-post-loop blog-design-small-images blog-style-bg wd-add-shadow wd-col post-20193 post type-post status-publish format-standard has-post-thumbnail hentry category-futes\">\n\t<div class=\"article-inner\">\n\t\t<header class=\"entry-header\">\n\t\t\t\t\t\t\t<figure class=\"entry-thumbnail\">\n\t\t\t\t\t\t\t\t\t\t\t<div class=\"post-img-wrapp\">\n\t\t\t\t\t\t\t<a href=\"https:\/\/www.slovklima.sk\/hu\/blog\/hogyan-mukodik-a-hoszivattyu-egyszeru-utmutato\/\">\n\t\t\t\t\t\t\t\t<img decoding=\"async\" width=\"400\" height=\"169\" src=\"https:\/\/www.slovklima.sk\/wp-content\/uploads\/2026\/02\/ako-funguje-tepelne-cerpadlo-400x169.jpg\" class=\"attachment-medium size-medium\" alt=\"Hogyan m\u0171k\u00f6dik a h\u0151szivatty\u00fa\" srcset=\"https:\/\/www.slovklima.sk\/wp-content\/uploads\/2026\/02\/ako-funguje-tepelne-cerpadlo-400x169.jpg 400w, https:\/\/www.slovklima.sk\/wp-content\/uploads\/2026\/02\/ako-funguje-tepelne-cerpadlo-768x325.jpg 768w, https:\/\/www.slovklima.sk\/wp-content\/uploads\/2026\/02\/ako-funguje-tepelne-cerpadlo-430x182.jpg 430w, https:\/\/www.slovklima.sk\/wp-content\/uploads\/2026\/02\/ako-funguje-tepelne-cerpadlo-700x296.jpg 700w, https:\/\/www.slovklima.sk\/wp-content\/uploads\/2026\/02\/ako-funguje-tepelne-cerpadlo-150x63.jpg 150w, https:\/\/www.slovklima.sk\/wp-content\/uploads\/2026\/02\/ako-funguje-tepelne-cerpadlo.jpg 1065w\" sizes=\"(max-width: 400px) 100vw, 400px\" \/>\t\t\t\t\t\t\t<\/a>\n\t\t\t\t\t\t<\/div>\n\t\t\t\t\t\t<div class=\"post-image-mask\">\n\t\t\t\t\t\t\t<span><\/span>\n\t\t\t\t\t\t<\/div>\n\t\t\t\t\t\t\t\t\t<\/figure>\n\t\t\t\n\t\t\t\t\t\t<div class=\"wd-post-date wd-style-with-bg\">\n\t\t\t\t<span class=\"post-date-day\">\n\t\t\t\t\t06\t\t\t\t<\/span>\n\t\t\t\t<span class=\"post-date-month\">\n\t\t\t\t\t\u00e1pr\t\t\t\t<\/span>\n\t\t\t<\/div>\n\t\t\t\t<\/header>\n\n\t\t<div class=\"article-body-container\">\n\t\t\t\t\t\t\t<div class=\"meta-categories-wrapp\">\n\t\t\t\t\t<div class=\"meta-post-categories wd-post-cat wd-style-with-bg\">\n\t\t\t\t\t\t<a href=\"https:\/\/www.slovklima.sk\/hu\/blog\/category\/futes\/\" rel=\"category tag\">F\u0171t\u00e9s<\/a>\t\t\t\t\t<\/div>\n\t\t\t\t<\/div>\n\t\t\t\n\t\t\t\t\t\t\t<h3 class=\"wd-entities-title title post-title\">\n\t\t\t\t\t<a href=\"https:\/\/www.slovklima.sk\/hu\/blog\/hogyan-mukodik-a-hoszivattyu-egyszeru-utmutato\/\" rel=\"bookmark\">Hogyan m\u0171k\u00f6dik a h\u0151szivatty\u00fa: Egyszer\u0171 \u00fatmutat\u00f3<\/a>\n\t\t\t\t<\/h3>\n\t\t\t\n\t\t\t\t\t\t\t<div class=\"entry-meta wd-entry-meta\">\n\t\t\t\t\t\t\t\t<ul class=\"entry-meta-list\">\n\t\t\t\t\t\t\t\t\t<li class=\"modified-date\">\n\t\t\t\t\t\t\t\t<time class=\"updated\" datetime=\"2026-02-02T15:24:20+01:00\">\n\t\t\t2. febru\u00e1r 2026\t\t<\/time>\n\t\t\t\t\t\t\t<\/li>\n\n\t\t\t\t\t\n\t\t\t\t\t\t\t\t\t\t\t<li class=\"meta-author\">\n\t\t\t\t\t\t\t\t\t\t\t\t<span>Szerz\u0151:<\/span>\n\t\t\n\t\t\t\t\t<img alt='author-avatar' src='https:\/\/secure.gravatar.com\/avatar\/b022cc3ca0fc64964f410b12966d5772a852c461ebad9ff60247ddab8bafe8db?s=32&#038;d=mm&#038;r=g' srcset='https:\/\/secure.gravatar.com\/avatar\/b022cc3ca0fc64964f410b12966d5772a852c461ebad9ff60247ddab8bafe8db?s=64&#038;d=mm&#038;r=g 2x' class='avatar avatar-32 photo' height='32' width='32' \/>\t\t\n\t\t<a href=\"https:\/\/www.slovklima.sk\/hu\/blog\/author\/terlanda-peter\/\" class=\"author\" rel=\"author\">terlanda.peter<\/a>\n\t\t\t\t\t\t\t\t<\/li>\n\t\t\t\t\t\n\t\t\t\t\t\n\t\t\t\t\t\t\t\t\t\t\t\t<\/ul>\n\t\t\t\t\t\t<\/div>\n\t\t\t\t\t\t\t\n\t\t\t\t\t\t\t\t\t\t\t\t<div class=\"entry-content wd-post-desc\">\n\t\t\t\t\t\tA h\u0151szivatty\u00fa ma az egyik leggyakrabban emlegetett megold\u00e1s, amikor a modern otthoni f\u0171t\u00e9s ker\u00fcl sz\u00f3...\t\t\t\t\t<\/div>\n\t\t\t\t\n\t\t\t\t\t\t\t\t\t\t\t\t\t\t<p class=\"read-more-section\">\n\t\t\t\t\t\t<a class=\"btn-read-more more-link\" href=\"https:\/\/www.slovklima.sk\/hu\/blog\/hogyan-mukodik-a-hoszivattyu-egyszeru-utmutato\/\">Folytatom az olvas\u00e1st<\/a>\t\t\t\t\t<\/p>\n\t\t\t\t\t\t\t\t\t\t\t\t\t<\/div>\n\t<\/div>\n<\/article>\n\n\n<article id=\"post-20180\" class=\"wd-post blog-design-chess blog-post-loop blog-design-small-images blog-style-bg wd-add-shadow wd-col post-20180 post type-post status-publish format-standard has-post-thumbnail hentry category-hutes\">\n\t<div class=\"article-inner\">\n\t\t<header class=\"entry-header\">\n\t\t\t\t\t\t\t<figure class=\"entry-thumbnail\">\n\t\t\t\t\t\t\t\t\t\t\t<div class=\"post-img-wrapp\">\n\t\t\t\t\t\t\t<a href=\"https:\/\/www.slovklima.sk\/hu\/blog\/hogyan-mukodik-a-kompresszor-es-miert-kulcsfontossagu-a-hutorendszerekben\/\">\n\t\t\t\t\t\t\t\t<img decoding=\"async\" width=\"400\" height=\"169\" src=\"https:\/\/www.slovklima.sk\/wp-content\/uploads\/2026\/02\/ako-funguje-kompresor-2-400x169.jpg\" class=\"attachment-medium size-medium\" alt=\"Hogyan m\u0171k\u00f6dik a kompresszor\" srcset=\"https:\/\/www.slovklima.sk\/wp-content\/uploads\/2026\/02\/ako-funguje-kompresor-2-400x169.jpg 400w, https:\/\/www.slovklima.sk\/wp-content\/uploads\/2026\/02\/ako-funguje-kompresor-2-768x325.jpg 768w, https:\/\/www.slovklima.sk\/wp-content\/uploads\/2026\/02\/ako-funguje-kompresor-2-430x182.jpg 430w, https:\/\/www.slovklima.sk\/wp-content\/uploads\/2026\/02\/ako-funguje-kompresor-2-700x296.jpg 700w, https:\/\/www.slovklima.sk\/wp-content\/uploads\/2026\/02\/ako-funguje-kompresor-2-150x63.jpg 150w, https:\/\/www.slovklima.sk\/wp-content\/uploads\/2026\/02\/ako-funguje-kompresor-2.jpg 1065w\" sizes=\"(max-width: 400px) 100vw, 400px\" \/>\t\t\t\t\t\t\t<\/a>\n\t\t\t\t\t\t<\/div>\n\t\t\t\t\t\t<div class=\"post-image-mask\">\n\t\t\t\t\t\t\t<span><\/span>\n\t\t\t\t\t\t<\/div>\n\t\t\t\t\t\t\t\t\t<\/figure>\n\t\t\t\n\t\t\t\t\t\t<div class=\"wd-post-date wd-style-with-bg\">\n\t\t\t\t<span class=\"post-date-day\">\n\t\t\t\t\t25\t\t\t\t<\/span>\n\t\t\t\t<span class=\"post-date-month\">\n\t\t\t\t\tm\u00e1rc\t\t\t\t<\/span>\n\t\t\t<\/div>\n\t\t\t\t<\/header>\n\n\t\t<div class=\"article-body-container\">\n\t\t\t\t\t\t\t<div class=\"meta-categories-wrapp\">\n\t\t\t\t\t<div class=\"meta-post-categories wd-post-cat wd-style-with-bg\">\n\t\t\t\t\t\t<a href=\"https:\/\/www.slovklima.sk\/hu\/blog\/category\/hutes\/\" rel=\"category tag\">H\u0171t\u00e9s<\/a>\t\t\t\t\t<\/div>\n\t\t\t\t<\/div>\n\t\t\t\n\t\t\t\t\t\t\t<h3 class=\"wd-entities-title title post-title\">\n\t\t\t\t\t<a href=\"https:\/\/www.slovklima.sk\/hu\/blog\/hogyan-mukodik-a-kompresszor-es-miert-kulcsfontossagu-a-hutorendszerekben\/\" rel=\"bookmark\">Hogyan m\u0171k\u00f6dik a kompresszor \u00e9s mi\u00e9rt kulcsfontoss\u00e1g\u00fa a h\u0171t\u0151rendszerekben<\/a>\n\t\t\t\t<\/h3>\n\t\t\t\n\t\t\t\t\t\t\t<div class=\"entry-meta wd-entry-meta\">\n\t\t\t\t\t\t\t\t<ul class=\"entry-meta-list\">\n\t\t\t\t\t\t\t\t\t<li class=\"modified-date\">\n\t\t\t\t\t\t\t\t<time class=\"updated\" datetime=\"2026-02-02T15:24:22+01:00\">\n\t\t\t2. febru\u00e1r 2026\t\t<\/time>\n\t\t\t\t\t\t\t<\/li>\n\n\t\t\t\t\t\n\t\t\t\t\t\t\t\t\t\t\t<li class=\"meta-author\">\n\t\t\t\t\t\t\t\t\t\t\t\t<span>Szerz\u0151:<\/span>\n\t\t\n\t\t\t\t\t<img alt='author-avatar' src='https:\/\/secure.gravatar.com\/avatar\/b022cc3ca0fc64964f410b12966d5772a852c461ebad9ff60247ddab8bafe8db?s=32&#038;d=mm&#038;r=g' srcset='https:\/\/secure.gravatar.com\/avatar\/b022cc3ca0fc64964f410b12966d5772a852c461ebad9ff60247ddab8bafe8db?s=64&#038;d=mm&#038;r=g 2x' class='avatar avatar-32 photo' height='32' width='32' \/>\t\t\n\t\t<a href=\"https:\/\/www.slovklima.sk\/hu\/blog\/author\/terlanda-peter\/\" class=\"author\" rel=\"author\">terlanda.peter<\/a>\n\t\t\t\t\t\t\t\t<\/li>\n\t\t\t\t\t\n\t\t\t\t\t\n\t\t\t\t\t\t\t\t\t\t\t\t<\/ul>\n\t\t\t\t\t\t<\/div>\n\t\t\t\t\t\t\t\n\t\t\t\t\t\t\t\t\t\t\t\t<div class=\"entry-content wd-post-desc\">\n\t\t\t\t\t\tMinden h\u0171t\u0151k\u00f6rben, legyen sz\u00f3 fagyaszt\u00f3l\u00e1d\u00e1r\u00f3l, ipari h\u0171t\u00e9sr\u0151l, kl\u00edmaberendez\u00e9sr\u0151l vagy h\u0151szivatty\u00far...\t\t\t\t\t<\/div>\n\t\t\t\t\n\t\t\t\t\t\t\t\t\t\t\t\t\t\t<p class=\"read-more-section\">\n\t\t\t\t\t\t<a class=\"btn-read-more more-link\" href=\"https:\/\/www.slovklima.sk\/hu\/blog\/hogyan-mukodik-a-kompresszor-es-miert-kulcsfontossagu-a-hutorendszerekben\/\">Folytatom az olvas\u00e1st<\/a>\t\t\t\t\t<\/p>\n\t\t\t\t\t\t\t\t\t\t\t\t\t<\/div>\n\t<\/div>\n<\/article>\n\n\n<article id=\"post-20171\" class=\"wd-post blog-design-chess blog-post-loop blog-design-small-images blog-style-bg wd-add-shadow wd-col post-20171 post type-post status-publish format-standard has-post-thumbnail hentry category-futes\">\n\t<div class=\"article-inner\">\n\t\t<header class=\"entry-header\">\n\t\t\t\t\t\t\t<figure class=\"entry-thumbnail\">\n\t\t\t\t\t\t\t\t\t\t\t<div class=\"post-img-wrapp\">\n\t\t\t\t\t\t\t<a href=\"https:\/\/www.slovklima.sk\/hu\/blog\/magas-homersekletu-hoszivattyu-megoldas-regebbi-epuletekhez-es-magas-homersekletu-radiatorokhoz\/\">\n\t\t\t\t\t\t\t\t<img decoding=\"async\" width=\"400\" height=\"168\" src=\"https:\/\/www.slovklima.sk\/wp-content\/uploads\/2026\/02\/image-5-400x168.png\" class=\"attachment-medium size-medium\" alt=\"A magas Magas h\u0151m\u00e9rs\u00e9klet\u0171 h\u0151szivatty\u00fa\" srcset=\"https:\/\/www.slovklima.sk\/wp-content\/uploads\/2026\/02\/image-5-400x168.png 400w, https:\/\/www.slovklima.sk\/wp-content\/uploads\/2026\/02\/image-5-430x181.png 430w, https:\/\/www.slovklima.sk\/wp-content\/uploads\/2026\/02\/image-5-150x63.png 150w, https:\/\/www.slovklima.sk\/wp-content\/uploads\/2026\/02\/image-5.png 601w\" sizes=\"(max-width: 400px) 100vw, 400px\" \/>\t\t\t\t\t\t\t<\/a>\n\t\t\t\t\t\t<\/div>\n\t\t\t\t\t\t<div class=\"post-image-mask\">\n\t\t\t\t\t\t\t<span><\/span>\n\t\t\t\t\t\t<\/div>\n\t\t\t\t\t\t\t\t\t<\/figure>\n\t\t\t\n\t\t\t\t\t\t<div class=\"wd-post-date wd-style-with-bg\">\n\t\t\t\t<span class=\"post-date-day\">\n\t\t\t\t\t18\t\t\t\t<\/span>\n\t\t\t\t<span class=\"post-date-month\">\n\t\t\t\t\tm\u00e1rc\t\t\t\t<\/span>\n\t\t\t<\/div>\n\t\t\t\t<\/header>\n\n\t\t<div class=\"article-body-container\">\n\t\t\t\t\t\t\t<div class=\"meta-categories-wrapp\">\n\t\t\t\t\t<div class=\"meta-post-categories wd-post-cat wd-style-with-bg\">\n\t\t\t\t\t\t<a href=\"https:\/\/www.slovklima.sk\/hu\/blog\/category\/futes\/\" rel=\"category tag\">F\u0171t\u00e9s<\/a>\t\t\t\t\t<\/div>\n\t\t\t\t<\/div>\n\t\t\t\n\t\t\t\t\t\t\t<h3 class=\"wd-entities-title title post-title\">\n\t\t\t\t\t<a href=\"https:\/\/www.slovklima.sk\/hu\/blog\/magas-homersekletu-hoszivattyu-megoldas-regebbi-epuletekhez-es-magas-homersekletu-radiatorokhoz\/\" rel=\"bookmark\">Magas h\u0151m\u00e9rs\u00e9klet\u0171 h\u0151szivatty\u00fa: megold\u00e1s r\u00e9gebbi \u00e9p\u00fcletekhez \u00e9s magas h\u0151m\u00e9rs\u00e9klet\u0171 radi\u00e1torokhoz<\/a>\n\t\t\t\t<\/h3>\n\t\t\t\n\t\t\t\t\t\t\t<div class=\"entry-meta wd-entry-meta\">\n\t\t\t\t\t\t\t\t<ul class=\"entry-meta-list\">\n\t\t\t\t\t\t\t\t\t<li class=\"modified-date\">\n\t\t\t\t\t\t\t\t<time class=\"updated\" datetime=\"2026-02-02T15:24:03+01:00\">\n\t\t\t2. febru\u00e1r 2026\t\t<\/time>\n\t\t\t\t\t\t\t<\/li>\n\n\t\t\t\t\t\n\t\t\t\t\t\t\t\t\t\t\t<li class=\"meta-author\">\n\t\t\t\t\t\t\t\t\t\t\t\t<span>Szerz\u0151:<\/span>\n\t\t\n\t\t\t\t\t<img alt='author-avatar' src='https:\/\/secure.gravatar.com\/avatar\/b022cc3ca0fc64964f410b12966d5772a852c461ebad9ff60247ddab8bafe8db?s=32&#038;d=mm&#038;r=g' srcset='https:\/\/secure.gravatar.com\/avatar\/b022cc3ca0fc64964f410b12966d5772a852c461ebad9ff60247ddab8bafe8db?s=64&#038;d=mm&#038;r=g 2x' class='avatar avatar-32 photo' height='32' width='32' \/>\t\t\n\t\t<a href=\"https:\/\/www.slovklima.sk\/hu\/blog\/author\/terlanda-peter\/\" class=\"author\" rel=\"author\">terlanda.peter<\/a>\n\t\t\t\t\t\t\t\t<\/li>\n\t\t\t\t\t\n\t\t\t\t\t\n\t\t\t\t\t\t\t\t\t\t\t\t<\/ul>\n\t\t\t\t\t\t<\/div>\n\t\t\t\t\t\t\t\n\t\t\t\t\t\t\t\t\t\t\t\t<div class=\"entry-content wd-post-desc\">\n\t\t\t\t\t\tAz \u00faj \u00e9p\u00edt\u00e9s\u0171, j\u00f3 h\u0151szigetel\u00e9s\u0171 \u00e9s padl\u00f3f\u0171t\u00e9ssel ell\u00e1tott \u00e9p\u00fcletekn\u00e9l ma m\u00e1r szinte automatikusan sz...\t\t\t\t\t<\/div>\n\t\t\t\t\n\t\t\t\t\t\t\t\t\t\t\t\t\t\t<p class=\"read-more-section\">\n\t\t\t\t\t\t<a class=\"btn-read-more more-link\" href=\"https:\/\/www.slovklima.sk\/hu\/blog\/magas-homersekletu-hoszivattyu-megoldas-regebbi-epuletekhez-es-magas-homersekletu-radiatorokhoz\/\">Folytatom az olvas\u00e1st<\/a>\t\t\t\t\t<\/p>\n\t\t\t\t\t\t\t\t\t\t\t\t\t<\/div>\n\t<\/div>\n<\/article>\n\n\n<article id=\"post-20156\" class=\"wd-post blog-design-chess blog-post-loop blog-design-small-images blog-style-bg wd-add-shadow wd-col post-20156 post type-post status-publish format-standard has-post-thumbnail hentry category-legkondicionalas\">\n\t<div class=\"article-inner\">\n\t\t<header class=\"entry-header\">\n\t\t\t\t\t\t\t<figure class=\"entry-thumbnail\">\n\t\t\t\t\t\t\t\t\t\t\t<div class=\"post-img-wrapp\">\n\t\t\t\t\t\t\t<a href=\"https:\/\/www.slovklima.sk\/hu\/blog\/hova-erdemes-elhelyezni-a-klimaberendezest-a-lakasban-es-a-hazban-hogy-a-leheto-legjobban-mukodjon\/\">\n\t\t\t\t\t\t\t\t<img decoding=\"async\" width=\"400\" height=\"169\" src=\"https:\/\/www.slovklima.sk\/wp-content\/uploads\/2026\/02\/Kde-umiestnit-klimatizaciu-2-400x169.jpg\" class=\"attachment-medium size-medium\" alt=\"Hov\u00e1 \u00e9rdemes elhelyezni a kl\u00edmaberendez\u00e9st\" srcset=\"https:\/\/www.slovklima.sk\/wp-content\/uploads\/2026\/02\/Kde-umiestnit-klimatizaciu-2-400x169.jpg 400w, https:\/\/www.slovklima.sk\/wp-content\/uploads\/2026\/02\/Kde-umiestnit-klimatizaciu-2-768x325.jpg 768w, https:\/\/www.slovklima.sk\/wp-content\/uploads\/2026\/02\/Kde-umiestnit-klimatizaciu-2-430x182.jpg 430w, https:\/\/www.slovklima.sk\/wp-content\/uploads\/2026\/02\/Kde-umiestnit-klimatizaciu-2-700x296.jpg 700w, https:\/\/www.slovklima.sk\/wp-content\/uploads\/2026\/02\/Kde-umiestnit-klimatizaciu-2-150x63.jpg 150w, https:\/\/www.slovklima.sk\/wp-content\/uploads\/2026\/02\/Kde-umiestnit-klimatizaciu-2.jpg 1065w\" sizes=\"(max-width: 400px) 100vw, 400px\" \/>\t\t\t\t\t\t\t<\/a>\n\t\t\t\t\t\t<\/div>\n\t\t\t\t\t\t<div class=\"post-image-mask\">\n\t\t\t\t\t\t\t<span><\/span>\n\t\t\t\t\t\t<\/div>\n\t\t\t\t\t\t\t\t\t<\/figure>\n\t\t\t\n\t\t\t\t\t\t<div class=\"wd-post-date wd-style-with-bg\">\n\t\t\t\t<span class=\"post-date-day\">\n\t\t\t\t\t11\t\t\t\t<\/span>\n\t\t\t\t<span class=\"post-date-month\">\n\t\t\t\t\tm\u00e1rc\t\t\t\t<\/span>\n\t\t\t<\/div>\n\t\t\t\t<\/header>\n\n\t\t<div class=\"article-body-container\">\n\t\t\t\t\t\t\t<div class=\"meta-categories-wrapp\">\n\t\t\t\t\t<div class=\"meta-post-categories wd-post-cat wd-style-with-bg\">\n\t\t\t\t\t\t<a href=\"https:\/\/www.slovklima.sk\/hu\/blog\/category\/legkondicionalas\/\" rel=\"category tag\">L\u00e9gkondicion\u00e1l\u00e1s<\/a>\t\t\t\t\t<\/div>\n\t\t\t\t<\/div>\n\t\t\t\n\t\t\t\t\t\t\t<h3 class=\"wd-entities-title title post-title\">\n\t\t\t\t\t<a href=\"https:\/\/www.slovklima.sk\/hu\/blog\/hova-erdemes-elhelyezni-a-klimaberendezest-a-lakasban-es-a-hazban-hogy-a-leheto-legjobban-mukodjon\/\" rel=\"bookmark\">Hov\u00e1 \u00e9rdemes elhelyezni a kl\u00edmaberendez\u00e9st a lak\u00e1sban \u00e9s a h\u00e1zban, hogy a lehet\u0151 legjobban m\u0171k\u00f6dj\u00f6n?<\/a>\n\t\t\t\t<\/h3>\n\t\t\t\n\t\t\t\t\t\t\t<div class=\"entry-meta wd-entry-meta\">\n\t\t\t\t\t\t\t\t<ul class=\"entry-meta-list\">\n\t\t\t\t\t\t\t\t\t<li class=\"modified-date\">\n\t\t\t\t\t\t\t\t<time class=\"updated\" datetime=\"2026-02-02T10:32:04+01:00\">\n\t\t\t2. febru\u00e1r 2026\t\t<\/time>\n\t\t\t\t\t\t\t<\/li>\n\n\t\t\t\t\t\n\t\t\t\t\t\t\t\t\t\t\t<li class=\"meta-author\">\n\t\t\t\t\t\t\t\t\t\t\t\t<span>Szerz\u0151:<\/span>\n\t\t\n\t\t\t\t\t<img alt='author-avatar' src='https:\/\/secure.gravatar.com\/avatar\/b022cc3ca0fc64964f410b12966d5772a852c461ebad9ff60247ddab8bafe8db?s=32&#038;d=mm&#038;r=g' srcset='https:\/\/secure.gravatar.com\/avatar\/b022cc3ca0fc64964f410b12966d5772a852c461ebad9ff60247ddab8bafe8db?s=64&#038;d=mm&#038;r=g 2x' class='avatar avatar-32 photo' height='32' width='32' \/>\t\t\n\t\t<a href=\"https:\/\/www.slovklima.sk\/hu\/blog\/author\/terlanda-peter\/\" class=\"author\" rel=\"author\">terlanda.peter<\/a>\n\t\t\t\t\t\t\t\t<\/li>\n\t\t\t\t\t\n\t\t\t\t\t\n\t\t\t\t\t\t\t\t\t\t\t\t<\/ul>\n\t\t\t\t\t\t<\/div>\n\t\t\t\t\t\t\t\n\t\t\t\t\t\t\t\t\t\t\t\t<div class=\"entry-content wd-post-desc\">\n\t\t\t\t\t\tA kl\u00edmaberendez\u00e9s ma m\u00e1r a modern lak\u00e1sok \u00e9s csal\u00e1di h\u00e1zak megszokott r\u00e9sze. Az azonban, hogy a mind...\t\t\t\t\t<\/div>\n\t\t\t\t\n\t\t\t\t\t\t\t\t\t\t\t\t\t\t<p class=\"read-more-section\">\n\t\t\t\t\t\t<a class=\"btn-read-more more-link\" href=\"https:\/\/www.slovklima.sk\/hu\/blog\/hova-erdemes-elhelyezni-a-klimaberendezest-a-lakasban-es-a-hazban-hogy-a-leheto-legjobban-mukodjon\/\">Folytatom az olvas\u00e1st<\/a>\t\t\t\t\t<\/p>\n\t\t\t\t\t\t\t\t\t\t\t\t\t<\/div>\n\t<\/div>\n<\/article>\n\n\n<article id=\"post-20143\" class=\"wd-post blog-design-chess blog-post-loop blog-design-small-images blog-style-bg wd-add-shadow wd-col post-20143 post type-post status-publish format-standard has-post-thumbnail hentry category-futes\">\n\t<div class=\"article-inner\">\n\t\t<header class=\"entry-header\">\n\t\t\t\t\t\t\t<figure class=\"entry-thumbnail\">\n\t\t\t\t\t\t\t\t\t\t\t<div class=\"post-img-wrapp\">\n\t\t\t\t\t\t\t<a href=\"https:\/\/www.slovklima.sk\/hu\/blog\/hoszivattyu-telepitese-mi-fontos-tudni-a-folyamat-megkezdese-elott\/\">\n\t\t\t\t\t\t\t\t<img decoding=\"async\" width=\"400\" height=\"169\" src=\"https:\/\/www.slovklima.sk\/wp-content\/uploads\/2026\/02\/Instalacia-tepelneho-cerpadla-400x169.jpg\" class=\"attachment-medium size-medium\" alt=\"H\u0151szivatty\u00fa telep\u00edt\u00e9se\" srcset=\"https:\/\/www.slovklima.sk\/wp-content\/uploads\/2026\/02\/Instalacia-tepelneho-cerpadla-400x169.jpg 400w, https:\/\/www.slovklima.sk\/wp-content\/uploads\/2026\/02\/Instalacia-tepelneho-cerpadla-768x325.jpg 768w, https:\/\/www.slovklima.sk\/wp-content\/uploads\/2026\/02\/Instalacia-tepelneho-cerpadla-430x182.jpg 430w, https:\/\/www.slovklima.sk\/wp-content\/uploads\/2026\/02\/Instalacia-tepelneho-cerpadla-700x296.jpg 700w, https:\/\/www.slovklima.sk\/wp-content\/uploads\/2026\/02\/Instalacia-tepelneho-cerpadla-150x63.jpg 150w, https:\/\/www.slovklima.sk\/wp-content\/uploads\/2026\/02\/Instalacia-tepelneho-cerpadla.jpg 1065w\" sizes=\"(max-width: 400px) 100vw, 400px\" \/>\t\t\t\t\t\t\t<\/a>\n\t\t\t\t\t\t<\/div>\n\t\t\t\t\t\t<div class=\"post-image-mask\">\n\t\t\t\t\t\t\t<span><\/span>\n\t\t\t\t\t\t<\/div>\n\t\t\t\t\t\t\t\t\t<\/figure>\n\t\t\t\n\t\t\t\t\t\t<div class=\"wd-post-date wd-style-with-bg\">\n\t\t\t\t<span class=\"post-date-day\">\n\t\t\t\t\t04\t\t\t\t<\/span>\n\t\t\t\t<span class=\"post-date-month\">\n\t\t\t\t\tm\u00e1rc\t\t\t\t<\/span>\n\t\t\t<\/div>\n\t\t\t\t<\/header>\n\n\t\t<div class=\"article-body-container\">\n\t\t\t\t\t\t\t<div class=\"meta-categories-wrapp\">\n\t\t\t\t\t<div class=\"meta-post-categories wd-post-cat wd-style-with-bg\">\n\t\t\t\t\t\t<a href=\"https:\/\/www.slovklima.sk\/hu\/blog\/category\/futes\/\" rel=\"category tag\">F\u0171t\u00e9s<\/a>\t\t\t\t\t<\/div>\n\t\t\t\t<\/div>\n\t\t\t\n\t\t\t\t\t\t\t<h3 class=\"wd-entities-title title post-title\">\n\t\t\t\t\t<a href=\"https:\/\/www.slovklima.sk\/hu\/blog\/hoszivattyu-telepitese-mi-fontos-tudni-a-folyamat-megkezdese-elott\/\" rel=\"bookmark\">H\u0151szivatty\u00fa telep\u00edt\u00e9se: Mi fontos tudni a folyamat megkezd\u00e9se el\u0151tt?<\/a>\n\t\t\t\t<\/h3>\n\t\t\t\n\t\t\t\t\t\t\t<div class=\"entry-meta wd-entry-meta\">\n\t\t\t\t\t\t\t\t<ul class=\"entry-meta-list\">\n\t\t\t\t\t\t\t\t\t<li class=\"modified-date\">\n\t\t\t\t\t\t\t\t<time class=\"updated\" datetime=\"2026-02-02T10:18:23+01:00\">\n\t\t\t2. febru\u00e1r 2026\t\t<\/time>\n\t\t\t\t\t\t\t<\/li>\n\n\t\t\t\t\t\n\t\t\t\t\t\t\t\t\t\t\t<li class=\"meta-author\">\n\t\t\t\t\t\t\t\t\t\t\t\t<span>Szerz\u0151:<\/span>\n\t\t\n\t\t\t\t\t<img alt='author-avatar' src='https:\/\/secure.gravatar.com\/avatar\/b022cc3ca0fc64964f410b12966d5772a852c461ebad9ff60247ddab8bafe8db?s=32&#038;d=mm&#038;r=g' srcset='https:\/\/secure.gravatar.com\/avatar\/b022cc3ca0fc64964f410b12966d5772a852c461ebad9ff60247ddab8bafe8db?s=64&#038;d=mm&#038;r=g 2x' class='avatar avatar-32 photo' height='32' width='32' \/>\t\t\n\t\t<a href=\"https:\/\/www.slovklima.sk\/hu\/blog\/author\/terlanda-peter\/\" class=\"author\" rel=\"author\">terlanda.peter<\/a>\n\t\t\t\t\t\t\t\t<\/li>\n\t\t\t\t\t\n\t\t\t\t\t\n\t\t\t\t\t\t\t\t\t\t\t\t<\/ul>\n\t\t\t\t\t\t<\/div>\n\t\t\t\t\t\t\t\n\t\t\t\t\t\t\t\t\t\t\t\t<div class=\"entry-content wd-post-desc\">\n\t\t\t\t\t\tA h\u0151szivatty\u00fa napjainkban az egyik leghat\u00e9konyabb f\u0171t\u00e9si megold\u00e1s csal\u00e1di h\u00e1zakhoz, kisebb l\u00e9tes\u00edtm\u00e9...\t\t\t\t\t<\/div>\n\t\t\t\t\n\t\t\t\t\t\t\t\t\t\t\t\t\t\t<p class=\"read-more-section\">\n\t\t\t\t\t\t<a class=\"btn-read-more more-link\" href=\"https:\/\/www.slovklima.sk\/hu\/blog\/hoszivattyu-telepitese-mi-fontos-tudni-a-folyamat-megkezdese-elott\/\">Folytatom az olvas\u00e1st<\/a>\t\t\t\t\t<\/p>\n\t\t\t\t\t\t\t\t\t\t\t\t\t<\/div>\n\t<\/div>\n<\/article>\n\n\n<article id=\"post-20128\" class=\"wd-post blog-design-chess blog-post-loop blog-design-small-images blog-style-bg wd-add-shadow wd-col post-20128 post type-post status-publish format-standard has-post-thumbnail hentry category-legkondicionalas\">\n\t<div class=\"article-inner\">\n\t\t<header class=\"entry-header\">\n\t\t\t\t\t\t\t<figure class=\"entry-thumbnail\">\n\t\t\t\t\t\t\t\t\t\t\t<div class=\"post-img-wrapp\">\n\t\t\t\t\t\t\t<a href=\"https:\/\/www.slovklima.sk\/hu\/blog\/aux-q-smart-klimaberendezes-modern-technologiak-a-maximalis-hatekonysagert\/\">\n\t\t\t\t\t\t\t\t<img decoding=\"async\" width=\"400\" height=\"169\" src=\"https:\/\/www.slovklima.sk\/wp-content\/uploads\/2026\/02\/Klimatizacia-AUX-Q-smart-400x169.jpg\" class=\"attachment-medium size-medium\" alt=\"AUX Q-SMART kl\u00edmaberendez\u00e9s\" srcset=\"https:\/\/www.slovklima.sk\/wp-content\/uploads\/2026\/02\/Klimatizacia-AUX-Q-smart-400x169.jpg 400w, https:\/\/www.slovklima.sk\/wp-content\/uploads\/2026\/02\/Klimatizacia-AUX-Q-smart-768x325.jpg 768w, https:\/\/www.slovklima.sk\/wp-content\/uploads\/2026\/02\/Klimatizacia-AUX-Q-smart-430x182.jpg 430w, https:\/\/www.slovklima.sk\/wp-content\/uploads\/2026\/02\/Klimatizacia-AUX-Q-smart-700x296.jpg 700w, https:\/\/www.slovklima.sk\/wp-content\/uploads\/2026\/02\/Klimatizacia-AUX-Q-smart-150x63.jpg 150w, https:\/\/www.slovklima.sk\/wp-content\/uploads\/2026\/02\/Klimatizacia-AUX-Q-smart.jpg 1065w\" sizes=\"(max-width: 400px) 100vw, 400px\" \/>\t\t\t\t\t\t\t<\/a>\n\t\t\t\t\t\t<\/div>\n\t\t\t\t\t\t<div class=\"post-image-mask\">\n\t\t\t\t\t\t\t<span><\/span>\n\t\t\t\t\t\t<\/div>\n\t\t\t\t\t\t\t\t\t<\/figure>\n\t\t\t\n\t\t\t\t\t\t<div class=\"wd-post-date wd-style-with-bg\">\n\t\t\t\t<span class=\"post-date-day\">\n\t\t\t\t\t23\t\t\t\t<\/span>\n\t\t\t\t<span class=\"post-date-month\">\n\t\t\t\t\tfebr\t\t\t\t<\/span>\n\t\t\t<\/div>\n\t\t\t\t<\/header>\n\n\t\t<div class=\"article-body-container\">\n\t\t\t\t\t\t\t<div class=\"meta-categories-wrapp\">\n\t\t\t\t\t<div class=\"meta-post-categories wd-post-cat wd-style-with-bg\">\n\t\t\t\t\t\t<a href=\"https:\/\/www.slovklima.sk\/hu\/blog\/category\/legkondicionalas\/\" rel=\"category tag\">L\u00e9gkondicion\u00e1l\u00e1s<\/a>\t\t\t\t\t<\/div>\n\t\t\t\t<\/div>\n\t\t\t\n\t\t\t\t\t\t\t<h3 class=\"wd-entities-title title post-title\">\n\t\t\t\t\t<a href=\"https:\/\/www.slovklima.sk\/hu\/blog\/aux-q-smart-klimaberendezes-modern-technologiak-a-maximalis-hatekonysagert\/\" rel=\"bookmark\">AUX Q-SMART kl\u00edmaberendez\u00e9s: modern technol\u00f3gi\u00e1k a maxim\u00e1lis hat\u00e9konys\u00e1g\u00e9rt<\/a>\n\t\t\t\t<\/h3>\n\t\t\t\n\t\t\t\t\t\t\t<div class=\"entry-meta wd-entry-meta\">\n\t\t\t\t\t\t\t\t<ul class=\"entry-meta-list\">\n\t\t\t\t\t\t\t\t\t<li class=\"modified-date\">\n\t\t\t\t\t\t\t\t<time class=\"updated\" datetime=\"2026-02-02T15:23:30+01:00\">\n\t\t\t2. febru\u00e1r 2026\t\t<\/time>\n\t\t\t\t\t\t\t<\/li>\n\n\t\t\t\t\t\n\t\t\t\t\t\t\t\t\t\t\t<li class=\"meta-author\">\n\t\t\t\t\t\t\t\t\t\t\t\t<span>Szerz\u0151:<\/span>\n\t\t\n\t\t\t\t\t<img alt='author-avatar' src='https:\/\/secure.gravatar.com\/avatar\/b022cc3ca0fc64964f410b12966d5772a852c461ebad9ff60247ddab8bafe8db?s=32&#038;d=mm&#038;r=g' srcset='https:\/\/secure.gravatar.com\/avatar\/b022cc3ca0fc64964f410b12966d5772a852c461ebad9ff60247ddab8bafe8db?s=64&#038;d=mm&#038;r=g 2x' class='avatar avatar-32 photo' height='32' width='32' \/>\t\t\n\t\t<a href=\"https:\/\/www.slovklima.sk\/hu\/blog\/author\/terlanda-peter\/\" class=\"author\" rel=\"author\">terlanda.peter<\/a>\n\t\t\t\t\t\t\t\t<\/li>\n\t\t\t\t\t\n\t\t\t\t\t\n\t\t\t\t\t\t\t\t\t\t\t\t<\/ul>\n\t\t\t\t\t\t<\/div>\n\t\t\t\t\t\t\t\n\t\t\t\t\t\t\t\t\t\t\t\t<div class=\"entry-content wd-post-desc\">\n\t\t\t\t\t\tAz AUX Q-SMART kl\u00edmaberendez\u00e9s a korszer\u0171 oldalfali egys\u00e9gek k\u00f6z\u00e9 tartozik. Energiatakar\u00e9kos m\u0171k\u00f6d\u00e9s...\t\t\t\t\t<\/div>\n\t\t\t\t\n\t\t\t\t\t\t\t\t\t\t\t\t\t\t<p class=\"read-more-section\">\n\t\t\t\t\t\t<a class=\"btn-read-more more-link\" href=\"https:\/\/www.slovklima.sk\/hu\/blog\/aux-q-smart-klimaberendezes-modern-technologiak-a-maximalis-hatekonysagert\/\">Folytatom az olvas\u00e1st<\/a>\t\t\t\t\t<\/p>\n\t\t\t\t\t\t\t\t\t\t\t\t\t<\/div>\n\t<\/div>\n<\/article>\n\n\n<article id=\"post-19040\" class=\"wd-post blog-design-chess blog-post-loop blog-design-small-images blog-style-bg wd-add-shadow wd-col post-19040 post type-post status-publish format-standard has-post-thumbnail hentry category-levegokezeles\">\n\t<div class=\"article-inner\">\n\t\t<header class=\"entry-header\">\n\t\t\t\t\t\t\t<figure class=\"entry-thumbnail\">\n\t\t\t\t\t\t\t\t\t\t\t<div class=\"post-img-wrapp\">\n\t\t\t\t\t\t\t<a href=\"https:\/\/www.slovklima.sk\/hu\/blog\/legfuggonyok-hogyan-mukodnek-es-miert-eri-meg-hasznalni-oket\/\">\n\t\t\t\t\t\t\t\t<img decoding=\"async\" width=\"400\" height=\"168\" src=\"https:\/\/www.slovklima.sk\/wp-content\/uploads\/2025\/11\/image-15-400x168.png\" class=\"attachment-medium size-medium\" alt=\"L\u00e9gf\u00fcgg\u00f6ny\u00f6k\" srcset=\"https:\/\/www.slovklima.sk\/wp-content\/uploads\/2025\/11\/image-15-400x168.png 400w, https:\/\/www.slovklima.sk\/wp-content\/uploads\/2025\/11\/image-15-430x181.png 430w, https:\/\/www.slovklima.sk\/wp-content\/uploads\/2025\/11\/image-15-150x63.png 150w, https:\/\/www.slovklima.sk\/wp-content\/uploads\/2025\/11\/image-15.png 601w\" sizes=\"(max-width: 400px) 100vw, 400px\" \/>\t\t\t\t\t\t\t<\/a>\n\t\t\t\t\t\t<\/div>\n\t\t\t\t\t\t<div class=\"post-image-mask\">\n\t\t\t\t\t\t\t<span><\/span>\n\t\t\t\t\t\t<\/div>\n\t\t\t\t\t\t\t\t\t<\/figure>\n\t\t\t\n\t\t\t\t\t\t<div class=\"wd-post-date wd-style-with-bg\">\n\t\t\t\t<span class=\"post-date-day\">\n\t\t\t\t\t13\t\t\t\t<\/span>\n\t\t\t\t<span class=\"post-date-month\">\n\t\t\t\t\tfebr\t\t\t\t<\/span>\n\t\t\t<\/div>\n\t\t\t\t<\/header>\n\n\t\t<div class=\"article-body-container\">\n\t\t\t\t\t\t\t<div class=\"meta-categories-wrapp\">\n\t\t\t\t\t<div class=\"meta-post-categories wd-post-cat wd-style-with-bg\">\n\t\t\t\t\t\t<a href=\"https:\/\/www.slovklima.sk\/hu\/blog\/category\/levegokezeles\/\" rel=\"category tag\">Leveg\u0151kezel\u00e9s<\/a>\t\t\t\t\t<\/div>\n\t\t\t\t<\/div>\n\t\t\t\n\t\t\t\t\t\t\t<h3 class=\"wd-entities-title title post-title\">\n\t\t\t\t\t<a href=\"https:\/\/www.slovklima.sk\/hu\/blog\/legfuggonyok-hogyan-mukodnek-es-miert-eri-meg-hasznalni-oket\/\" rel=\"bookmark\">L\u00e9gf\u00fcgg\u00f6ny\u00f6k: Hogyan m\u0171k\u00f6dnek, \u00e9s mi\u00e9rt \u00e9ri meg haszn\u00e1lni \u0151ket?<\/a>\n\t\t\t\t<\/h3>\n\t\t\t\n\t\t\t\t\t\t\t<div class=\"entry-meta wd-entry-meta\">\n\t\t\t\t\t\t\t\t<ul class=\"entry-meta-list\">\n\t\t\t\t\t\t\t\t\t<li class=\"modified-date\">\n\t\t\t\t\t\t\t\t<time class=\"updated\" datetime=\"2026-01-21T10:03:28+01:00\">\n\t\t\t21. janu\u00e1r 2026\t\t<\/time>\n\t\t\t\t\t\t\t<\/li>\n\n\t\t\t\t\t\n\t\t\t\t\t\t\t\t\t\t\t<li class=\"meta-author\">\n\t\t\t\t\t\t\t\t\t\t\t\t<span>Szerz\u0151:<\/span>\n\t\t\n\t\t\t\t\t<img alt='author-avatar' src='https:\/\/secure.gravatar.com\/avatar\/b022cc3ca0fc64964f410b12966d5772a852c461ebad9ff60247ddab8bafe8db?s=32&#038;d=mm&#038;r=g' srcset='https:\/\/secure.gravatar.com\/avatar\/b022cc3ca0fc64964f410b12966d5772a852c461ebad9ff60247ddab8bafe8db?s=64&#038;d=mm&#038;r=g 2x' class='avatar avatar-32 photo' height='32' width='32' \/>\t\t\n\t\t<a href=\"https:\/\/www.slovklima.sk\/hu\/blog\/author\/terlanda-peter\/\" class=\"author\" rel=\"author\">terlanda.peter<\/a>\n\t\t\t\t\t\t\t\t<\/li>\n\t\t\t\t\t\n\t\t\t\t\t\n\t\t\t\t\t\t\t\t\t\t\t\t<\/ul>\n\t\t\t\t\t\t<\/div>\n\t\t\t\t\t\t\t\n\t\t\t\t\t\t\t\t\t\t\t\t<div class=\"entry-content wd-post-desc\">\n\t\t\t\t\t\tA nyitott ajt\u00f3k nem felt\u00e9tlen\u00fcl jelentenek huzatot vagy felesleges h\u0151vesztes\u00e9get. A l\u00e9gf\u00fcgg\u00f6ny\u00f6k l\u00e1t...\t\t\t\t\t<\/div>\n\t\t\t\t\n\t\t\t\t\t\t\t\t\t\t\t\t\t\t<p class=\"read-more-section\">\n\t\t\t\t\t\t<a class=\"btn-read-more more-link\" href=\"https:\/\/www.slovklima.sk\/hu\/blog\/legfuggonyok-hogyan-mukodnek-es-miert-eri-meg-hasznalni-oket\/\">Folytatom az olvas\u00e1st<\/a>\t\t\t\t\t<\/p>\n\t\t\t\t\t\t\t\t\t\t\t\t\t<\/div>\n\t<\/div>\n<\/article>\n\n\n<article id=\"post-19034\" class=\"wd-post blog-design-chess blog-post-loop blog-design-small-images blog-style-bg wd-add-shadow wd-col post-19034 post type-post status-publish format-standard has-post-thumbnail hentry category-futes\">\n\t<div class=\"article-inner\">\n\t\t<header class=\"entry-header\">\n\t\t\t\t\t\t\t<figure class=\"entry-thumbnail\">\n\t\t\t\t\t\t\t\t\t\t\t<div class=\"post-img-wrapp\">\n\t\t\t\t\t\t\t<a href=\"https:\/\/www.slovklima.sk\/hu\/blog\/hoszivattyu-vs-gazkazan-melyik-megoldas-energiahatekonyabb\/\">\n\t\t\t\t\t\t\t\t<img decoding=\"async\" width=\"400\" height=\"168\" src=\"https:\/\/www.slovklima.sk\/wp-content\/uploads\/2025\/11\/image-13-400x168.png\" class=\"attachment-medium size-medium\" alt=\"H\u0151szivatty\u00fa vs. g\u00e1zkaz\u00e1n\" srcset=\"https:\/\/www.slovklima.sk\/wp-content\/uploads\/2025\/11\/image-13-400x168.png 400w, https:\/\/www.slovklima.sk\/wp-content\/uploads\/2025\/11\/image-13-430x181.png 430w, https:\/\/www.slovklima.sk\/wp-content\/uploads\/2025\/11\/image-13-150x63.png 150w, https:\/\/www.slovklima.sk\/wp-content\/uploads\/2025\/11\/image-13.png 601w\" sizes=\"(max-width: 400px) 100vw, 400px\" \/>\t\t\t\t\t\t\t<\/a>\n\t\t\t\t\t\t<\/div>\n\t\t\t\t\t\t<div class=\"post-image-mask\">\n\t\t\t\t\t\t\t<span><\/span>\n\t\t\t\t\t\t<\/div>\n\t\t\t\t\t\t\t\t\t<\/figure>\n\t\t\t\n\t\t\t\t\t\t<div class=\"wd-post-date wd-style-with-bg\">\n\t\t\t\t<span class=\"post-date-day\">\n\t\t\t\t\t02\t\t\t\t<\/span>\n\t\t\t\t<span class=\"post-date-month\">\n\t\t\t\t\tfebr\t\t\t\t<\/span>\n\t\t\t<\/div>\n\t\t\t\t<\/header>\n\n\t\t<div class=\"article-body-container\">\n\t\t\t\t\t\t\t<div class=\"meta-categories-wrapp\">\n\t\t\t\t\t<div class=\"meta-post-categories wd-post-cat wd-style-with-bg\">\n\t\t\t\t\t\t<a href=\"https:\/\/www.slovklima.sk\/hu\/blog\/category\/futes\/\" rel=\"category tag\">F\u0171t\u00e9s<\/a>\t\t\t\t\t<\/div>\n\t\t\t\t<\/div>\n\t\t\t\n\t\t\t\t\t\t\t<h3 class=\"wd-entities-title title post-title\">\n\t\t\t\t\t<a href=\"https:\/\/www.slovklima.sk\/hu\/blog\/hoszivattyu-vs-gazkazan-melyik-megoldas-energiahatekonyabb\/\" rel=\"bookmark\">H\u0151szivatty\u00fa vs. g\u00e1zkaz\u00e1n: Melyik megold\u00e1s energiahat\u00e9konyabb?<\/a>\n\t\t\t\t<\/h3>\n\t\t\t\n\t\t\t\t\t\t\t<div class=\"entry-meta wd-entry-meta\">\n\t\t\t\t\t\t\t\t<ul class=\"entry-meta-list\">\n\t\t\t\t\t\t\t\t\t<li class=\"modified-date\">\n\t\t\t\t\t\t\t\t<time class=\"updated\" datetime=\"2026-01-21T10:03:28+01:00\">\n\t\t\t21. janu\u00e1r 2026\t\t<\/time>\n\t\t\t\t\t\t\t<\/li>\n\n\t\t\t\t\t\n\t\t\t\t\t\t\t\t\t\t\t<li class=\"meta-author\">\n\t\t\t\t\t\t\t\t\t\t\t\t<span>Szerz\u0151:<\/span>\n\t\t\n\t\t\t\t\t<img alt='author-avatar' src='https:\/\/secure.gravatar.com\/avatar\/b022cc3ca0fc64964f410b12966d5772a852c461ebad9ff60247ddab8bafe8db?s=32&#038;d=mm&#038;r=g' srcset='https:\/\/secure.gravatar.com\/avatar\/b022cc3ca0fc64964f410b12966d5772a852c461ebad9ff60247ddab8bafe8db?s=64&#038;d=mm&#038;r=g 2x' class='avatar avatar-32 photo' height='32' width='32' \/>\t\t\n\t\t<a href=\"https:\/\/www.slovklima.sk\/hu\/blog\/author\/terlanda-peter\/\" class=\"author\" rel=\"author\">terlanda.peter<\/a>\n\t\t\t\t\t\t\t\t<\/li>\n\t\t\t\t\t\n\t\t\t\t\t\n\t\t\t\t\t\t\t\t\t\t\t\t<\/ul>\n\t\t\t\t\t\t<\/div>\n\t\t\t\t\t\t\t\n\t\t\t\t\t\t\t\t\t\t\t\t<div class=\"entry-content wd-post-desc\">\n\t\t\t\t\t\tAz energia\u00e1rak emelked\u00e9se \u00e9s a fogyaszt\u00e1s cs\u00f6kkent\u00e9s\u00e9re ir\u00e1nyul\u00f3 nyom\u00e1s arra k\u00e9nyszer\u00edti a h\u00e1ztart\u00e1s...\t\t\t\t\t<\/div>\n\t\t\t\t\n\t\t\t\t\t\t\t\t\t\t\t\t\t\t<p class=\"read-more-section\">\n\t\t\t\t\t\t<a class=\"btn-read-more more-link\" href=\"https:\/\/www.slovklima.sk\/hu\/blog\/hoszivattyu-vs-gazkazan-melyik-megoldas-energiahatekonyabb\/\">Folytatom az olvas\u00e1st<\/a>\t\t\t\t\t<\/p>\n\t\t\t\t\t\t\t\t\t\t\t\t\t<\/div>\n\t<\/div>\n<\/article>\n\n<\/div>\t\t\t    \t<div class=\"wd-loop-footer blog-footer\">\n\t\t\t    \t\t\t\t\t    \t\t\t<nav class=\"wd-pagination\"><ul><li><span class=\"current page-numbers\">1<\/span><\/li><li><a href=\"https:\/\/www.slovklima.sk\/hu\/wp-json\/wp\/v2\/pages\/11390\/page\/2\/\" class=\"page-numbers\" >2<\/a><\/li><li><a href=\"https:\/\/www.slovklima.sk\/hu\/wp-json\/wp\/v2\/pages\/11390\/page\/3\/\" class=\"page-numbers\" >3<\/a><\/li><li><a href=\"https:\/\/www.slovklima.sk\/hu\/wp-json\/wp\/v2\/pages\/11390\/page\/2\/\" class=\"page-numbers\">&rsaquo;<\/a><\/li><li><a href=\"https:\/\/www.slovklima.sk\/hu\/wp-json\/wp\/v2\/pages\/11390\/page\/12\/\" class=\"page-numbers\">&raquo;<\/a><\/li><\/ul><\/nav>\t\t\t    \t\t\t\t\t    \t<\/div>\n\t\t\t    <\/div>[\/vc_column][\/vc_row]<\/p>\n<\/section>","protected":false},"excerpt":{"rendered":"<p>[vc_row][vc_column][\/vc_column][\/vc_row]<\/p>\n","protected":false},"author":1,"featured_media":0,"parent":0,"menu_order":0,"comment_status":"closed","ping_status":"closed","template":"","meta":{"footnotes":""},"class_list":["post-11390","page","type-page","status-publish","hentry"],"yoast_head":"<!-- This site is optimized with the Yoast SEO plugin v24.3 - https:\/\/yoast.com\/wordpress\/plugins\/seo\/ -->\n<title>Blog | SLOVKLIMA DEIMOS group, s.r.o.<\/title>\n<meta name=\"description\" content=\"\u00dcdv\u00f6z\u00f6lj\u00fck blogunkon, ahol sz\u00e1mos \u00e9rdekes cikket tal\u00e1l a l\u00e9gkondicion\u00e1l\u00f3kkal, h\u0151szivatty\u00fakkal \u00e9s a professzion\u00e1lis h\u0171t\u00e9ssel kapcsolatban.\" \/>\n<meta name=\"robots\" content=\"index, follow, max-snippet:-1, max-image-preview:large, max-video-preview:-1\" \/>\n<link rel=\"canonical\" href=\"https:\/\/www.slovklima.sk\/blog\/\" \/>\n<meta property=\"og:locale\" content=\"hu_HU\" \/>\n<meta property=\"og:type\" content=\"article\" \/>\n<meta property=\"og:title\" content=\"Blog | SLOVKLIMA DEIMOS group, s.r.o.\" \/>\n<meta property=\"og:description\" content=\"\u00dcdv\u00f6z\u00f6lj\u00fck blogunkon, ahol sz\u00e1mos \u00e9rdekes cikket tal\u00e1l a l\u00e9gkondicion\u00e1l\u00f3kkal, h\u0151szivatty\u00fakkal \u00e9s a professzion\u00e1lis h\u0171t\u00e9ssel kapcsolatban.\" \/>\n<meta property=\"og:url\" content=\"https:\/\/www.slovklima.sk\/blog\/\" \/>\n<meta property=\"og:site_name\" content=\"SLOVKLIMA DEIMOS group, s.r.o.\" \/>\n<meta property=\"article:modified_time\" content=\"2026-04-21T08:15:41+00:00\" \/>\n<meta property=\"og:image\" content=\"https:\/\/www.slovklima.sk\/wp-content\/uploads\/2025\/03\/slovklima-logo-sk.jpg\" \/>\n\t<meta property=\"og:image:width\" content=\"500\" \/>\n\t<meta property=\"og:image:height\" content=\"230\" \/>\n\t<meta property=\"og:image:type\" content=\"image\/jpeg\" \/>\n<meta name=\"twitter:card\" content=\"summary_large_image\" \/>\n<meta name=\"twitter:label1\" content=\"Becs\u00fclt olvas\u00e1si id\u0151\" \/>\n\t<meta name=\"twitter:data1\" content=\"1 perc\" \/>\n<script type=\"application\/ld+json\" class=\"yoast-schema-graph\">{\"@context\":\"https:\/\/schema.org\",\"@graph\":[{\"@type\":\"WebPage\",\"@id\":\"https:\/\/www.slovklima.sk\/blog\/\",\"url\":\"https:\/\/www.slovklima.sk\/blog\/\",\"name\":\"Blog | SLOVKLIMA DEIMOS group, s.r.o.\",\"isPartOf\":{\"@id\":\"https:\/\/www.slovklima.sk\/#website\"},\"datePublished\":\"2017-06-14T11:43:21+00:00\",\"dateModified\":\"2026-04-21T08:15:41+00:00\",\"description\":\"\u00dcdv\u00f6z\u00f6lj\u00fck blogunkon, ahol sz\u00e1mos \u00e9rdekes cikket tal\u00e1l a l\u00e9gkondicion\u00e1l\u00f3kkal, h\u0151szivatty\u00fakkal \u00e9s a professzion\u00e1lis h\u0171t\u00e9ssel kapcsolatban.\",\"breadcrumb\":{\"@id\":\"https:\/\/www.slovklima.sk\/blog\/#breadcrumb\"},\"inLanguage\":\"hu\",\"potentialAction\":[{\"@type\":\"ReadAction\",\"target\":[\"https:\/\/www.slovklima.sk\/blog\/\"]}]},{\"@type\":\"BreadcrumbList\",\"@id\":\"https:\/\/www.slovklima.sk\/blog\/#breadcrumb\",\"itemListElement\":[{\"@type\":\"ListItem\",\"position\":1,\"name\":\"Domovsk\u00e1 str\u00e1nka\",\"item\":\"https:\/\/www.slovklima.sk\/hu\/\"},{\"@type\":\"ListItem\",\"position\":2,\"name\":\"Blog\"}]},{\"@type\":\"WebSite\",\"@id\":\"https:\/\/www.slovklima.sk\/#website\",\"url\":\"https:\/\/www.slovklima.sk\/\",\"name\":\"SLOVKLIMA DEIMOS group, s.r.o.\",\"description\":\"\",\"publisher\":{\"@id\":\"https:\/\/www.slovklima.sk\/#organization\"},\"alternateName\":\"SLOVKLIMA\",\"potentialAction\":[{\"@type\":\"SearchAction\",\"target\":{\"@type\":\"EntryPoint\",\"urlTemplate\":\"https:\/\/www.slovklima.sk\/?s={search_term_string}\"},\"query-input\":{\"@type\":\"PropertyValueSpecification\",\"valueRequired\":true,\"valueName\":\"search_term_string\"}}],\"inLanguage\":\"hu\"},{\"@type\":\"Organization\",\"@id\":\"https:\/\/www.slovklima.sk\/#organization\",\"name\":\"SLOVKLIMA DEIMOS group, s.r.o.\",\"alternateName\":\"SLOVKLIMA\",\"url\":\"https:\/\/www.slovklima.sk\/\",\"logo\":{\"@type\":\"ImageObject\",\"inLanguage\":\"hu\",\"@id\":\"https:\/\/www.slovklima.sk\/#\/schema\/logo\/image\/\",\"url\":\"https:\/\/www.slovklima.sk\/wp-content\/uploads\/2022\/12\/slovklima-logo-black.svg\",\"contentUrl\":\"https:\/\/www.slovklima.sk\/wp-content\/uploads\/2022\/12\/slovklima-logo-black.svg\",\"width\":3218,\"height\":698,\"caption\":\"SLOVKLIMA DEIMOS group, s.r.o.\"},\"image\":{\"@id\":\"https:\/\/www.slovklima.sk\/#\/schema\/logo\/image\/\"}}]}<\/script>\n<!-- \/ Yoast SEO plugin. -->","yoast_head_json":{"title":"Blog | SLOVKLIMA DEIMOS group, s.r.o.","description":"\u00dcdv\u00f6z\u00f6lj\u00fck blogunkon, ahol sz\u00e1mos \u00e9rdekes cikket tal\u00e1l a l\u00e9gkondicion\u00e1l\u00f3kkal, h\u0151szivatty\u00fakkal \u00e9s a professzion\u00e1lis h\u0171t\u00e9ssel kapcsolatban.","robots":{"index":"index","follow":"follow","max-snippet":"max-snippet:-1","max-image-preview":"max-image-preview:large","max-video-preview":"max-video-preview:-1"},"canonical":"https:\/\/www.slovklima.sk\/blog\/","og_locale":"hu_HU","og_type":"article","og_title":"Blog | SLOVKLIMA DEIMOS group, s.r.o.","og_description":"\u00dcdv\u00f6z\u00f6lj\u00fck blogunkon, ahol sz\u00e1mos \u00e9rdekes cikket tal\u00e1l a l\u00e9gkondicion\u00e1l\u00f3kkal, h\u0151szivatty\u00fakkal \u00e9s a professzion\u00e1lis h\u0171t\u00e9ssel kapcsolatban.","og_url":"https:\/\/www.slovklima.sk\/blog\/","og_site_name":"SLOVKLIMA DEIMOS group, s.r.o.","article_modified_time":"2026-04-21T08:15:41+00:00","og_image":[{"width":500,"height":230,"url":"https:\/\/www.slovklima.sk\/wp-content\/uploads\/2025\/03\/slovklima-logo-sk.jpg","type":"image\/jpeg"}],"twitter_card":"summary_large_image","twitter_misc":{"Becs\u00fclt olvas\u00e1si id\u0151":"1 perc"},"schema":{"@context":"https:\/\/schema.org","@graph":[{"@type":"WebPage","@id":"https:\/\/www.slovklima.sk\/blog\/","url":"https:\/\/www.slovklima.sk\/blog\/","name":"Blog | SLOVKLIMA DEIMOS group, s.r.o.","isPartOf":{"@id":"https:\/\/www.slovklima.sk\/#website"},"datePublished":"2017-06-14T11:43:21+00:00","dateModified":"2026-04-21T08:15:41+00:00","description":"\u00dcdv\u00f6z\u00f6lj\u00fck blogunkon, ahol sz\u00e1mos \u00e9rdekes cikket tal\u00e1l a l\u00e9gkondicion\u00e1l\u00f3kkal, h\u0151szivatty\u00fakkal \u00e9s a professzion\u00e1lis h\u0171t\u00e9ssel kapcsolatban.","breadcrumb":{"@id":"https:\/\/www.slovklima.sk\/blog\/#breadcrumb"},"inLanguage":"hu","potentialAction":[{"@type":"ReadAction","target":["https:\/\/www.slovklima.sk\/blog\/"]}]},{"@type":"BreadcrumbList","@id":"https:\/\/www.slovklima.sk\/blog\/#breadcrumb","itemListElement":[{"@type":"ListItem","position":1,"name":"Domovsk\u00e1 str\u00e1nka","item":"https:\/\/www.slovklima.sk\/hu\/"},{"@type":"ListItem","position":2,"name":"Blog"}]},{"@type":"WebSite","@id":"https:\/\/www.slovklima.sk\/#website","url":"https:\/\/www.slovklima.sk\/","name":"SLOVKLIMA DEIMOS group, s.r.o.","description":"","publisher":{"@id":"https:\/\/www.slovklima.sk\/#organization"},"alternateName":"SLOVKLIMA","potentialAction":[{"@type":"SearchAction","target":{"@type":"EntryPoint","urlTemplate":"https:\/\/www.slovklima.sk\/?s={search_term_string}"},"query-input":{"@type":"PropertyValueSpecification","valueRequired":true,"valueName":"search_term_string"}}],"inLanguage":"hu"},{"@type":"Organization","@id":"https:\/\/www.slovklima.sk\/#organization","name":"SLOVKLIMA DEIMOS group, s.r.o.","alternateName":"SLOVKLIMA","url":"https:\/\/www.slovklima.sk\/","logo":{"@type":"ImageObject","inLanguage":"hu","@id":"https:\/\/www.slovklima.sk\/#\/schema\/logo\/image\/","url":"https:\/\/www.slovklima.sk\/wp-content\/uploads\/2022\/12\/slovklima-logo-black.svg","contentUrl":"https:\/\/www.slovklima.sk\/wp-content\/uploads\/2022\/12\/slovklima-logo-black.svg","width":3218,"height":698,"caption":"SLOVKLIMA DEIMOS group, s.r.o."},"image":{"@id":"https:\/\/www.slovklima.sk\/#\/schema\/logo\/image\/"}}]}},"_links":{"self":[{"href":"https:\/\/www.slovklima.sk\/hu\/wp-json\/wp\/v2\/pages\/11390","targetHints":{"allow":["GET"]}}],"collection":[{"href":"https:\/\/www.slovklima.sk\/hu\/wp-json\/wp\/v2\/pages"}],"about":[{"href":"https:\/\/www.slovklima.sk\/hu\/wp-json\/wp\/v2\/types\/page"}],"author":[{"embeddable":true,"href":"https:\/\/www.slovklima.sk\/hu\/wp-json\/wp\/v2\/users\/1"}],"replies":[{"embeddable":true,"href":"https:\/\/www.slovklima.sk\/hu\/wp-json\/wp\/v2\/comments?post=11390"}],"version-history":[{"count":2,"href":"https:\/\/www.slovklima.sk\/hu\/wp-json\/wp\/v2\/pages\/11390\/revisions"}],"predecessor-version":[{"id":20820,"href":"https:\/\/www.slovklima.sk\/hu\/wp-json\/wp\/v2\/pages\/11390\/revisions\/20820"}],"wp:attachment":[{"href":"https:\/\/www.slovklima.sk\/hu\/wp-json\/wp\/v2\/media?parent=11390"}],"curies":[{"name":"wp","href":"https:\/\/api.w.org\/{rel}","templated":true}]}}